{"id":7934,"date":"2023-07-10T16:53:45","date_gmt":"2023-07-10T14:53:45","guid":{"rendered":"https:\/\/www.campinglesoleildor.com\/camping-medoc\/"},"modified":"2024-04-25T17:21:16","modified_gmt":"2024-04-25T15:21:16","slug":"campeggio-medoc","status":"publish","type":"page","link":"https:\/\/www.campinglesoleildor.com\/it\/campeggio-medoc\/","title":{"rendered":"MEDOC"},"content":{"rendered":"<div id=\"reassurance\">\n\n\t<div class=\"avantages\"><div class=\"bloc bloc-icon\"><img decoding=\"async\" src=\"https:\/\/www.campinglesoleildor.com\/wp-content\/uploads\/2024\/04\/camping-plage-2.png\" alt=\"\" \/><p>Accesso diretto<br>alla spiaggia<\/p><\/div><div class=\"bloc bloc-icon\"><img decoding=\"async\" src=\"https:\/\/www.campinglesoleildor.com\/wp-content\/uploads\/2024\/04\/camping-environnement-2.png\" alt=\"\" \/><p>Ambiente<\/p><\/div><div class=\"bloc bloc-icon\"><img decoding=\"async\" src=\"https:\/\/www.campinglesoleildor.com\/wp-content\/uploads\/2024\/04\/logements-equipes-2.png\" alt=\"\" \/><p>Alloggi<br>attrezzati<\/p><\/div><div class=\"bloc bloc-icon\"><img decoding=\"async\" src=\"https:\/\/www.campinglesoleildor.com\/wp-content\/uploads\/2024\/04\/personnel-accueillant-2.png\" alt=\"\" \/><p>Personale<br>gentile<\/p><\/div><div class=\"bloc bloc-icon\"><img decoding=\"async\" src=\"https:\/\/www.campinglesoleildor.com\/wp-content\/uploads\/2024\/04\/camping-recommande-2.png\" alt=\"\" \/><p>Campeggio<br>consigliato<\/p><\/div><\/div>\t\n<\/div>\n\n<div class=\"hebergement-home\"><H2>Alloggi e piazzole nel M\u00e9doc<\/H2><div class=\"glider-contain glider-contain-hebergements\"><div class=\"hebergements glider\" id=\"glider-hebergements\"><a class=\"hebergement hebergement--init hebergement--style-1 hebergement_link \"id=\"8245\" href=\"https:\/\/www.campinglesoleildor.com\/it\/hebergements\/mobil-home-premium-2-chambres-mercredi\/\"><div class=\"hebergement_image img-overlay\"><img decoding=\"async\" src=\"https:\/\/www.campinglesoleildor.com\/wp-content\/uploads\/2023\/07\/MH-107-DJI_20240918103548_0813_D-R-BD-700x525.jpg\" alt=\"\" class=\"heberg_image\" srcset=\"https:\/\/www.campinglesoleildor.com\/wp-content\/uploads\/2023\/07\/MH-107-DJI_20240918103548_0813_D-R-BD.jpg 2048w, https:\/\/www.campinglesoleildor.com\/wp-content\/uploads\/2023\/07\/MH-107-DJI_20240918103548_0813_D-R-BD-300x200.jpg 300w, https:\/\/www.campinglesoleildor.com\/wp-content\/uploads\/2023\/07\/MH-107-DJI_20240918103548_0813_D-R-BD-1024x683.jpg 1024w, https:\/\/www.campinglesoleildor.com\/wp-content\/uploads\/2023\/07\/MH-107-DJI_20240918103548_0813_D-R-BD-768x512.jpg 768w, https:\/\/www.campinglesoleildor.com\/wp-content\/uploads\/2023\/07\/MH-107-DJI_20240918103548_0813_D-R-BD-1536x1024.jpg 1536w, https:\/\/www.campinglesoleildor.com\/wp-content\/uploads\/2023\/07\/MH-107-DJI_20240918103548_0813_D-R-BD-100x67.jpg 100w\"\/><\/div><div class=\"hebergement_content\"><div class=\"hebergement_titre hebergement_titre decoration\">Casa Mobile Premium &#8211; 2 camere da letto &#8211; Mercoled\u00ec<\/div><div class=\"hebergement_infos\"><div class=\"hebergement_info\"><img decoding=\"async\" src=\"https:\/\/www.campinglesoleildor.com\/wp-content\/themes\/Nature%26Residence\/images\/superficie.png\" class=\"no-lazy\" alt=\"superficie Casa Mobile Premium &#8211; 2 camere da letto &#8211; Mercoled\u00ec\" \/>33m2<\/div><div class=\"hebergement_info\"><img decoding=\"async\" src=\"https:\/\/www.campinglesoleildor.com\/wp-content\/themes\/Nature%26Residence\/images\/capacite.png\" class=\"no-lazy\" alt=\"capacit\u00e9 Casa Mobile Premium &#8211; 2 camere da letto &#8211; Mercoled\u00ec\" \/>4 pers<\/div><div class=\"hebergement_info\"><img decoding=\"async\" src=\"https:\/\/www.campinglesoleildor.com\/wp-content\/themes\/Nature%26Residence\/images\/chambres.png\" class=\"no-lazy\" alt=\"chambres Casa Mobile Premium &#8211; 2 camere da letto &#8211; Mercoled\u00ec\" \/>2 camere da letto<\/div><\/div><\/div><\/a><a class=\"hebergement hebergement--init hebergement--style-1 hebergement_link \"id=\"8244\" href=\"https:\/\/www.campinglesoleildor.com\/it\/hebergements\/mobil-home-grand-confort-2-chambres-mercredi\/\"><div class=\"hebergement_image img-overlay\"><img decoding=\"async\" src=\"https:\/\/www.campinglesoleildor.com\/wp-content\/uploads\/2023\/07\/MH-64-DJI_20240917152715_0559_D-R-BD-700x525.jpg\" alt=\"\" class=\"heberg_image\" srcset=\"https:\/\/www.campinglesoleildor.com\/wp-content\/uploads\/2023\/07\/MH-64-DJI_20240917152715_0559_D-R-BD.jpg 2048w, https:\/\/www.campinglesoleildor.com\/wp-content\/uploads\/2023\/07\/MH-64-DJI_20240917152715_0559_D-R-BD-300x200.jpg 300w, https:\/\/www.campinglesoleildor.com\/wp-content\/uploads\/2023\/07\/MH-64-DJI_20240917152715_0559_D-R-BD-1024x683.jpg 1024w, https:\/\/www.campinglesoleildor.com\/wp-content\/uploads\/2023\/07\/MH-64-DJI_20240917152715_0559_D-R-BD-768x512.jpg 768w, https:\/\/www.campinglesoleildor.com\/wp-content\/uploads\/2023\/07\/MH-64-DJI_20240917152715_0559_D-R-BD-1536x1024.jpg 1536w, https:\/\/www.campinglesoleildor.com\/wp-content\/uploads\/2023\/07\/MH-64-DJI_20240917152715_0559_D-R-BD-100x67.jpg 100w\"\/><\/div><div class=\"hebergement_content\"><div class=\"hebergement_titre hebergement_titre decoration\">Casa Mobile Grand Confort &#8211; 2 camere da letto &#8211; Mercoled\u00ec<\/div><div class=\"hebergement_infos\"><div class=\"hebergement_info\"><img decoding=\"async\" src=\"https:\/\/www.campinglesoleildor.com\/wp-content\/themes\/Nature%26Residence\/images\/superficie.png\" class=\"no-lazy\" alt=\"superficie Casa Mobile Grand Confort &#8211; 2 camere da letto &#8211; Mercoled\u00ec\" \/>27.5m2<\/div><div class=\"hebergement_info\"><img decoding=\"async\" src=\"https:\/\/www.campinglesoleildor.com\/wp-content\/themes\/Nature%26Residence\/images\/capacite.png\" class=\"no-lazy\" alt=\"capacit\u00e9 Casa Mobile Grand Confort &#8211; 2 camere da letto &#8211; Mercoled\u00ec\" \/>4 pers<\/div><div class=\"hebergement_info\"><img decoding=\"async\" src=\"https:\/\/www.campinglesoleildor.com\/wp-content\/themes\/Nature%26Residence\/images\/chambres.png\" class=\"no-lazy\" alt=\"chambres Casa Mobile Grand Confort &#8211; 2 camere da letto &#8211; Mercoled\u00ec\" \/>2 camere da letto<\/div><\/div><\/div><\/a><a class=\"hebergement hebergement--init hebergement--style-1 hebergement_link \"id=\"8243\" href=\"https:\/\/www.campinglesoleildor.com\/it\/hebergements\/lodge-1-chambre-vue-ocean-dimanche\/\"><div class=\"hebergement_image img-overlay\"><img decoding=\"async\" src=\"https:\/\/www.campinglesoleildor.com\/wp-content\/uploads\/2023\/02\/lodge-1ch-sam-ext2-W-700x525.jpg\" alt=\"\" class=\"heberg_image\" srcset=\"https:\/\/www.campinglesoleildor.com\/wp-content\/uploads\/2023\/02\/lodge-1ch-sam-ext2-W.jpg 1800w, https:\/\/www.campinglesoleildor.com\/wp-content\/uploads\/2023\/02\/lodge-1ch-sam-ext2-W-300x225.jpg 300w, https:\/\/www.campinglesoleildor.com\/wp-content\/uploads\/2023\/02\/lodge-1ch-sam-ext2-W-1024x768.jpg 1024w, https:\/\/www.campinglesoleildor.com\/wp-content\/uploads\/2023\/02\/lodge-1ch-sam-ext2-W-768x576.jpg 768w, https:\/\/www.campinglesoleildor.com\/wp-content\/uploads\/2023\/02\/lodge-1ch-sam-ext2-W-1536x1152.jpg 1536w, https:\/\/www.campinglesoleildor.com\/wp-content\/uploads\/2023\/02\/lodge-1ch-sam-ext2-W-100x75.jpg 100w, https:\/\/www.campinglesoleildor.com\/wp-content\/uploads\/2023\/02\/lodge-1ch-sam-ext2-W-700x525.jpg 700w, https:\/\/www.campinglesoleildor.com\/wp-content\/uploads\/2023\/02\/lodge-1ch-sam-ext2-W-438x329.jpg 438w\"\/><\/div><div class=\"hebergement_content\"><div class=\"hebergement_titre hebergement_titre decoration\">Lodge &#8211; 1 camera da letto &#8211; VISTA OCEANO &#8211; Domenica<\/div><div class=\"hebergement_infos\"><div class=\"hebergement_info\"><img decoding=\"async\" src=\"https:\/\/www.campinglesoleildor.com\/wp-content\/themes\/Nature%26Residence\/images\/superficie.png\" class=\"no-lazy\" alt=\"superficie Lodge &#8211; 1 camera da letto &#8211; VISTA OCEANO &#8211; Domenica\" \/>24m2<\/div><div class=\"hebergement_info\"><img decoding=\"async\" src=\"https:\/\/www.campinglesoleildor.com\/wp-content\/themes\/Nature%26Residence\/images\/capacite.png\" class=\"no-lazy\" alt=\"capacit\u00e9 Lodge &#8211; 1 camera da letto &#8211; VISTA OCEANO &#8211; Domenica\" \/>4 pers<\/div><div class=\"hebergement_info\"><img decoding=\"async\" src=\"https:\/\/www.campinglesoleildor.com\/wp-content\/themes\/Nature%26Residence\/images\/chambres.png\" class=\"no-lazy\" alt=\"chambres Lodge &#8211; 1 camera da letto &#8211; VISTA OCEANO &#8211; Domenica\" \/>1 camera da letto<\/div><\/div><\/div><\/a><a class=\"hebergement hebergement--init hebergement--style-1 hebergement_link \"id=\"8241\" href=\"https:\/\/www.campinglesoleildor.com\/it\/hebergements\/lodge-1-chambre-vue-ocean-samedi\/\"><div class=\"hebergement_image img-overlay\"><img decoding=\"async\" src=\"https:\/\/www.campinglesoleildor.com\/wp-content\/uploads\/2023\/04\/DJI_20240916143349_0274_D-R-BD-700x525.jpg\" alt=\"\" class=\"heberg_image\" srcset=\"https:\/\/www.campinglesoleildor.com\/wp-content\/uploads\/2023\/04\/DJI_20240916143349_0274_D-R-BD.jpg 2048w, https:\/\/www.campinglesoleildor.com\/wp-content\/uploads\/2023\/04\/DJI_20240916143349_0274_D-R-BD-300x200.jpg 300w, https:\/\/www.campinglesoleildor.com\/wp-content\/uploads\/2023\/04\/DJI_20240916143349_0274_D-R-BD-1024x683.jpg 1024w, https:\/\/www.campinglesoleildor.com\/wp-content\/uploads\/2023\/04\/DJI_20240916143349_0274_D-R-BD-768x512.jpg 768w, https:\/\/www.campinglesoleildor.com\/wp-content\/uploads\/2023\/04\/DJI_20240916143349_0274_D-R-BD-1536x1024.jpg 1536w, https:\/\/www.campinglesoleildor.com\/wp-content\/uploads\/2023\/04\/DJI_20240916143349_0274_D-R-BD-100x67.jpg 100w\"\/><\/div><div class=\"hebergement_content\"><div class=\"hebergement_titre hebergement_titre decoration\">Lodge &#8211; 1 camera da letto &#8211; VISTA OCEANO &#8211; Sabato<\/div><div class=\"hebergement_infos\"><div class=\"hebergement_info\"><img decoding=\"async\" src=\"https:\/\/www.campinglesoleildor.com\/wp-content\/themes\/Nature%26Residence\/images\/superficie.png\" class=\"no-lazy\" alt=\"superficie Lodge &#8211; 1 camera da letto &#8211; VISTA OCEANO &#8211; Sabato\" \/>24m2<\/div><div class=\"hebergement_info\"><img decoding=\"async\" src=\"https:\/\/www.campinglesoleildor.com\/wp-content\/themes\/Nature%26Residence\/images\/capacite.png\" class=\"no-lazy\" alt=\"capacit\u00e9 Lodge &#8211; 1 camera da letto &#8211; VISTA OCEANO &#8211; Sabato\" \/>4 pers<\/div><div class=\"hebergement_info\"><img decoding=\"async\" src=\"https:\/\/www.campinglesoleildor.com\/wp-content\/themes\/Nature%26Residence\/images\/chambres.png\" class=\"no-lazy\" alt=\"chambres Lodge &#8211; 1 camera da letto &#8211; VISTA OCEANO &#8211; Sabato\" \/>1 camera da letto<\/div><\/div><\/div><\/a><a class=\"hebergement hebergement--init hebergement--style-1 hebergement_link \"id=\"8239\" href=\"https:\/\/www.campinglesoleildor.com\/it\/hebergements\/mobil-home-premium-3-chambres-vue-ocean\/\"><div class=\"hebergement_image img-overlay\"><img decoding=\"async\" src=\"https:\/\/www.campinglesoleildor.com\/wp-content\/uploads\/2023\/07\/DJI_20240916182601_0405_DR1-R-BD-700x525.jpg\" alt=\"\" class=\"heberg_image\" srcset=\"https:\/\/www.campinglesoleildor.com\/wp-content\/uploads\/2023\/07\/DJI_20240916182601_0405_DR1-R-BD.jpg 2048w, https:\/\/www.campinglesoleildor.com\/wp-content\/uploads\/2023\/07\/DJI_20240916182601_0405_DR1-R-BD-300x200.jpg 300w, https:\/\/www.campinglesoleildor.com\/wp-content\/uploads\/2023\/07\/DJI_20240916182601_0405_DR1-R-BD-1024x683.jpg 1024w, https:\/\/www.campinglesoleildor.com\/wp-content\/uploads\/2023\/07\/DJI_20240916182601_0405_DR1-R-BD-768x512.jpg 768w, https:\/\/www.campinglesoleildor.com\/wp-content\/uploads\/2023\/07\/DJI_20240916182601_0405_DR1-R-BD-1536x1024.jpg 1536w, https:\/\/www.campinglesoleildor.com\/wp-content\/uploads\/2023\/07\/DJI_20240916182601_0405_DR1-R-BD-100x67.jpg 100w\"\/><\/div><div class=\"hebergement_content\"><div class=\"hebergement_titre hebergement_titre decoration\">Casa Mobile Premium &#8211; 3 camere da letto &#8211; VISTA OCEANO<\/div><div class=\"hebergement_infos\"><div class=\"hebergement_info\"><img decoding=\"async\" src=\"https:\/\/www.campinglesoleildor.com\/wp-content\/themes\/Nature%26Residence\/images\/superficie.png\" class=\"no-lazy\" alt=\"superficie Casa Mobile Premium &#8211; 3 camere da letto &#8211; VISTA OCEANO\" \/>35m2<\/div><div class=\"hebergement_info\"><img decoding=\"async\" src=\"https:\/\/www.campinglesoleildor.com\/wp-content\/themes\/Nature%26Residence\/images\/capacite.png\" class=\"no-lazy\" alt=\"capacit\u00e9 Casa Mobile Premium &#8211; 3 camere da letto &#8211; VISTA OCEANO\" \/>6 pers<\/div><div class=\"hebergement_info\"><img decoding=\"async\" src=\"https:\/\/www.campinglesoleildor.com\/wp-content\/themes\/Nature%26Residence\/images\/chambres.png\" class=\"no-lazy\" alt=\"chambres Casa Mobile Premium &#8211; 3 camere da letto &#8211; VISTA OCEANO\" \/>3 camere da letto<\/div><\/div><\/div><\/a><a class=\"hebergement hebergement--init hebergement--style-1 hebergement_link \"id=\"8237\" href=\"https:\/\/www.campinglesoleildor.com\/it\/hebergements\/mobil-home-premium-3-chambres\/\"><div class=\"hebergement_image img-overlay\"><img decoding=\"async\" src=\"https:\/\/www.campinglesoleildor.com\/wp-content\/uploads\/2023\/07\/DJI_20240918113634_0854_D-R-BD-700x525.jpg\" alt=\"\" class=\"heberg_image\" srcset=\"https:\/\/www.campinglesoleildor.com\/wp-content\/uploads\/2023\/07\/DJI_20240918113634_0854_D-R-BD.jpg 2048w, https:\/\/www.campinglesoleildor.com\/wp-content\/uploads\/2023\/07\/DJI_20240918113634_0854_D-R-BD-300x200.jpg 300w, https:\/\/www.campinglesoleildor.com\/wp-content\/uploads\/2023\/07\/DJI_20240918113634_0854_D-R-BD-1024x683.jpg 1024w, https:\/\/www.campinglesoleildor.com\/wp-content\/uploads\/2023\/07\/DJI_20240918113634_0854_D-R-BD-768x512.jpg 768w, https:\/\/www.campinglesoleildor.com\/wp-content\/uploads\/2023\/07\/DJI_20240918113634_0854_D-R-BD-1536x1024.jpg 1536w, https:\/\/www.campinglesoleildor.com\/wp-content\/uploads\/2023\/07\/DJI_20240918113634_0854_D-R-BD-100x67.jpg 100w\"\/><\/div><div class=\"hebergement_content\"><div class=\"hebergement_titre hebergement_titre decoration\">Casa Mobile Premium &#8211; 3 camere da letto<\/div><div class=\"hebergement_infos\"><div class=\"hebergement_info\"><img decoding=\"async\" src=\"https:\/\/www.campinglesoleildor.com\/wp-content\/themes\/Nature%26Residence\/images\/superficie.png\" class=\"no-lazy\" alt=\"superficie Casa Mobile Premium &#8211; 3 camere da letto\" \/>35m2<\/div><div class=\"hebergement_info\"><img decoding=\"async\" src=\"https:\/\/www.campinglesoleildor.com\/wp-content\/themes\/Nature%26Residence\/images\/capacite.png\" class=\"no-lazy\" alt=\"capacit\u00e9 Casa Mobile Premium &#8211; 3 camere da letto\" \/>6 pers<\/div><div class=\"hebergement_info\"><img decoding=\"async\" src=\"https:\/\/www.campinglesoleildor.com\/wp-content\/themes\/Nature%26Residence\/images\/chambres.png\" class=\"no-lazy\" alt=\"chambres Casa Mobile Premium &#8211; 3 camere da letto\" \/>3 camere da letto<\/div><\/div><\/div><\/a><a class=\"hebergement hebergement--init hebergement--style-1 hebergement_link \"id=\"8235\" href=\"https:\/\/www.campinglesoleildor.com\/it\/hebergements\/mobil-home-premium-2-chambres-vue-ocean\/\"><div class=\"hebergement_image img-overlay\"><img decoding=\"async\" src=\"https:\/\/www.campinglesoleildor.com\/wp-content\/uploads\/2023\/07\/DJI_20240917183851_0730_D-R-BD-700x525.jpg\" alt=\"\" class=\"heberg_image\" srcset=\"https:\/\/www.campinglesoleildor.com\/wp-content\/uploads\/2023\/07\/DJI_20240917183851_0730_D-R-BD.jpg 2048w, https:\/\/www.campinglesoleildor.com\/wp-content\/uploads\/2023\/07\/DJI_20240917183851_0730_D-R-BD-300x200.jpg 300w, https:\/\/www.campinglesoleildor.com\/wp-content\/uploads\/2023\/07\/DJI_20240917183851_0730_D-R-BD-1024x683.jpg 1024w, https:\/\/www.campinglesoleildor.com\/wp-content\/uploads\/2023\/07\/DJI_20240917183851_0730_D-R-BD-768x512.jpg 768w, https:\/\/www.campinglesoleildor.com\/wp-content\/uploads\/2023\/07\/DJI_20240917183851_0730_D-R-BD-1536x1024.jpg 1536w, https:\/\/www.campinglesoleildor.com\/wp-content\/uploads\/2023\/07\/DJI_20240917183851_0730_D-R-BD-100x67.jpg 100w\"\/><\/div><div class=\"hebergement_content\"><div class=\"hebergement_titre hebergement_titre decoration\">Casa Mobile Premium &#8211; 2 camere da letto &#8211; VISTA OCEANO<\/div><div class=\"hebergement_infos\"><div class=\"hebergement_info\"><img decoding=\"async\" src=\"https:\/\/www.campinglesoleildor.com\/wp-content\/themes\/Nature%26Residence\/images\/superficie.png\" class=\"no-lazy\" alt=\"superficie Casa Mobile Premium &#8211; 2 camere da letto &#8211; VISTA OCEANO\" \/>33m2<\/div><div class=\"hebergement_info\"><img decoding=\"async\" src=\"https:\/\/www.campinglesoleildor.com\/wp-content\/themes\/Nature%26Residence\/images\/capacite.png\" class=\"no-lazy\" alt=\"capacit\u00e9 Casa Mobile Premium &#8211; 2 camere da letto &#8211; VISTA OCEANO\" \/>4 pers<\/div><div class=\"hebergement_info\"><img decoding=\"async\" src=\"https:\/\/www.campinglesoleildor.com\/wp-content\/themes\/Nature%26Residence\/images\/chambres.png\" class=\"no-lazy\" alt=\"chambres Casa Mobile Premium &#8211; 2 camere da letto &#8211; VISTA OCEANO\" \/>2 camere da letto<\/div><\/div><\/div><\/a><a class=\"hebergement hebergement--init hebergement--style-1 hebergement_link \"id=\"8233\" href=\"https:\/\/www.campinglesoleildor.com\/it\/hebergements\/mobil-home-premium-2-chambres-samedi\/\"><div class=\"hebergement_image img-overlay\"><img decoding=\"async\" src=\"https:\/\/www.campinglesoleildor.com\/wp-content\/uploads\/2023\/07\/MH-107-DJI_20240918103548_0813_D-R-BD-700x525.jpg\" alt=\"\" class=\"heberg_image\" srcset=\"https:\/\/www.campinglesoleildor.com\/wp-content\/uploads\/2023\/07\/MH-107-DJI_20240918103548_0813_D-R-BD.jpg 2048w, https:\/\/www.campinglesoleildor.com\/wp-content\/uploads\/2023\/07\/MH-107-DJI_20240918103548_0813_D-R-BD-300x200.jpg 300w, https:\/\/www.campinglesoleildor.com\/wp-content\/uploads\/2023\/07\/MH-107-DJI_20240918103548_0813_D-R-BD-1024x683.jpg 1024w, https:\/\/www.campinglesoleildor.com\/wp-content\/uploads\/2023\/07\/MH-107-DJI_20240918103548_0813_D-R-BD-768x512.jpg 768w, https:\/\/www.campinglesoleildor.com\/wp-content\/uploads\/2023\/07\/MH-107-DJI_20240918103548_0813_D-R-BD-1536x1024.jpg 1536w, https:\/\/www.campinglesoleildor.com\/wp-content\/uploads\/2023\/07\/MH-107-DJI_20240918103548_0813_D-R-BD-100x67.jpg 100w\"\/><\/div><div class=\"hebergement_content\"><div class=\"hebergement_titre hebergement_titre decoration\">Casa Mobile Premium &#8211; 2 camere da letto &#8211; Sabato<\/div><div class=\"hebergement_infos\"><div class=\"hebergement_info\"><img decoding=\"async\" src=\"https:\/\/www.campinglesoleildor.com\/wp-content\/themes\/Nature%26Residence\/images\/superficie.png\" class=\"no-lazy\" alt=\"superficie Casa Mobile Premium &#8211; 2 camere da letto &#8211; Sabato\" \/>33m2<\/div><div class=\"hebergement_info\"><img decoding=\"async\" src=\"https:\/\/www.campinglesoleildor.com\/wp-content\/themes\/Nature%26Residence\/images\/capacite.png\" class=\"no-lazy\" alt=\"capacit\u00e9 Casa Mobile Premium &#8211; 2 camere da letto &#8211; Sabato\" \/>4 pers<\/div><div class=\"hebergement_info\"><img decoding=\"async\" src=\"https:\/\/www.campinglesoleildor.com\/wp-content\/themes\/Nature%26Residence\/images\/chambres.png\" class=\"no-lazy\" alt=\"chambres Casa Mobile Premium &#8211; 2 camere da letto &#8211; Sabato\" \/>2 camere da letto<\/div><\/div><\/div><\/a><a class=\"hebergement hebergement--init hebergement--style-1 hebergement_link \"id=\"8230\" href=\"https:\/\/www.campinglesoleildor.com\/it\/hebergements\/mobil-home-premium-pmr-2-chambres\/\"><div class=\"hebergement_image img-overlay\"><img decoding=\"async\" src=\"https:\/\/www.campinglesoleildor.com\/wp-content\/uploads\/2023\/07\/DJI_20240917163405_0610_D-R-BD-700x525.jpg\" alt=\"\" class=\"heberg_image\" srcset=\"https:\/\/www.campinglesoleildor.com\/wp-content\/uploads\/2023\/07\/DJI_20240917163405_0610_D-R-BD.jpg 2048w, https:\/\/www.campinglesoleildor.com\/wp-content\/uploads\/2023\/07\/DJI_20240917163405_0610_D-R-BD-300x200.jpg 300w, https:\/\/www.campinglesoleildor.com\/wp-content\/uploads\/2023\/07\/DJI_20240917163405_0610_D-R-BD-1024x683.jpg 1024w, https:\/\/www.campinglesoleildor.com\/wp-content\/uploads\/2023\/07\/DJI_20240917163405_0610_D-R-BD-768x512.jpg 768w, https:\/\/www.campinglesoleildor.com\/wp-content\/uploads\/2023\/07\/DJI_20240917163405_0610_D-R-BD-1536x1024.jpg 1536w, https:\/\/www.campinglesoleildor.com\/wp-content\/uploads\/2023\/07\/DJI_20240917163405_0610_D-R-BD-100x67.jpg 100w\"\/><\/div><div class=\"hebergement_content\"><div class=\"hebergement_titre hebergement_titre decoration\">Casa Mobile Premium PMR &#8211; 2 camere da letto<\/div><div class=\"hebergement_infos\"><div class=\"hebergement_info\"><img decoding=\"async\" src=\"https:\/\/www.campinglesoleildor.com\/wp-content\/themes\/Nature%26Residence\/images\/superficie.png\" class=\"no-lazy\" alt=\"superficie Casa Mobile Premium PMR &#8211; 2 camere da letto\" \/>31m2<\/div><div class=\"hebergement_info\"><img decoding=\"async\" src=\"https:\/\/www.campinglesoleildor.com\/wp-content\/themes\/Nature%26Residence\/images\/capacite.png\" class=\"no-lazy\" alt=\"capacit\u00e9 Casa Mobile Premium PMR &#8211; 2 camere da letto\" \/>4 pers<\/div><div class=\"hebergement_info\"><img decoding=\"async\" src=\"https:\/\/www.campinglesoleildor.com\/wp-content\/themes\/Nature%26Residence\/images\/chambres.png\" class=\"no-lazy\" alt=\"chambres Casa Mobile Premium PMR &#8211; 2 camere da letto\" \/>2 camere da letto<\/div><\/div><\/div><\/a><a class=\"hebergement hebergement--init hebergement--style-1 hebergement_link \"id=\"8150\" href=\"https:\/\/www.campinglesoleildor.com\/it\/hebergements\/mobil-home-grand-confort-3-chambres\/\"><div class=\"hebergement_image img-overlay\"><img decoding=\"async\" src=\"https:\/\/www.campinglesoleildor.com\/wp-content\/uploads\/2023\/02\/MH-22-DJI_20240917171229_0615_D-R-BD-700x525.jpg\" alt=\"\" class=\"heberg_image\" srcset=\"https:\/\/www.campinglesoleildor.com\/wp-content\/uploads\/2023\/02\/MH-22-DJI_20240917171229_0615_D-R-BD.jpg 2048w, https:\/\/www.campinglesoleildor.com\/wp-content\/uploads\/2023\/02\/MH-22-DJI_20240917171229_0615_D-R-BD-300x200.jpg 300w, https:\/\/www.campinglesoleildor.com\/wp-content\/uploads\/2023\/02\/MH-22-DJI_20240917171229_0615_D-R-BD-1024x683.jpg 1024w, https:\/\/www.campinglesoleildor.com\/wp-content\/uploads\/2023\/02\/MH-22-DJI_20240917171229_0615_D-R-BD-768x512.jpg 768w, https:\/\/www.campinglesoleildor.com\/wp-content\/uploads\/2023\/02\/MH-22-DJI_20240917171229_0615_D-R-BD-1536x1024.jpg 1536w, https:\/\/www.campinglesoleildor.com\/wp-content\/uploads\/2023\/02\/MH-22-DJI_20240917171229_0615_D-R-BD-100x67.jpg 100w\"\/><\/div><div class=\"hebergement_content\"><div class=\"hebergement_titre hebergement_titre decoration\">Casa Mobile Grand Confort &#8211; 3 camere da letto<\/div><div class=\"hebergement_infos\"><div class=\"hebergement_info\"><img decoding=\"async\" src=\"https:\/\/www.campinglesoleildor.com\/wp-content\/themes\/Nature%26Residence\/images\/superficie.png\" class=\"no-lazy\" alt=\"superficie Casa Mobile Grand Confort &#8211; 3 camere da letto\" \/>30m2<\/div><div class=\"hebergement_info\"><img decoding=\"async\" src=\"https:\/\/www.campinglesoleildor.com\/wp-content\/themes\/Nature%26Residence\/images\/capacite.png\" class=\"no-lazy\" alt=\"capacit\u00e9 Casa Mobile Grand Confort &#8211; 3 camere da letto\" \/>6 pers<\/div><div class=\"hebergement_info\"><img decoding=\"async\" src=\"https:\/\/www.campinglesoleildor.com\/wp-content\/themes\/Nature%26Residence\/images\/chambres.png\" class=\"no-lazy\" alt=\"chambres Casa Mobile Grand Confort &#8211; 3 camere da letto\" \/>3 camere da letto<\/div><\/div><\/div><\/a><a class=\"hebergement hebergement--init hebergement--style-1 hebergement_link \"id=\"8138\" href=\"https:\/\/www.campinglesoleildor.com\/it\/hebergements\/mobil-home-grand-confort-2-chambres-dimanche\/\"><div class=\"hebergement_image img-overlay\"><img decoding=\"async\" src=\"https:\/\/www.campinglesoleildor.com\/wp-content\/uploads\/2023\/07\/MH-64-DJI_20240917152715_0559_D-R-BD-700x525.jpg\" alt=\"\" class=\"heberg_image\" srcset=\"https:\/\/www.campinglesoleildor.com\/wp-content\/uploads\/2023\/07\/MH-64-DJI_20240917152715_0559_D-R-BD.jpg 2048w, https:\/\/www.campinglesoleildor.com\/wp-content\/uploads\/2023\/07\/MH-64-DJI_20240917152715_0559_D-R-BD-300x200.jpg 300w, https:\/\/www.campinglesoleildor.com\/wp-content\/uploads\/2023\/07\/MH-64-DJI_20240917152715_0559_D-R-BD-1024x683.jpg 1024w, https:\/\/www.campinglesoleildor.com\/wp-content\/uploads\/2023\/07\/MH-64-DJI_20240917152715_0559_D-R-BD-768x512.jpg 768w, https:\/\/www.campinglesoleildor.com\/wp-content\/uploads\/2023\/07\/MH-64-DJI_20240917152715_0559_D-R-BD-1536x1024.jpg 1536w, https:\/\/www.campinglesoleildor.com\/wp-content\/uploads\/2023\/07\/MH-64-DJI_20240917152715_0559_D-R-BD-100x67.jpg 100w\"\/><\/div><div class=\"hebergement_content\"><div class=\"hebergement_titre hebergement_titre decoration\">Casa Mobile Grand Confort &#8211; 2 camere da letto &#8211; Domenica<\/div><div class=\"hebergement_infos\"><div class=\"hebergement_info\"><img decoding=\"async\" src=\"https:\/\/www.campinglesoleildor.com\/wp-content\/themes\/Nature%26Residence\/images\/superficie.png\" class=\"no-lazy\" alt=\"superficie Casa Mobile Grand Confort &#8211; 2 camere da letto &#8211; Domenica\" \/>27.5m2<\/div><div class=\"hebergement_info\"><img decoding=\"async\" src=\"https:\/\/www.campinglesoleildor.com\/wp-content\/themes\/Nature%26Residence\/images\/capacite.png\" class=\"no-lazy\" alt=\"capacit\u00e9 Casa Mobile Grand Confort &#8211; 2 camere da letto &#8211; Domenica\" \/>4 pers<\/div><div class=\"hebergement_info\"><img decoding=\"async\" src=\"https:\/\/www.campinglesoleildor.com\/wp-content\/themes\/Nature%26Residence\/images\/chambres.png\" class=\"no-lazy\" alt=\"chambres Casa Mobile Grand Confort &#8211; 2 camere da letto &#8211; Domenica\" \/>2 camere da letto<\/div><\/div><\/div><\/a><a class=\"hebergement hebergement--init hebergement--style-1 hebergement_link \"id=\"8125\" href=\"https:\/\/www.campinglesoleildor.com\/it\/hebergements\/mobil-home-confort-2-chambres-vue-ocean\/\"><div class=\"hebergement_image img-overlay\"><img decoding=\"async\" src=\"https:\/\/www.campinglesoleildor.com\/wp-content\/uploads\/2023\/02\/DJI_20240916191050_0466_D-R-BD-700x525.jpg\" alt=\"\" class=\"heberg_image\" srcset=\"https:\/\/www.campinglesoleildor.com\/wp-content\/uploads\/2023\/02\/DJI_20240916191050_0466_D-R-BD.jpg 2048w, https:\/\/www.campinglesoleildor.com\/wp-content\/uploads\/2023\/02\/DJI_20240916191050_0466_D-R-BD-300x200.jpg 300w, https:\/\/www.campinglesoleildor.com\/wp-content\/uploads\/2023\/02\/DJI_20240916191050_0466_D-R-BD-1024x683.jpg 1024w, https:\/\/www.campinglesoleildor.com\/wp-content\/uploads\/2023\/02\/DJI_20240916191050_0466_D-R-BD-768x512.jpg 768w, https:\/\/www.campinglesoleildor.com\/wp-content\/uploads\/2023\/02\/DJI_20240916191050_0466_D-R-BD-1536x1024.jpg 1536w, https:\/\/www.campinglesoleildor.com\/wp-content\/uploads\/2023\/02\/DJI_20240916191050_0466_D-R-BD-100x67.jpg 100w\"\/><\/div><div class=\"hebergement_content\"><div class=\"hebergement_titre hebergement_titre decoration\">Casa Mobile Comfort &#8211; 2 camere da letto &#8211; VISTA OCEANO<\/div><div class=\"hebergement_infos\"><div class=\"hebergement_info\"><img decoding=\"async\" src=\"https:\/\/www.campinglesoleildor.com\/wp-content\/themes\/Nature%26Residence\/images\/superficie.png\" class=\"no-lazy\" alt=\"superficie Casa Mobile Comfort &#8211; 2 camere da letto &#8211; VISTA OCEANO\" \/>29m2<\/div><div class=\"hebergement_info\"><img decoding=\"async\" src=\"https:\/\/www.campinglesoleildor.com\/wp-content\/themes\/Nature%26Residence\/images\/capacite.png\" class=\"no-lazy\" alt=\"capacit\u00e9 Casa Mobile Comfort &#8211; 2 camere da letto &#8211; VISTA OCEANO\" \/>4 pers<\/div><div class=\"hebergement_info\"><img decoding=\"async\" src=\"https:\/\/www.campinglesoleildor.com\/wp-content\/themes\/Nature%26Residence\/images\/chambres.png\" class=\"no-lazy\" alt=\"chambres Casa Mobile Comfort &#8211; 2 camere da letto &#8211; VISTA OCEANO\" \/>2 camere da letto<\/div><\/div><\/div><\/a><a class=\"hebergement hebergement--init hebergement--style-1 hebergement_link \"id=\"8113\" href=\"https:\/\/www.campinglesoleildor.com\/it\/hebergements\/mobil-home-confort-2-chambres\/\"><div class=\"hebergement_image img-overlay\"><img decoding=\"async\" src=\"https:\/\/www.campinglesoleildor.com\/wp-content\/uploads\/2023\/02\/P1003658R-BD-700x525.jpg\" alt=\"\" class=\"heberg_image\" srcset=\"https:\/\/www.campinglesoleildor.com\/wp-content\/uploads\/2023\/02\/P1003658R-BD.jpg 2048w, https:\/\/www.campinglesoleildor.com\/wp-content\/uploads\/2023\/02\/P1003658R-BD-300x200.jpg 300w, https:\/\/www.campinglesoleildor.com\/wp-content\/uploads\/2023\/02\/P1003658R-BD-1024x683.jpg 1024w, https:\/\/www.campinglesoleildor.com\/wp-content\/uploads\/2023\/02\/P1003658R-BD-768x512.jpg 768w, https:\/\/www.campinglesoleildor.com\/wp-content\/uploads\/2023\/02\/P1003658R-BD-1536x1024.jpg 1536w, https:\/\/www.campinglesoleildor.com\/wp-content\/uploads\/2023\/02\/P1003658R-BD-100x67.jpg 100w\"\/><\/div><div class=\"hebergement_content\"><div class=\"hebergement_titre hebergement_titre decoration\">Casa Mobile Comfort &#8211; 2 camere da letto<\/div><div class=\"hebergement_infos\"><div class=\"hebergement_info\"><img decoding=\"async\" src=\"https:\/\/www.campinglesoleildor.com\/wp-content\/themes\/Nature%26Residence\/images\/superficie.png\" class=\"no-lazy\" alt=\"superficie Casa Mobile Comfort &#8211; 2 camere da letto\" \/>27m2<\/div><div class=\"hebergement_info\"><img decoding=\"async\" src=\"https:\/\/www.campinglesoleildor.com\/wp-content\/themes\/Nature%26Residence\/images\/capacite.png\" class=\"no-lazy\" alt=\"capacit\u00e9 Casa Mobile Comfort &#8211; 2 camere da letto\" \/>4 pers<\/div><div class=\"hebergement_info\"><img decoding=\"async\" src=\"https:\/\/www.campinglesoleildor.com\/wp-content\/themes\/Nature%26Residence\/images\/chambres.png\" class=\"no-lazy\" alt=\"chambres Casa Mobile Comfort &#8211; 2 camere da letto\" \/>2 camere da letto<\/div><\/div><\/div><\/a><a class=\"hebergement hebergement--init hebergement--style-1 hebergement_link \"id=\"8098\" href=\"https:\/\/www.campinglesoleildor.com\/it\/hebergements\/mobil-home-standard-3-chambres\/\"><div class=\"hebergement_image img-overlay\"><img decoding=\"async\" src=\"https:\/\/www.campinglesoleildor.com\/wp-content\/uploads\/2023\/02\/DJI_20240917175133_0677_D-R-BD-700x525.jpg\" alt=\"\" class=\"heberg_image\" srcset=\"https:\/\/www.campinglesoleildor.com\/wp-content\/uploads\/2023\/02\/DJI_20240917175133_0677_D-R-BD.jpg 2048w, https:\/\/www.campinglesoleildor.com\/wp-content\/uploads\/2023\/02\/DJI_20240917175133_0677_D-R-BD-300x200.jpg 300w, https:\/\/www.campinglesoleildor.com\/wp-content\/uploads\/2023\/02\/DJI_20240917175133_0677_D-R-BD-1024x683.jpg 1024w, https:\/\/www.campinglesoleildor.com\/wp-content\/uploads\/2023\/02\/DJI_20240917175133_0677_D-R-BD-768x512.jpg 768w, https:\/\/www.campinglesoleildor.com\/wp-content\/uploads\/2023\/02\/DJI_20240917175133_0677_D-R-BD-1536x1024.jpg 1536w, https:\/\/www.campinglesoleildor.com\/wp-content\/uploads\/2023\/02\/DJI_20240917175133_0677_D-R-BD-100x67.jpg 100w\"\/><\/div><div class=\"hebergement_content\"><div class=\"hebergement_titre hebergement_titre decoration\">Casa Mobile Standard &#8211; 3 camere da letto<\/div><div class=\"hebergement_infos\"><div class=\"hebergement_info\"><img decoding=\"async\" src=\"https:\/\/www.campinglesoleildor.com\/wp-content\/themes\/Nature%26Residence\/images\/superficie.png\" class=\"no-lazy\" alt=\"superficie Casa Mobile Standard &#8211; 3 camere da letto\" \/>28m2<\/div><div class=\"hebergement_info\"><img decoding=\"async\" src=\"https:\/\/www.campinglesoleildor.com\/wp-content\/themes\/Nature%26Residence\/images\/capacite.png\" class=\"no-lazy\" alt=\"capacit\u00e9 Casa Mobile Standard &#8211; 3 camere da letto\" \/>6 pers<\/div><div class=\"hebergement_info\"><img decoding=\"async\" src=\"https:\/\/www.campinglesoleildor.com\/wp-content\/themes\/Nature%26Residence\/images\/chambres.png\" class=\"no-lazy\" alt=\"chambres Casa Mobile Standard &#8211; 3 camere da letto\" \/>3 camere da letto<\/div><\/div><\/div><\/a><a class=\"hebergement hebergement--init hebergement--style-1 hebergement_link \"id=\"8085\" href=\"https:\/\/www.campinglesoleildor.com\/it\/hebergements\/mobil-home-standard-2-ch\/\"><div class=\"hebergement_image img-overlay\"><img decoding=\"async\" src=\"https:\/\/www.campinglesoleildor.com\/wp-content\/uploads\/2023\/02\/DJI_20240917160012_0592_D-R-BD-700x525.jpg\" alt=\"\" class=\"heberg_image\" srcset=\"https:\/\/www.campinglesoleildor.com\/wp-content\/uploads\/2023\/02\/DJI_20240917160012_0592_D-R-BD.jpg 2048w, https:\/\/www.campinglesoleildor.com\/wp-content\/uploads\/2023\/02\/DJI_20240917160012_0592_D-R-BD-300x200.jpg 300w, https:\/\/www.campinglesoleildor.com\/wp-content\/uploads\/2023\/02\/DJI_20240917160012_0592_D-R-BD-1024x683.jpg 1024w, https:\/\/www.campinglesoleildor.com\/wp-content\/uploads\/2023\/02\/DJI_20240917160012_0592_D-R-BD-768x512.jpg 768w, https:\/\/www.campinglesoleildor.com\/wp-content\/uploads\/2023\/02\/DJI_20240917160012_0592_D-R-BD-1536x1024.jpg 1536w, https:\/\/www.campinglesoleildor.com\/wp-content\/uploads\/2023\/02\/DJI_20240917160012_0592_D-R-BD-100x67.jpg 100w\"\/><\/div><div class=\"hebergement_content\"><div class=\"hebergement_titre hebergement_titre decoration\">Casa Mobile Standard &#8211; 2 camere da letto<\/div><div class=\"hebergement_infos\"><div class=\"hebergement_info\"><img decoding=\"async\" src=\"https:\/\/www.campinglesoleildor.com\/wp-content\/themes\/Nature%26Residence\/images\/superficie.png\" class=\"no-lazy\" alt=\"superficie Casa Mobile Standard &#8211; 2 camere da letto\" \/>28m2<\/div><div class=\"hebergement_info\"><img decoding=\"async\" src=\"https:\/\/www.campinglesoleildor.com\/wp-content\/themes\/Nature%26Residence\/images\/capacite.png\" class=\"no-lazy\" alt=\"capacit\u00e9 Casa Mobile Standard &#8211; 2 camere da letto\" \/>4 pers<\/div><div class=\"hebergement_info\"><img decoding=\"async\" src=\"https:\/\/www.campinglesoleildor.com\/wp-content\/themes\/Nature%26Residence\/images\/chambres.png\" class=\"no-lazy\" alt=\"chambres Casa Mobile Standard &#8211; 2 camere da letto\" \/>2 camere da letto<\/div><\/div><\/div><\/a><\/div><button aria-label=\"Previous\" class=\"glider-prev glider-prev-hebergements\"><\/button><button aria-label=\"Next\" class=\"glider-next glider-next-hebergements\"><\/button><\/div><\/div>\n\n<div class=\"bloc-texte full\"><div class=\"texte center\"><p>Per le tue vacanze in Gironda in alta o bassa stagione, trova l&#8217;alloggio che fa per te! <a href=\"\/it\/\">Al Soleil d&#8217;Or<\/a>, campeggio nel M\u00e9doc, puoi scegliere tra l&#8217;affitto di una casa mobile o l&#8217;affitto di piazzole per la tua tenda, camper o roulotte:<\/p>\n<ul>\n<li>Noleggio di una casa mobile: casa mobile standard, comfort, comfort elevato o premium. Superficie da 28 m\u00b2 a 35 m\u00b2, da 1 a 6 persone. Ogni alloggio \u00e8 dotato di riscaldamento, cucina attrezzata con stoviglie, soggiorno, bagno separato dalla toilette, da 2 a 3 camere da letto e terrazza. Le case mobili High Comfort e Premium offrono anche l&#8217;aria condizionata.<\/li>\n<li>Affitto di piazzole &#8211; tra 100 e 200 m\u00b2, da 1 a 16 persone. Approfitta di uno sconto del 10% su questo noleggio per soggiorni di lunga durata durante la bassa stagione.<\/li>\n<\/ul>\n<p>Durante il tuo soggiorno in Nuova Aquitania, scopri il nostro campeggio nel M\u00e9doc. Tra l&#8217;affitto di piazzole e l&#8217;affitto di case mobili, trova l&#8217;alloggio che meglio soddisfa le tue aspettative per queste vacanze con i tuoi bambini o con i tuoi amici! Inoltre, potete portare i vostri piccoli pelosi nella nostra zona dove sono ammessi gli animali domestici (a condizioni).<\/p>\n<\/div><\/div>\n\n<div class=\"boutons-row\"><a class=\"bouton\" href=\"https:\/\/bookingpremium.secureholiday.net\/it\/1629\/?_ga=2.228890270.303162879.1689234592-1346263245.1679581661&#038;_gl=1%2a1srs56d%2a_ga%2aMTM0NjI2MzI0NS4xNjc5NTgxNjYx%2a_ga_XPC41C70DM%2aMTY4OTIzNDU5MS4xNy4xLjE2ODkyNDAzNjQuMC4wLjA.\" target=\"_blank\" rel=\"noopener\">Scopri i nostri alloggi<\/a><a class=\"bouton\" href=\"\/it\/acquisto-casa-mobile-gironde\/\">Diventa proprietario<\/a><\/div>\n\n<div class=\"avis\"><div class=\"colonne avis-first\"><img decoding=\"async\" src=\"\/wp-content\/uploads\/2024\/04\/avis-personnes.png\" alt=\"avis personnes\" class=\"avis-personnes\" \/><h2>Cosa dicono di noi i clienti<\/h2><p><span>4\/5<\/span> su Google<\/p><img decoding=\"async\" src=\"https:\/\/www.campinglesoleildor.com\/wp-content\/themes\/Nature%26Residence\/images\/4stars.png\" alt=\"avis du vacancier \" class=\"avis-etoiles\"\/><div class=\"boutons-row\"><a class=\"bouton\" href=\"https:\/\/www.google.com\/search?q=camping+le+soleil+d'or&#038;oq=camping+le+soleil+d'or&#038;gs_lcrp=EgZjaHJvbWUqCggAEAAY4wIYgAQyCggAEAAY4wIYgAQyEAgBEC4YrwEYxwEYgAQYmAUyBwgCEAAYgAQyEAgDEC4YrwEYxwEYgAQYmAUyDAgEEAAYFBiHAhiABDIGCAUQRRg8MgYIBhBFGDwyBggHEEUYPNIBCDQzNzlqMGo3qAIAsAIA&#038;sourceid=chrome&#038;ie=UTF-8#lrd=0x4801894ef08ac57d:0xa42891c2820da2e6,1,,,, \" target=\"_blank\" rel=\"nofollow\">Vedi le recensioni<\/a><a class=\"bouton\" href=\"https:\/\/www.google.com\/search?q=camping+le+soleil+d'or&#038;oq=camping+le+soleil+d'or&#038;gs_lcrp=EgZjaHJvbWUqCggAEAAY4wIYgAQyCggAEAAY4wIYgAQyEAgBEC4YrwEYxwEYgAQYmAUyBwgCEAAYgAQyEAgDEC4YrwEYxwEYgAQYmAUyDAgEEAAYFBiHAhiABDIGCAUQRRg8MgYIBhBFGDwyBggHEEUYPNIBCDQzNzlqMGo3qAIAsAIA&#038;sourceid=chrome&#038;ie=UTF-8#lrd=0x4801894ef08ac57d:0xa42891c2820da2e6,3,,,,\" target=\"_blank\" rel=\"nofollow\">Invia una recensione<\/a><\/div><\/div><div class=\"colonne avis-second\"><div class=\"avis-single\"><p class=\"titre\">Soggiorno molto buono<\/p><p class=\"contenu\"><span class=\"quote\">\u201c<\/span> Ottima posizione vicino all&#8217;oceano, al centro di Montalivet les Bains, allo skate park di fronte al campeggio all&#8217;uscita. Casa mobile standard prenotata dal 30\/07 al 08\/06 molto ben posizionata, pulita, confortevole. Gestore del campeggio simpatico. Le pizze sono buone <span class=\"quote\">\u201d<\/span><\/p><p class=\"auteur\">C\u00e9lyn Revault<\/p><\/div><div class=\"avis-single\"><p class=\"titre\">Soggiorno molto buono<\/p><p class=\"contenu\"><span class=\"quote\">\u201c<\/span> Ottimo campeggio, vicino all&#8217;oceano. Molte attivit\u00e0 nelle vicinanze come il mercato e la via pedonale a poche decine di metri. Il personale \u00e8 molto cortese. Lo consiglio vivamente per un soggiorno rilassante senza necessariamente utilizzare l&#8217;auto. <span class=\"quote\">\u201d<\/span><\/p><p class=\"auteur\"> grand-esprit 577<\/p><\/div><div class=\"avis-single\"><p class=\"titre\">Soggiorno molto buono<\/p><p class=\"contenu\"><span class=\"quote\">\u201c<\/span> Campeggio molto ben posizionato vicino alla spiaggia e al centro citt\u00e0. Personale attento, posizione perfetta,&#8230;davvero bello. <span class=\"quote\">\u201d<\/span><\/p><p class=\"auteur\">Olivier P<\/p><\/div><\/div><\/div>\n\n<div class=\"liste-de-page-icones-container\"><h2>Un campeggio con servizi stellari a Vendays-Montalivet, nel M\u00e9doc<\/h2><div class=\"liste-de-page-icones\"><a href=\"https:\/\/www.campinglesoleildor.com\/it\/attivita\/\" class=\"cta-icone\"><img decoding=\"async\" src=\"https:\/\/www.campinglesoleildor.com\/wp-content\/uploads\/2024\/04\/loisirs.png\" alt=\"loisirs\"><p>Attivit\u00e0 e intrattenimento<\/p><\/a><a href=\"https:\/\/www.campinglesoleildor.com\/it\/servizi\/\" class=\"cta-icone\"><img decoding=\"async\" src=\"https:\/\/www.campinglesoleildor.com\/wp-content\/uploads\/2024\/04\/services.png\" alt=\"services\"><p>Servizi<\/p><\/a><a href=\"https:\/\/www.campinglesoleildor.com\/it\/piazzole\/\" class=\"cta-icone\"><img decoding=\"async\" src=\"https:\/\/www.campinglesoleildor.com\/wp-content\/uploads\/2024\/04\/emplacements.png\" alt=\"emplacements\"><p>Prenota la mia posizione<\/p><\/a><a href=\"https:\/\/www.campinglesoleildor.com\/it\/noleggio-casa-mobile-montalivet\/\" class=\"cta-icone\"><img decoding=\"async\" src=\"https:\/\/www.campinglesoleildor.com\/wp-content\/uploads\/2024\/04\/logements-equipes.png\" alt=\"logements \u00e9quip\u00e9s\"><p>Prenota la mia casa mobile<\/p><\/a><\/div><\/div>\n\n<div class=\"text-image-new style4 image-right\"><div class=\"text-image-new-colonne\"><H2 class=\"text-image-new-titre\">Un campeggio confortevole nel M\u00e9doc per le tue vacanze in Gironda<\/H2><div class=\"text-image-new-content\"><p>Le tue prossime vacanze sono in programma in Gironda? Scopri la stazione balneare di Vendays-Montalivet e i suoi campeggi preferiti. Tra questi, il nostro campeggio nel M\u00e9doc ti accoglie nella sua struttura stellata vicino al lago Hourtin. Questa tenuta eccezionale ti offre un soggiorno privilegiato a pochi minuti dalla spiaggia. 12 chilometri di spiagge di sabbia fine vi aspettano durante le vostre vacanze sulla costa atlantica, nel sud della Francia. Nuotando o abbronzandosi, un momento di relax \u00e8 a vostra disposizione su ogni spiaggia del M\u00e9doc, in compagnia dei vostri bambini o dei vostri amici.<\/p>\n<p>Per un soggiorno indimenticabile nel sud della Francia, il nostro campeggio nel M\u00e9doc vi propone alloggi confortevoli &#8211; affitto di mobil-home a vostra scelta con ciascuna camera separata &#8211; e piazzole spaziose. Che tu preferisca il comfort di una casa mobile climatizzata o opti per un soggiorno il pi\u00f9 vicino possibile alla natura, troverai ci\u00f2 che cerchi nella nostra struttura stellata Michelin in Nuova Aquitania con animali ammessi. E dopo una serata rilassante, godetevi un drink romantico al bar del campeggio.<\/p>\n<\/div><p class=\"lire-plus\">Per saperne di pi\u00f9<\/p><div class=\"text-image-new-content-more hide\"><p>Il nostro campeggio nel M\u00e9doc vi propone anche numerose attivit\u00e0 durante la vostra settimana o week-end di vacanza: sportive, nautiche e culturali. Sfida i tuoi bambini a ping-pong, sfida il tuo amico a bocce o gioca a homeball in squadra. Nel cuore della nostra struttura \u00e8 inoltre disponibile un parco giochi per intrattenere tutta la famiglia. Infine, libri e giochi da tavolo sono disponibili a noleggio presso il nostro campeggio.<\/p>\n<\/div><p class=\"lire-moins hide\">Leggi di meno<\/p><\/div><div class=\"text-image-new-colonne\"><img decoding=\"async\" src=\"https:\/\/www.campinglesoleildor.com\/wp-content\/uploads\/2024\/04\/camping-montalivet-soleil-dor.jpg\" alt=\"Il campeggio Montalivet\" class=\"text-image-new-thumb\" \/><\/div><\/div>\n\n<div class=\"text-image-new style1 image-left\"><div class=\"text-image-new-colonne\"><H2 class=\"text-image-new-titre\">Il tuo campeggio immerso nella natura nel M\u00e9doc!<\/H2><div class=\"text-image-new-content\"><p>Conosci la Nuova Aquitania e le sue meraviglie? Tra i dipartimenti essenziali che offre, la Gironda propone numerose attivit\u00e0 e divertimenti da scoprire con i bambini, la famiglia o gli amici. Fai una passeggiata pomeridiana sul sublime lago Hourtin e sulle sue acque traslucide, a pochi minuti dal nostro campeggio nel M\u00e9doc. Durante le vostre vacanze nel sud della Francia vi aspettano anche gite in pedal\u00f2, in catamarano o in rema.<\/p>\n<p>Durante il vostro week-end o il vostro soggiorno di una settimana, il M\u00e9doc svela i suoi 6.000 ettari di pini e querce per un viaggio avventuroso nella Gironda. Nel cuore di questa natura verdeggiante, potresti avere la fortuna di vedere cervi o caprioli. Un&#8217;attivit\u00e0 che offre grandi promesse per tutta la famiglia: bambini e adulti!<\/p>\n<\/div><p class=\"lire-plus\">Per saperne di pi\u00f9<\/p><div class=\"text-image-new-content-more hide\"><p>A pochi passi dalla spiaggia, il nostro campeggio nel M\u00e9doc ti offre l&#8217;opportunit\u00e0 di goderti l&#8217;oceano. 30 chilometri di piste ciclabili e 40 chilometri di sentieri escursionistici attraversano la zona circostante. Ideale per scoprire la flora e la fauna della Gironda in bicicletta oa piedi. Recati al Parco Naturale dell&#8217;Etang de Cousseau per un momento ancora pi\u00f9 speciale. La Nuova Aquitania rivela anche il suo patrimonio storico e culturale: i castelli e il faro di Cordouan.<\/p>\n<\/div><p class=\"lire-moins hide\">Leggi di meno<\/p><\/div><div class=\"text-image-new-colonne\"><img decoding=\"async\" src=\"https:\/\/www.campinglesoleildor.com\/wp-content\/uploads\/2024\/04\/emploi-camping-montalivet.jpg\" alt=\"Campeggio naturale del M\u00e9doc\" class=\"text-image-new-thumb\" \/><\/div><\/div>\n\n<div class=\"text-image-new style1 image-right background-marron\"><div class=\"text-image-new-colonne\"><div class=\"text-image-new-content\"><p>Chi dice vacanza nel sud della Francia dice gastronomia! Approfitta di questo pied-\u00e0-terre proposto dal nostro campeggio nel M\u00e9doc per fare un&#8217;escursione culinaria durante la quale scoprirai il terroir della regione.<\/p>\n<p>Pronti a viaggiare per la Gironda durante le vostre vacanze in famiglia? Godetevi l&#8217;ambiente idilliaco che vi offre la Nuova Aquitania, situata nel sud-ovest della Francia. Se i suoi numerosi pini lo rendono famoso, ci sono siti turistici da scoprire durante il tuo soggiorno in campeggio nel M\u00e9doc, tra cui:<\/p>\n<ul>\n<li>Citt\u00e0 rinomate: Bordeaux o Saint-Emilion<\/li>\n<li>La Duna di Pilat<\/li>\n<li>La caverna dei pari-non-coppie<\/li>\n<li>Parchi naturali regionali<\/li>\n<\/ul>\n<p>Per approfittare appieno di tutte queste attivit\u00e0 in Gironda, prenotate subito il vostro soggiorno nel nostro campeggio M\u00e9doc a Vendays-Montalivet che vi offre un comfort totale: alloggi climatizzati, parco giochi e posizione geografica ideale vicino alla spiaggia. Non c&#8217;\u00e8 bisogno di una piscina per avere i piedi nell&#8217;acqua!<\/p>\n<\/div><\/div><div class=\"text-image-new-colonne\"><img decoding=\"async\" src=\"https:\/\/www.campinglesoleildor.com\/wp-content\/uploads\/2024\/04\/tourisme-camping-gironde.jpg\" alt=\"\" class=\"text-image-new-thumb\" \/><\/div><\/div>\n\n<div class=\"text-image-new style1 image-left\"><div class=\"text-image-new-colonne\"><H2 class=\"text-image-new-titre\">Godetevi il campeggio sulla spiaggia del M\u00e9doc<\/H2><div class=\"text-image-new-content\"><p>Che tu scelga di affittare una piazzola o di affittare una stanza in alloggi confortevoli, in alta o bassa stagione, approfitta della nostra posizione geografica privilegiata, a pochi metri dalla spiaggia di Montalivet. La Costa d&#8217;Argento \u00e8 a tua disposizione durante le tue vacanze nel sud della Francia nel nostro campeggio nel M\u00e9doc. La nostra tenuta al mare vi offre la possibilit\u00e0 di trascorrere un pomeriggio indimenticabile con i vostri bambini grazie alla sua vicinanza alla spiaggia! Non c&#8217;\u00e8 pi\u00f9 bisogno di una piscina per nuotare o godersi una seduta di abbronzatura sulla sabbia fine. Grazie al nostro campeggio in riva al mare nel M\u00e9doc, sono possibili numerose attivit\u00e0 acquatiche come il surf o la pesca. Recati sulla spiaggia che preferisci per goderti appieno le tue vacanze in Nuova Aquitania. Center Beach, North Beach o South Beach, sta a te scegliere tra tutti questi angoli di paradiso vicino al nostro campeggio stellato.<\/p>\n<\/div><a class=\"bouton\" href=\"\/it\/piazzole\/\" >Prenota una posizione<\/a><\/div><div class=\"text-image-new-colonne\"><img decoding=\"async\" src=\"https:\/\/www.campinglesoleildor.com\/wp-content\/uploads\/2024\/04\/emplacement-camping-medoc.jpg\" alt=\"campeggio sulla spiaggia medico\" class=\"text-image-new-thumb\" \/><\/div><\/div>\n\n<div class=\"autres-campings\"><h2>Scopri le nostre altre destinazioni Natura &#038; Residence Leisure<\/h2><div class=\"autres-campings-list\" class=\"scroll-x-mobile\"><a href=\"https:\/\/www.campinglesdunes.fr\/\" target=\"_blank\" rel=\"noopener\" class=\"cta-camping\"><img decoding=\"async\" class=\"cta-camping-image\" src=\"https:\/\/www.campinglesoleildor.com\/wp-content\/uploads\/2023\/03\/LES-DUNES-scaled-1.jpg\" alt=\"\"><p class=\"cta-camping-nom\">Camping les Dunes<img decoding=\"async\" src=\"https:\/\/www.campinglesoleildor.com\/wp-content\/themes\/Nature%26Residence\/images\/5stars-b.png\" alt=\"Camping les Dunes\" \/><\/p><p class=\"cta-camping-legende\">In Vandea<\/p><\/a><a href=\"https:\/\/www.campingduvieuxmoulin.fr\/\" target=\"_blank\" rel=\"noopener\" class=\"cta-camping\"><img decoding=\"async\" class=\"cta-camping-image\" src=\"https:\/\/www.campinglesoleildor.com\/wp-content\/uploads\/2023\/03\/VIEUX-MOULIN-scaled-1.jpg\" alt=\"\"><p class=\"cta-camping-nom\">Camping du Vieux Moulin<img decoding=\"async\" src=\"https:\/\/www.campinglesoleildor.com\/wp-content\/themes\/Nature%26Residence\/images\/2stars-b.png\" alt=\"Camping du Vieux Moulin\" \/><\/p><p class=\"cta-camping-legende\">Nella Gironda<\/p><\/a><a href=\"https:\/\/www.campinglekervastard.com\/\" target=\"_blank\" rel=\"noopener\" class=\"cta-camping\"><img decoding=\"async\" class=\"cta-camping-image\" src=\"https:\/\/www.campinglesoleildor.com\/wp-content\/uploads\/2023\/03\/LE-KERVASTARD-scaled-1.jpg\" alt=\"\"><p class=\"cta-camping-nom\">Camping le Kervastard<img decoding=\"async\" src=\"https:\/\/www.campinglesoleildor.com\/wp-content\/themes\/Nature%26Residence\/images\/3stars-b.png\" alt=\"Camping le Kervastard\" \/><\/p><p class=\"cta-camping-legende\">Nel Finist\u00e8re<\/p><\/a><a href=\"https:\/\/www.camping-ibarron.com\/\" target=\"_blank\" rel=\"noopener\" class=\"cta-camping\"><img decoding=\"async\" class=\"cta-camping-image\" src=\"https:\/\/www.campinglesoleildor.com\/wp-content\/uploads\/2023\/03\/IBARRON-scaled-1.jpg\" alt=\"\"><p class=\"cta-camping-nom\">Camping d&#8217;Ibarron<img decoding=\"async\" src=\"https:\/\/www.campinglesoleildor.com\/wp-content\/themes\/Nature%26Residence\/images\/3stars-b.png\" alt=\"Camping d'Ibarron\" \/><\/p><p class=\"cta-camping-legende\">Nei Paesi Baschi<\/p><\/a><a href=\"https:\/\/lesjardinsdumorbihan.com\/\" target=\"_blank\" rel=\"noopener\" class=\"cta-camping\"><img decoding=\"async\" class=\"cta-camping-image\" src=\"https:\/\/www.campinglesoleildor.com\/wp-content\/uploads\/2023\/03\/LES-JARDINS-DU-MORBIHAN-scaled-1.jpg\" alt=\"\"><p class=\"cta-camping-nom\">Camping les Jardins du Morbihan<img decoding=\"async\" src=\"https:\/\/www.campinglesoleildor.com\/wp-content\/themes\/Nature%26Residence\/images\/4stars-b.png\" alt=\"Camping les Jardins du Morbihan\" \/><\/p><p class=\"cta-camping-legende\">Nel Morbihan<\/p><\/a><\/div><\/div>","protected":false},"excerpt":{"rendered":"","protected":false},"author":1,"featured_media":7936,"parent":0,"menu_order":0,"comment_status":"closed","ping_status":"closed","template":"","meta":{"_acf_changed":false,"footnotes":""},"class_list":["post-7934","page","type-page","status-publish","has-post-thumbnail","hentry"],"acf":[],"yoast_head":"<!-- This site is optimized with the Yoast SEO plugin v27.5 - https:\/\/yoast.com\/product\/yoast-seo-wordpress\/ -->\n<title>Campeggio M\u00e9doc con accesso alla spiaggia - Camping Soleil d&#039;Or 3 stelle<\/title>\n<meta name=\"description\" content=\"Goditi una fantastica vacanza al Camping Soleil d&#039;Or nel M\u00e9doc (Montalivet) nella sua tenuta a 3 stelle con accesso diretto alla spiaggia\" \/>\n<meta name=\"robots\" content=\"index, follow, max-snippet:-1, max-image-preview:large, max-video-preview:-1\" \/>\n<link rel=\"canonical\" href=\"https:\/\/www.campinglesoleildor.com\/it\/campeggio-medoc\/\" \/>\n<meta property=\"og:locale\" content=\"it_IT\" \/>\n<meta property=\"og:type\" content=\"article\" \/>\n<meta property=\"og:title\" content=\"Campeggio M\u00e9doc con accesso alla spiaggia - Camping Soleil d&#039;Or 3 stelle\" \/>\n<meta property=\"og:description\" content=\"Goditi una fantastica vacanza al Camping Soleil d&#039;Or nel M\u00e9doc (Montalivet) nella sua tenuta a 3 stelle con accesso diretto alla spiaggia\" \/>\n<meta property=\"og:url\" content=\"https:\/\/www.campinglesoleildor.com\/it\/campeggio-medoc\/\" \/>\n<meta property=\"og:site_name\" content=\"Camping le soleil d&#039;or\" \/>\n<meta property=\"article:modified_time\" content=\"2024-04-25T15:21:16+00:00\" \/>\n<meta property=\"og:image\" content=\"https:\/\/www.campinglesoleildor.com\/wp-content\/uploads\/2023\/03\/PHOTO-PRINCIPALE-1-scaled.jpg\" \/>\n\t<meta property=\"og:image:width\" content=\"2560\" \/>\n\t<meta property=\"og:image:height\" content=\"1297\" \/>\n\t<meta property=\"og:image:type\" content=\"image\/jpeg\" \/>\n<meta name=\"twitter:card\" content=\"summary_large_image\" \/>\n<script type=\"application\/ld+json\" class=\"yoast-schema-graph\">{\"@context\":\"https:\\\/\\\/schema.org\",\"@graph\":[{\"@type\":\"WebPage\",\"@id\":\"https:\\\/\\\/www.campinglesoleildor.com\\\/it\\\/campeggio-medoc\\\/\",\"url\":\"https:\\\/\\\/www.campinglesoleildor.com\\\/it\\\/campeggio-medoc\\\/\",\"name\":\"Campeggio M\u00e9doc con accesso alla spiaggia - Camping Soleil d'Or 3 stelle\",\"isPartOf\":{\"@id\":\"https:\\\/\\\/www.campinglesoleildor.com\\\/it\\\/#website\"},\"primaryImageOfPage\":{\"@id\":\"https:\\\/\\\/www.campinglesoleildor.com\\\/it\\\/campeggio-medoc\\\/#primaryimage\"},\"image\":{\"@id\":\"https:\\\/\\\/www.campinglesoleildor.com\\\/it\\\/campeggio-medoc\\\/#primaryimage\"},\"thumbnailUrl\":\"https:\\\/\\\/www.campinglesoleildor.com\\\/wp-content\\\/uploads\\\/2023\\\/03\\\/PHOTO-PRINCIPALE-1-scaled.jpg\",\"datePublished\":\"2023-07-10T14:53:45+00:00\",\"dateModified\":\"2024-04-25T15:21:16+00:00\",\"description\":\"Goditi una fantastica vacanza al Camping Soleil d'Or nel M\u00e9doc (Montalivet) nella sua tenuta a 3 stelle con accesso diretto alla spiaggia\",\"breadcrumb\":{\"@id\":\"https:\\\/\\\/www.campinglesoleildor.com\\\/it\\\/campeggio-medoc\\\/#breadcrumb\"},\"inLanguage\":\"it-IT\",\"potentialAction\":[{\"@type\":\"ReadAction\",\"target\":[\"https:\\\/\\\/www.campinglesoleildor.com\\\/it\\\/campeggio-medoc\\\/\"]}]},{\"@type\":\"ImageObject\",\"inLanguage\":\"it-IT\",\"@id\":\"https:\\\/\\\/www.campinglesoleildor.com\\\/it\\\/campeggio-medoc\\\/#primaryimage\",\"url\":\"https:\\\/\\\/www.campinglesoleildor.com\\\/wp-content\\\/uploads\\\/2023\\\/03\\\/PHOTO-PRINCIPALE-1-scaled.jpg\",\"contentUrl\":\"https:\\\/\\\/www.campinglesoleildor.com\\\/wp-content\\\/uploads\\\/2023\\\/03\\\/PHOTO-PRINCIPALE-1-scaled.jpg\",\"width\":2560,\"height\":1297},{\"@type\":\"BreadcrumbList\",\"@id\":\"https:\\\/\\\/www.campinglesoleildor.com\\\/it\\\/campeggio-medoc\\\/#breadcrumb\",\"itemListElement\":[{\"@type\":\"ListItem\",\"position\":1,\"name\":\"Camping Montalivet\",\"item\":\"https:\\\/\\\/www.campinglesoleildor.com\\\/it\\\/\"},{\"@type\":\"ListItem\",\"position\":2,\"name\":\"Il campeggio M\u00e9doc\"}]},{\"@type\":\"WebSite\",\"@id\":\"https:\\\/\\\/www.campinglesoleildor.com\\\/it\\\/#website\",\"url\":\"https:\\\/\\\/www.campinglesoleildor.com\\\/it\\\/\",\"name\":\"Camping le soleil d&#039;or\",\"description\":\"\",\"potentialAction\":[{\"@type\":\"SearchAction\",\"target\":{\"@type\":\"EntryPoint\",\"urlTemplate\":\"https:\\\/\\\/www.campinglesoleildor.com\\\/it\\\/?s={search_term_string}\"},\"query-input\":{\"@type\":\"PropertyValueSpecification\",\"valueRequired\":true,\"valueName\":\"search_term_string\"}}],\"inLanguage\":\"it-IT\"}]}<\/script>\n<!-- \/ Yoast SEO plugin. -->","yoast_head_json":{"title":"Campeggio M\u00e9doc con accesso alla spiaggia - Camping Soleil d'Or 3 stelle","description":"Goditi una fantastica vacanza al Camping Soleil d'Or nel M\u00e9doc (Montalivet) nella sua tenuta a 3 stelle con accesso diretto alla spiaggia","robots":{"index":"index","follow":"follow","max-snippet":"max-snippet:-1","max-image-preview":"max-image-preview:large","max-video-preview":"max-video-preview:-1"},"canonical":"https:\/\/www.campinglesoleildor.com\/it\/campeggio-medoc\/","og_locale":"it_IT","og_type":"article","og_title":"Campeggio M\u00e9doc con accesso alla spiaggia - Camping Soleil d'Or 3 stelle","og_description":"Goditi una fantastica vacanza al Camping Soleil d'Or nel M\u00e9doc (Montalivet) nella sua tenuta a 3 stelle con accesso diretto alla spiaggia","og_url":"https:\/\/www.campinglesoleildor.com\/it\/campeggio-medoc\/","og_site_name":"Camping le soleil d&#039;or","article_modified_time":"2024-04-25T15:21:16+00:00","og_image":[{"width":2560,"height":1297,"url":"https:\/\/www.campinglesoleildor.com\/wp-content\/uploads\/2023\/03\/PHOTO-PRINCIPALE-1-scaled.jpg","type":"image\/jpeg"}],"twitter_card":"summary_large_image","schema":{"@context":"https:\/\/schema.org","@graph":[{"@type":"WebPage","@id":"https:\/\/www.campinglesoleildor.com\/it\/campeggio-medoc\/","url":"https:\/\/www.campinglesoleildor.com\/it\/campeggio-medoc\/","name":"Campeggio M\u00e9doc con accesso alla spiaggia - Camping Soleil d'Or 3 stelle","isPartOf":{"@id":"https:\/\/www.campinglesoleildor.com\/it\/#website"},"primaryImageOfPage":{"@id":"https:\/\/www.campinglesoleildor.com\/it\/campeggio-medoc\/#primaryimage"},"image":{"@id":"https:\/\/www.campinglesoleildor.com\/it\/campeggio-medoc\/#primaryimage"},"thumbnailUrl":"https:\/\/www.campinglesoleildor.com\/wp-content\/uploads\/2023\/03\/PHOTO-PRINCIPALE-1-scaled.jpg","datePublished":"2023-07-10T14:53:45+00:00","dateModified":"2024-04-25T15:21:16+00:00","description":"Goditi una fantastica vacanza al Camping Soleil d'Or nel M\u00e9doc (Montalivet) nella sua tenuta a 3 stelle con accesso diretto alla spiaggia","breadcrumb":{"@id":"https:\/\/www.campinglesoleildor.com\/it\/campeggio-medoc\/#breadcrumb"},"inLanguage":"it-IT","potentialAction":[{"@type":"ReadAction","target":["https:\/\/www.campinglesoleildor.com\/it\/campeggio-medoc\/"]}]},{"@type":"ImageObject","inLanguage":"it-IT","@id":"https:\/\/www.campinglesoleildor.com\/it\/campeggio-medoc\/#primaryimage","url":"https:\/\/www.campinglesoleildor.com\/wp-content\/uploads\/2023\/03\/PHOTO-PRINCIPALE-1-scaled.jpg","contentUrl":"https:\/\/www.campinglesoleildor.com\/wp-content\/uploads\/2023\/03\/PHOTO-PRINCIPALE-1-scaled.jpg","width":2560,"height":1297},{"@type":"BreadcrumbList","@id":"https:\/\/www.campinglesoleildor.com\/it\/campeggio-medoc\/#breadcrumb","itemListElement":[{"@type":"ListItem","position":1,"name":"Camping Montalivet","item":"https:\/\/www.campinglesoleildor.com\/it\/"},{"@type":"ListItem","position":2,"name":"Il campeggio M\u00e9doc"}]},{"@type":"WebSite","@id":"https:\/\/www.campinglesoleildor.com\/it\/#website","url":"https:\/\/www.campinglesoleildor.com\/it\/","name":"Camping le soleil d&#039;or","description":"","potentialAction":[{"@type":"SearchAction","target":{"@type":"EntryPoint","urlTemplate":"https:\/\/www.campinglesoleildor.com\/it\/?s={search_term_string}"},"query-input":{"@type":"PropertyValueSpecification","valueRequired":true,"valueName":"search_term_string"}}],"inLanguage":"it-IT"}]}},"_links":{"self":[{"href":"https:\/\/www.campinglesoleildor.com\/it\/wp-json\/wp\/v2\/pages\/7934","targetHints":{"allow":["GET"]}}],"collection":[{"href":"https:\/\/www.campinglesoleildor.com\/it\/wp-json\/wp\/v2\/pages"}],"about":[{"href":"https:\/\/www.campinglesoleildor.com\/it\/wp-json\/wp\/v2\/types\/page"}],"author":[{"embeddable":true,"href":"https:\/\/www.campinglesoleildor.com\/it\/wp-json\/wp\/v2\/users\/1"}],"replies":[{"embeddable":true,"href":"https:\/\/www.campinglesoleildor.com\/it\/wp-json\/wp\/v2\/comments?post=7934"}],"version-history":[{"count":4,"href":"https:\/\/www.campinglesoleildor.com\/it\/wp-json\/wp\/v2\/pages\/7934\/revisions"}],"predecessor-version":[{"id":8057,"href":"https:\/\/www.campinglesoleildor.com\/it\/wp-json\/wp\/v2\/pages\/7934\/revisions\/8057"}],"wp:featuredmedia":[{"embeddable":true,"href":"https:\/\/www.campinglesoleildor.com\/it\/wp-json\/wp\/v2\/media\/7936"}],"wp:attachment":[{"href":"https:\/\/www.campinglesoleildor.com\/it\/wp-json\/wp\/v2\/media?parent=7934"}],"curies":[{"name":"wp","href":"https:\/\/api.w.org\/{rel}","templated":true}]}}