{"id":7616,"date":"2021-08-24T10:33:49","date_gmt":"2021-08-24T08:33:49","guid":{"rendered":"https:\/\/www.campinglesoleildor.com\/accueil\/"},"modified":"2024-04-25T14:13:28","modified_gmt":"2024-04-25T12:13:28","slug":"accueil","status":"publish","type":"page","link":"https:\/\/www.campinglesoleildor.com\/es\/","title":{"rendered":"Accueil"},"content":{"rendered":"<div id=\"reassurance\">\n\n\t<div class=\"avantages\"><div class=\"bloc bloc-icon\"><img decoding=\"async\" src=\"https:\/\/www.campinglesoleildor.com\/wp-content\/uploads\/2024\/04\/camping-plage-1.png\" alt=\"\" \/><p>Acceso directo<br>a la playa<\/p><\/div><div class=\"bloc bloc-icon\"><img decoding=\"async\" src=\"https:\/\/www.campinglesoleildor.com\/wp-content\/uploads\/2024\/04\/camping-environnement-1.png\" alt=\"\" \/><p>Medio ambiente<\/p><\/div><div class=\"bloc bloc-icon\"><img decoding=\"async\" src=\"https:\/\/www.campinglesoleildor.com\/wp-content\/uploads\/2024\/04\/logements-equipes-1.png\" alt=\"\" \/><p>Alojamiento<br>equipado<\/p><\/div><div class=\"bloc bloc-icon\"><img decoding=\"async\" src=\"https:\/\/www.campinglesoleildor.com\/wp-content\/uploads\/2024\/04\/personnel-accueillant-1.png\" alt=\"\" \/><p>Personal <br>amable<\/p><\/div><div class=\"bloc bloc-icon\"><img decoding=\"async\" src=\"https:\/\/www.campinglesoleildor.com\/wp-content\/uploads\/2024\/04\/camping-recommande-1.png\" alt=\"\" \/><p>Camping<br>recomendado<\/p><\/div><\/div>\t\n<\/div>\n\n<div class=\"hebergement-home\"><H2>Alojamiento en el camping de Montalivet<\/H2><div class=\"glider-contain glider-contain-hebergements\"><div class=\"hebergements glider\" id=\"glider-hebergements\"><a class=\"hebergement hebergement--init hebergement--style-1 hebergement_link \"id=\"8261\" href=\"https:\/\/www.campinglesoleildor.com\/es\/hebergements\/mobil-home-premium-2-chambres-mercredi\/\"><div class=\"hebergement_image img-overlay\"><img decoding=\"async\" src=\"https:\/\/www.campinglesoleildor.com\/wp-content\/uploads\/2023\/07\/MH-107-DJI_20240918103548_0813_D-R-BD-700x525.jpg\" alt=\"\" class=\"heberg_image\" srcset=\"https:\/\/www.campinglesoleildor.com\/wp-content\/uploads\/2023\/07\/MH-107-DJI_20240918103548_0813_D-R-BD.jpg 2048w, https:\/\/www.campinglesoleildor.com\/wp-content\/uploads\/2023\/07\/MH-107-DJI_20240918103548_0813_D-R-BD-300x200.jpg 300w, https:\/\/www.campinglesoleildor.com\/wp-content\/uploads\/2023\/07\/MH-107-DJI_20240918103548_0813_D-R-BD-1024x683.jpg 1024w, https:\/\/www.campinglesoleildor.com\/wp-content\/uploads\/2023\/07\/MH-107-DJI_20240918103548_0813_D-R-BD-768x512.jpg 768w, https:\/\/www.campinglesoleildor.com\/wp-content\/uploads\/2023\/07\/MH-107-DJI_20240918103548_0813_D-R-BD-1536x1024.jpg 1536w, https:\/\/www.campinglesoleildor.com\/wp-content\/uploads\/2023\/07\/MH-107-DJI_20240918103548_0813_D-R-BD-100x67.jpg 100w\"\/><\/div><div class=\"hebergement_content\"><div class=\"hebergement_titre hebergement_titre decoration\">Casa Movil Premium &#8211; 2 habitaciones &#8211; Mi\u00e9rcoles<\/div><div class=\"hebergement_infos\"><div class=\"hebergement_info\"><img decoding=\"async\" src=\"https:\/\/www.campinglesoleildor.com\/wp-content\/themes\/Nature%26Residence\/images\/superficie.png\" class=\"no-lazy\" alt=\"superficie Casa Movil Premium &#8211; 2 habitaciones &#8211; Mi\u00e9rcoles\" \/>33m2<\/div><div class=\"hebergement_info\"><img decoding=\"async\" src=\"https:\/\/www.campinglesoleildor.com\/wp-content\/themes\/Nature%26Residence\/images\/capacite.png\" class=\"no-lazy\" alt=\"capacit\u00e9 Casa Movil Premium &#8211; 2 habitaciones &#8211; Mi\u00e9rcoles\" \/>4 pers<\/div><div class=\"hebergement_info\"><img decoding=\"async\" src=\"https:\/\/www.campinglesoleildor.com\/wp-content\/themes\/Nature%26Residence\/images\/chambres.png\" class=\"no-lazy\" alt=\"chambres Casa Movil Premium &#8211; 2 habitaciones &#8211; Mi\u00e9rcoles\" \/>2 dormitorios<\/div><\/div><\/div><\/a><a class=\"hebergement hebergement--init hebergement--style-1 hebergement_link \"id=\"8260\" href=\"https:\/\/www.campinglesoleildor.com\/es\/hebergements\/mobil-home-grand-confort-2-chambres-mercredi\/\"><div class=\"hebergement_image img-overlay\"><img decoding=\"async\" src=\"https:\/\/www.campinglesoleildor.com\/wp-content\/uploads\/2023\/07\/MH-64-DJI_20240917152715_0559_D-R-BD-700x525.jpg\" alt=\"\" class=\"heberg_image\" srcset=\"https:\/\/www.campinglesoleildor.com\/wp-content\/uploads\/2023\/07\/MH-64-DJI_20240917152715_0559_D-R-BD.jpg 2048w, https:\/\/www.campinglesoleildor.com\/wp-content\/uploads\/2023\/07\/MH-64-DJI_20240917152715_0559_D-R-BD-300x200.jpg 300w, https:\/\/www.campinglesoleildor.com\/wp-content\/uploads\/2023\/07\/MH-64-DJI_20240917152715_0559_D-R-BD-1024x683.jpg 1024w, https:\/\/www.campinglesoleildor.com\/wp-content\/uploads\/2023\/07\/MH-64-DJI_20240917152715_0559_D-R-BD-768x512.jpg 768w, https:\/\/www.campinglesoleildor.com\/wp-content\/uploads\/2023\/07\/MH-64-DJI_20240917152715_0559_D-R-BD-1536x1024.jpg 1536w, https:\/\/www.campinglesoleildor.com\/wp-content\/uploads\/2023\/07\/MH-64-DJI_20240917152715_0559_D-R-BD-100x67.jpg 100w\"\/><\/div><div class=\"hebergement_content\"><div class=\"hebergement_titre hebergement_titre decoration\">Casa Movil Grand Confort &#8211; 2 habitaciones &#8211; Mi\u00e9rcoles<\/div><div class=\"hebergement_infos\"><div class=\"hebergement_info\"><img decoding=\"async\" src=\"https:\/\/www.campinglesoleildor.com\/wp-content\/themes\/Nature%26Residence\/images\/superficie.png\" class=\"no-lazy\" alt=\"superficie Casa Movil Grand Confort &#8211; 2 habitaciones &#8211; Mi\u00e9rcoles\" \/>27.5m2<\/div><div class=\"hebergement_info\"><img decoding=\"async\" src=\"https:\/\/www.campinglesoleildor.com\/wp-content\/themes\/Nature%26Residence\/images\/capacite.png\" class=\"no-lazy\" alt=\"capacit\u00e9 Casa Movil Grand Confort &#8211; 2 habitaciones &#8211; Mi\u00e9rcoles\" \/>4 pers<\/div><div class=\"hebergement_info\"><img decoding=\"async\" src=\"https:\/\/www.campinglesoleildor.com\/wp-content\/themes\/Nature%26Residence\/images\/chambres.png\" class=\"no-lazy\" alt=\"chambres Casa Movil Grand Confort &#8211; 2 habitaciones &#8211; Mi\u00e9rcoles\" \/>2 dormitorios<\/div><\/div><\/div><\/a><a class=\"hebergement hebergement--init hebergement--style-1 hebergement_link \"id=\"8259\" href=\"https:\/\/www.campinglesoleildor.com\/es\/hebergements\/lodge-1-chambre-vue-ocean-dimanche\/\"><div class=\"hebergement_image img-overlay\"><img decoding=\"async\" src=\"https:\/\/www.campinglesoleildor.com\/wp-content\/uploads\/2023\/02\/lodge-1ch-sam-ext2-W-700x525.jpg\" alt=\"\" class=\"heberg_image\" srcset=\"https:\/\/www.campinglesoleildor.com\/wp-content\/uploads\/2023\/02\/lodge-1ch-sam-ext2-W.jpg 1800w, https:\/\/www.campinglesoleildor.com\/wp-content\/uploads\/2023\/02\/lodge-1ch-sam-ext2-W-300x225.jpg 300w, https:\/\/www.campinglesoleildor.com\/wp-content\/uploads\/2023\/02\/lodge-1ch-sam-ext2-W-1024x768.jpg 1024w, https:\/\/www.campinglesoleildor.com\/wp-content\/uploads\/2023\/02\/lodge-1ch-sam-ext2-W-768x576.jpg 768w, https:\/\/www.campinglesoleildor.com\/wp-content\/uploads\/2023\/02\/lodge-1ch-sam-ext2-W-1536x1152.jpg 1536w, https:\/\/www.campinglesoleildor.com\/wp-content\/uploads\/2023\/02\/lodge-1ch-sam-ext2-W-100x75.jpg 100w, https:\/\/www.campinglesoleildor.com\/wp-content\/uploads\/2023\/02\/lodge-1ch-sam-ext2-W-700x525.jpg 700w, https:\/\/www.campinglesoleildor.com\/wp-content\/uploads\/2023\/02\/lodge-1ch-sam-ext2-W-438x329.jpg 438w\"\/><\/div><div class=\"hebergement_content\"><div class=\"hebergement_titre hebergement_titre decoration\">Lodge &#8211; 1 habitaci\u00f3n &#8211; VISTA AL MAR &#8211; Domingo<\/div><div class=\"hebergement_infos\"><div class=\"hebergement_info\"><img decoding=\"async\" src=\"https:\/\/www.campinglesoleildor.com\/wp-content\/themes\/Nature%26Residence\/images\/superficie.png\" class=\"no-lazy\" alt=\"superficie Lodge &#8211; 1 habitaci\u00f3n &#8211; VISTA AL MAR &#8211; Domingo\" \/>24m2<\/div><div class=\"hebergement_info\"><img decoding=\"async\" src=\"https:\/\/www.campinglesoleildor.com\/wp-content\/themes\/Nature%26Residence\/images\/capacite.png\" class=\"no-lazy\" alt=\"capacit\u00e9 Lodge &#8211; 1 habitaci\u00f3n &#8211; VISTA AL MAR &#8211; Domingo\" \/>4 pers<\/div><div class=\"hebergement_info\"><img decoding=\"async\" src=\"https:\/\/www.campinglesoleildor.com\/wp-content\/themes\/Nature%26Residence\/images\/chambres.png\" class=\"no-lazy\" alt=\"chambres Lodge &#8211; 1 habitaci\u00f3n &#8211; VISTA AL MAR &#8211; Domingo\" \/>1 dormitorio<\/div><\/div><\/div><\/a><a class=\"hebergement hebergement--init hebergement--style-1 hebergement_link \"id=\"8257\" href=\"https:\/\/www.campinglesoleildor.com\/es\/hebergements\/lodge-1-chambre-vue-ocean-samedi\/\"><div class=\"hebergement_image img-overlay\"><img decoding=\"async\" src=\"https:\/\/www.campinglesoleildor.com\/wp-content\/uploads\/2023\/04\/DJI_20240916143349_0274_D-R-BD-700x525.jpg\" alt=\"\" class=\"heberg_image\" srcset=\"https:\/\/www.campinglesoleildor.com\/wp-content\/uploads\/2023\/04\/DJI_20240916143349_0274_D-R-BD.jpg 2048w, https:\/\/www.campinglesoleildor.com\/wp-content\/uploads\/2023\/04\/DJI_20240916143349_0274_D-R-BD-300x200.jpg 300w, https:\/\/www.campinglesoleildor.com\/wp-content\/uploads\/2023\/04\/DJI_20240916143349_0274_D-R-BD-1024x683.jpg 1024w, https:\/\/www.campinglesoleildor.com\/wp-content\/uploads\/2023\/04\/DJI_20240916143349_0274_D-R-BD-768x512.jpg 768w, https:\/\/www.campinglesoleildor.com\/wp-content\/uploads\/2023\/04\/DJI_20240916143349_0274_D-R-BD-1536x1024.jpg 1536w, https:\/\/www.campinglesoleildor.com\/wp-content\/uploads\/2023\/04\/DJI_20240916143349_0274_D-R-BD-100x67.jpg 100w\"\/><\/div><div class=\"hebergement_content\"><div class=\"hebergement_titre hebergement_titre decoration\">Lodge &#8211; 1 habitaci\u00f3n &#8211; VISTA AL MAR &#8211; S\u00e1bado<\/div><div class=\"hebergement_infos\"><div class=\"hebergement_info\"><img decoding=\"async\" src=\"https:\/\/www.campinglesoleildor.com\/wp-content\/themes\/Nature%26Residence\/images\/superficie.png\" class=\"no-lazy\" alt=\"superficie Lodge &#8211; 1 habitaci\u00f3n &#8211; VISTA AL MAR &#8211; S\u00e1bado\" \/>24m2<\/div><div class=\"hebergement_info\"><img decoding=\"async\" src=\"https:\/\/www.campinglesoleildor.com\/wp-content\/themes\/Nature%26Residence\/images\/capacite.png\" class=\"no-lazy\" alt=\"capacit\u00e9 Lodge &#8211; 1 habitaci\u00f3n &#8211; VISTA AL MAR &#8211; S\u00e1bado\" \/>4 pers<\/div><div class=\"hebergement_info\"><img decoding=\"async\" src=\"https:\/\/www.campinglesoleildor.com\/wp-content\/themes\/Nature%26Residence\/images\/chambres.png\" class=\"no-lazy\" alt=\"chambres Lodge &#8211; 1 habitaci\u00f3n &#8211; VISTA AL MAR &#8211; S\u00e1bado\" \/>1 dormitorio<\/div><\/div><\/div><\/a><a class=\"hebergement hebergement--init hebergement--style-1 hebergement_link \"id=\"8255\" href=\"https:\/\/www.campinglesoleildor.com\/es\/hebergements\/mobil-home-premium-3-chambres-vue-ocean\/\"><div class=\"hebergement_image img-overlay\"><img decoding=\"async\" src=\"https:\/\/www.campinglesoleildor.com\/wp-content\/uploads\/2023\/07\/DJI_20240916182601_0405_DR1-R-BD-700x525.jpg\" alt=\"\" class=\"heberg_image\" srcset=\"https:\/\/www.campinglesoleildor.com\/wp-content\/uploads\/2023\/07\/DJI_20240916182601_0405_DR1-R-BD.jpg 2048w, https:\/\/www.campinglesoleildor.com\/wp-content\/uploads\/2023\/07\/DJI_20240916182601_0405_DR1-R-BD-300x200.jpg 300w, https:\/\/www.campinglesoleildor.com\/wp-content\/uploads\/2023\/07\/DJI_20240916182601_0405_DR1-R-BD-1024x683.jpg 1024w, https:\/\/www.campinglesoleildor.com\/wp-content\/uploads\/2023\/07\/DJI_20240916182601_0405_DR1-R-BD-768x512.jpg 768w, https:\/\/www.campinglesoleildor.com\/wp-content\/uploads\/2023\/07\/DJI_20240916182601_0405_DR1-R-BD-1536x1024.jpg 1536w, https:\/\/www.campinglesoleildor.com\/wp-content\/uploads\/2023\/07\/DJI_20240916182601_0405_DR1-R-BD-100x67.jpg 100w\"\/><\/div><div class=\"hebergement_content\"><div class=\"hebergement_titre hebergement_titre decoration\">Casa M\u00f3vil Premium &#8211; 3 habitaciones &#8211; VISTA AL MAR<\/div><div class=\"hebergement_infos\"><div class=\"hebergement_info\"><img decoding=\"async\" src=\"https:\/\/www.campinglesoleildor.com\/wp-content\/themes\/Nature%26Residence\/images\/superficie.png\" class=\"no-lazy\" alt=\"superficie Casa M\u00f3vil Premium &#8211; 3 habitaciones &#8211; VISTA AL MAR\" \/>35m2<\/div><div class=\"hebergement_info\"><img decoding=\"async\" src=\"https:\/\/www.campinglesoleildor.com\/wp-content\/themes\/Nature%26Residence\/images\/capacite.png\" class=\"no-lazy\" alt=\"capacit\u00e9 Casa M\u00f3vil Premium &#8211; 3 habitaciones &#8211; VISTA AL MAR\" \/>6 pers<\/div><div class=\"hebergement_info\"><img decoding=\"async\" src=\"https:\/\/www.campinglesoleildor.com\/wp-content\/themes\/Nature%26Residence\/images\/chambres.png\" class=\"no-lazy\" alt=\"chambres Casa M\u00f3vil Premium &#8211; 3 habitaciones &#8211; VISTA AL MAR\" \/>3 dormitorios<\/div><\/div><\/div><\/a><a class=\"hebergement hebergement--init hebergement--style-1 hebergement_link \"id=\"8252\" href=\"https:\/\/www.campinglesoleildor.com\/es\/hebergements\/mobil-home-premium-3-chambres\/\"><div class=\"hebergement_image img-overlay\"><img decoding=\"async\" src=\"https:\/\/www.campinglesoleildor.com\/wp-content\/uploads\/2023\/07\/DJI_20240918113634_0854_D-R-BD-700x525.jpg\" alt=\"\" class=\"heberg_image\" srcset=\"https:\/\/www.campinglesoleildor.com\/wp-content\/uploads\/2023\/07\/DJI_20240918113634_0854_D-R-BD.jpg 2048w, https:\/\/www.campinglesoleildor.com\/wp-content\/uploads\/2023\/07\/DJI_20240918113634_0854_D-R-BD-300x200.jpg 300w, https:\/\/www.campinglesoleildor.com\/wp-content\/uploads\/2023\/07\/DJI_20240918113634_0854_D-R-BD-1024x683.jpg 1024w, https:\/\/www.campinglesoleildor.com\/wp-content\/uploads\/2023\/07\/DJI_20240918113634_0854_D-R-BD-768x512.jpg 768w, https:\/\/www.campinglesoleildor.com\/wp-content\/uploads\/2023\/07\/DJI_20240918113634_0854_D-R-BD-1536x1024.jpg 1536w, https:\/\/www.campinglesoleildor.com\/wp-content\/uploads\/2023\/07\/DJI_20240918113634_0854_D-R-BD-100x67.jpg 100w\"\/><\/div><div class=\"hebergement_content\"><div class=\"hebergement_titre hebergement_titre decoration\">Casa M\u00f3vil Premium &#8211; 3 dormitorios<\/div><div class=\"hebergement_infos\"><div class=\"hebergement_info\"><img decoding=\"async\" src=\"https:\/\/www.campinglesoleildor.com\/wp-content\/themes\/Nature%26Residence\/images\/superficie.png\" class=\"no-lazy\" alt=\"superficie Casa M\u00f3vil Premium &#8211; 3 dormitorios\" \/>35m2<\/div><div class=\"hebergement_info\"><img decoding=\"async\" src=\"https:\/\/www.campinglesoleildor.com\/wp-content\/themes\/Nature%26Residence\/images\/capacite.png\" class=\"no-lazy\" alt=\"capacit\u00e9 Casa M\u00f3vil Premium &#8211; 3 dormitorios\" \/>6 pers<\/div><div class=\"hebergement_info\"><img decoding=\"async\" src=\"https:\/\/www.campinglesoleildor.com\/wp-content\/themes\/Nature%26Residence\/images\/chambres.png\" class=\"no-lazy\" alt=\"chambres Casa M\u00f3vil Premium &#8211; 3 dormitorios\" \/>3 dormitorios<\/div><\/div><\/div><\/a><a class=\"hebergement hebergement--init hebergement--style-1 hebergement_link \"id=\"8251\" href=\"https:\/\/www.campinglesoleildor.com\/es\/hebergements\/mobil-home-premium-2-chambres-vue-ocean\/\"><div class=\"hebergement_image img-overlay\"><img decoding=\"async\" src=\"https:\/\/www.campinglesoleildor.com\/wp-content\/uploads\/2023\/07\/DJI_20240917183851_0730_D-R-BD-700x525.jpg\" alt=\"\" class=\"heberg_image\" srcset=\"https:\/\/www.campinglesoleildor.com\/wp-content\/uploads\/2023\/07\/DJI_20240917183851_0730_D-R-BD.jpg 2048w, https:\/\/www.campinglesoleildor.com\/wp-content\/uploads\/2023\/07\/DJI_20240917183851_0730_D-R-BD-300x200.jpg 300w, https:\/\/www.campinglesoleildor.com\/wp-content\/uploads\/2023\/07\/DJI_20240917183851_0730_D-R-BD-1024x683.jpg 1024w, https:\/\/www.campinglesoleildor.com\/wp-content\/uploads\/2023\/07\/DJI_20240917183851_0730_D-R-BD-768x512.jpg 768w, https:\/\/www.campinglesoleildor.com\/wp-content\/uploads\/2023\/07\/DJI_20240917183851_0730_D-R-BD-1536x1024.jpg 1536w, https:\/\/www.campinglesoleildor.com\/wp-content\/uploads\/2023\/07\/DJI_20240917183851_0730_D-R-BD-100x67.jpg 100w\"\/><\/div><div class=\"hebergement_content\"><div class=\"hebergement_titre hebergement_titre decoration\">Casa M\u00f3vil Premium &#8211; 2 dormitorios &#8211; VISTA AL MAR<\/div><div class=\"hebergement_infos\"><div class=\"hebergement_info\"><img decoding=\"async\" src=\"https:\/\/www.campinglesoleildor.com\/wp-content\/themes\/Nature%26Residence\/images\/superficie.png\" class=\"no-lazy\" alt=\"superficie Casa M\u00f3vil Premium &#8211; 2 dormitorios &#8211; VISTA AL MAR\" \/>33m2<\/div><div class=\"hebergement_info\"><img decoding=\"async\" src=\"https:\/\/www.campinglesoleildor.com\/wp-content\/themes\/Nature%26Residence\/images\/capacite.png\" class=\"no-lazy\" alt=\"capacit\u00e9 Casa M\u00f3vil Premium &#8211; 2 dormitorios &#8211; VISTA AL MAR\" \/>4 pers<\/div><div class=\"hebergement_info\"><img decoding=\"async\" src=\"https:\/\/www.campinglesoleildor.com\/wp-content\/themes\/Nature%26Residence\/images\/chambres.png\" class=\"no-lazy\" alt=\"chambres Casa M\u00f3vil Premium &#8211; 2 dormitorios &#8211; VISTA AL MAR\" \/>2 dormitorios<\/div><\/div><\/div><\/a><a class=\"hebergement hebergement--init hebergement--style-1 hebergement_link \"id=\"8249\" href=\"https:\/\/www.campinglesoleildor.com\/es\/hebergements\/mobil-home-premium-2-chambres-samedi\/\"><div class=\"hebergement_image img-overlay\"><img decoding=\"async\" src=\"https:\/\/www.campinglesoleildor.com\/wp-content\/uploads\/2023\/07\/MH-107-DJI_20240918103548_0813_D-R-BD-700x525.jpg\" alt=\"\" class=\"heberg_image\" srcset=\"https:\/\/www.campinglesoleildor.com\/wp-content\/uploads\/2023\/07\/MH-107-DJI_20240918103548_0813_D-R-BD.jpg 2048w, https:\/\/www.campinglesoleildor.com\/wp-content\/uploads\/2023\/07\/MH-107-DJI_20240918103548_0813_D-R-BD-300x200.jpg 300w, https:\/\/www.campinglesoleildor.com\/wp-content\/uploads\/2023\/07\/MH-107-DJI_20240918103548_0813_D-R-BD-1024x683.jpg 1024w, https:\/\/www.campinglesoleildor.com\/wp-content\/uploads\/2023\/07\/MH-107-DJI_20240918103548_0813_D-R-BD-768x512.jpg 768w, https:\/\/www.campinglesoleildor.com\/wp-content\/uploads\/2023\/07\/MH-107-DJI_20240918103548_0813_D-R-BD-1536x1024.jpg 1536w, https:\/\/www.campinglesoleildor.com\/wp-content\/uploads\/2023\/07\/MH-107-DJI_20240918103548_0813_D-R-BD-100x67.jpg 100w\"\/><\/div><div class=\"hebergement_content\"><div class=\"hebergement_titre hebergement_titre decoration\">Casa movil Premium &#8211; 2 habitaciones &#8211; S\u00e1bado<\/div><div class=\"hebergement_infos\"><div class=\"hebergement_info\"><img decoding=\"async\" src=\"https:\/\/www.campinglesoleildor.com\/wp-content\/themes\/Nature%26Residence\/images\/superficie.png\" class=\"no-lazy\" alt=\"superficie Casa movil Premium &#8211; 2 habitaciones &#8211; S\u00e1bado\" \/>33m2<\/div><div class=\"hebergement_info\"><img decoding=\"async\" src=\"https:\/\/www.campinglesoleildor.com\/wp-content\/themes\/Nature%26Residence\/images\/capacite.png\" class=\"no-lazy\" alt=\"capacit\u00e9 Casa movil Premium &#8211; 2 habitaciones &#8211; S\u00e1bado\" \/>4 pers<\/div><div class=\"hebergement_info\"><img decoding=\"async\" src=\"https:\/\/www.campinglesoleildor.com\/wp-content\/themes\/Nature%26Residence\/images\/chambres.png\" class=\"no-lazy\" alt=\"chambres Casa movil Premium &#8211; 2 habitaciones &#8211; S\u00e1bado\" \/>2 dormitorios<\/div><\/div><\/div><\/a><a class=\"hebergement hebergement--init hebergement--style-1 hebergement_link \"id=\"8246\" href=\"https:\/\/www.campinglesoleildor.com\/es\/hebergements\/mobil-home-premium-pmr-2-chambres\/\"><div class=\"hebergement_image img-overlay\"><img decoding=\"async\" src=\"https:\/\/www.campinglesoleildor.com\/wp-content\/uploads\/2023\/07\/DJI_20240917163405_0610_D-R-BD-700x525.jpg\" alt=\"\" class=\"heberg_image\" srcset=\"https:\/\/www.campinglesoleildor.com\/wp-content\/uploads\/2023\/07\/DJI_20240917163405_0610_D-R-BD.jpg 2048w, https:\/\/www.campinglesoleildor.com\/wp-content\/uploads\/2023\/07\/DJI_20240917163405_0610_D-R-BD-300x200.jpg 300w, https:\/\/www.campinglesoleildor.com\/wp-content\/uploads\/2023\/07\/DJI_20240917163405_0610_D-R-BD-1024x683.jpg 1024w, https:\/\/www.campinglesoleildor.com\/wp-content\/uploads\/2023\/07\/DJI_20240917163405_0610_D-R-BD-768x512.jpg 768w, https:\/\/www.campinglesoleildor.com\/wp-content\/uploads\/2023\/07\/DJI_20240917163405_0610_D-R-BD-1536x1024.jpg 1536w, https:\/\/www.campinglesoleildor.com\/wp-content\/uploads\/2023\/07\/DJI_20240917163405_0610_D-R-BD-100x67.jpg 100w\"\/><\/div><div class=\"hebergement_content\"><div class=\"hebergement_titre hebergement_titre decoration\">Casa m\u00f3vil Premium PMR &#8211; 2 habitaciones<\/div><div class=\"hebergement_infos\"><div class=\"hebergement_info\"><img decoding=\"async\" src=\"https:\/\/www.campinglesoleildor.com\/wp-content\/themes\/Nature%26Residence\/images\/superficie.png\" class=\"no-lazy\" alt=\"superficie Casa m\u00f3vil Premium PMR &#8211; 2 habitaciones\" \/>31m2<\/div><div class=\"hebergement_info\"><img decoding=\"async\" src=\"https:\/\/www.campinglesoleildor.com\/wp-content\/themes\/Nature%26Residence\/images\/capacite.png\" class=\"no-lazy\" alt=\"capacit\u00e9 Casa m\u00f3vil Premium PMR &#8211; 2 habitaciones\" \/>4 pers<\/div><div class=\"hebergement_info\"><img decoding=\"async\" src=\"https:\/\/www.campinglesoleildor.com\/wp-content\/themes\/Nature%26Residence\/images\/chambres.png\" class=\"no-lazy\" alt=\"chambres Casa m\u00f3vil Premium PMR &#8211; 2 habitaciones\" \/>2 dormitorios<\/div><\/div><\/div><\/a><a class=\"hebergement hebergement--init hebergement--style-1 hebergement_link \"id=\"8152\" href=\"https:\/\/www.campinglesoleildor.com\/es\/hebergements\/mobil-home-grand-confort-3-chambres\/\"><div class=\"hebergement_image img-overlay\"><img decoding=\"async\" src=\"https:\/\/www.campinglesoleildor.com\/wp-content\/uploads\/2023\/02\/MH-22-DJI_20240917171229_0615_D-R-BD-700x525.jpg\" alt=\"\" class=\"heberg_image\" srcset=\"https:\/\/www.campinglesoleildor.com\/wp-content\/uploads\/2023\/02\/MH-22-DJI_20240917171229_0615_D-R-BD.jpg 2048w, https:\/\/www.campinglesoleildor.com\/wp-content\/uploads\/2023\/02\/MH-22-DJI_20240917171229_0615_D-R-BD-300x200.jpg 300w, https:\/\/www.campinglesoleildor.com\/wp-content\/uploads\/2023\/02\/MH-22-DJI_20240917171229_0615_D-R-BD-1024x683.jpg 1024w, https:\/\/www.campinglesoleildor.com\/wp-content\/uploads\/2023\/02\/MH-22-DJI_20240917171229_0615_D-R-BD-768x512.jpg 768w, https:\/\/www.campinglesoleildor.com\/wp-content\/uploads\/2023\/02\/MH-22-DJI_20240917171229_0615_D-R-BD-1536x1024.jpg 1536w, https:\/\/www.campinglesoleildor.com\/wp-content\/uploads\/2023\/02\/MH-22-DJI_20240917171229_0615_D-R-BD-100x67.jpg 100w\"\/><\/div><div class=\"hebergement_content\"><div class=\"hebergement_titre hebergement_titre decoration\">Casa m\u00f3vil Grand Confort &#8211; 3 habitaciones<\/div><div class=\"hebergement_infos\"><div class=\"hebergement_info\"><img decoding=\"async\" src=\"https:\/\/www.campinglesoleildor.com\/wp-content\/themes\/Nature%26Residence\/images\/superficie.png\" class=\"no-lazy\" alt=\"superficie Casa m\u00f3vil Grand Confort &#8211; 3 habitaciones\" \/>30m2<\/div><div class=\"hebergement_info\"><img decoding=\"async\" src=\"https:\/\/www.campinglesoleildor.com\/wp-content\/themes\/Nature%26Residence\/images\/capacite.png\" class=\"no-lazy\" alt=\"capacit\u00e9 Casa m\u00f3vil Grand Confort &#8211; 3 habitaciones\" \/>6 pers<\/div><div class=\"hebergement_info\"><img decoding=\"async\" src=\"https:\/\/www.campinglesoleildor.com\/wp-content\/themes\/Nature%26Residence\/images\/chambres.png\" class=\"no-lazy\" alt=\"chambres Casa m\u00f3vil Grand Confort &#8211; 3 habitaciones\" \/>3 dormitorios<\/div><\/div><\/div><\/a><a class=\"hebergement hebergement--init hebergement--style-1 hebergement_link \"id=\"8141\" href=\"https:\/\/www.campinglesoleildor.com\/es\/hebergements\/mobil-home-grand-confort-2-chambres-dimanche\/\"><div class=\"hebergement_image img-overlay\"><img decoding=\"async\" src=\"https:\/\/www.campinglesoleildor.com\/wp-content\/uploads\/2023\/07\/MH-64-DJI_20240917152715_0559_D-R-BD-700x525.jpg\" alt=\"\" class=\"heberg_image\" srcset=\"https:\/\/www.campinglesoleildor.com\/wp-content\/uploads\/2023\/07\/MH-64-DJI_20240917152715_0559_D-R-BD.jpg 2048w, https:\/\/www.campinglesoleildor.com\/wp-content\/uploads\/2023\/07\/MH-64-DJI_20240917152715_0559_D-R-BD-300x200.jpg 300w, https:\/\/www.campinglesoleildor.com\/wp-content\/uploads\/2023\/07\/MH-64-DJI_20240917152715_0559_D-R-BD-1024x683.jpg 1024w, https:\/\/www.campinglesoleildor.com\/wp-content\/uploads\/2023\/07\/MH-64-DJI_20240917152715_0559_D-R-BD-768x512.jpg 768w, https:\/\/www.campinglesoleildor.com\/wp-content\/uploads\/2023\/07\/MH-64-DJI_20240917152715_0559_D-R-BD-1536x1024.jpg 1536w, https:\/\/www.campinglesoleildor.com\/wp-content\/uploads\/2023\/07\/MH-64-DJI_20240917152715_0559_D-R-BD-100x67.jpg 100w\"\/><\/div><div class=\"hebergement_content\"><div class=\"hebergement_titre hebergement_titre decoration\">Casa m\u00f3vil Grand Confort &#8211; 2 habitaciones &#8211; Domingo<\/div><div class=\"hebergement_infos\"><div class=\"hebergement_info\"><img decoding=\"async\" src=\"https:\/\/www.campinglesoleildor.com\/wp-content\/themes\/Nature%26Residence\/images\/superficie.png\" class=\"no-lazy\" alt=\"superficie Casa m\u00f3vil Grand Confort &#8211; 2 habitaciones &#8211; Domingo\" \/>27.5m2<\/div><div class=\"hebergement_info\"><img decoding=\"async\" src=\"https:\/\/www.campinglesoleildor.com\/wp-content\/themes\/Nature%26Residence\/images\/capacite.png\" class=\"no-lazy\" alt=\"capacit\u00e9 Casa m\u00f3vil Grand Confort &#8211; 2 habitaciones &#8211; Domingo\" \/>4 pers<\/div><div class=\"hebergement_info\"><img decoding=\"async\" src=\"https:\/\/www.campinglesoleildor.com\/wp-content\/themes\/Nature%26Residence\/images\/chambres.png\" class=\"no-lazy\" alt=\"chambres Casa m\u00f3vil Grand Confort &#8211; 2 habitaciones &#8211; Domingo\" \/>2 dormitorios<\/div><\/div><\/div><\/a><a class=\"hebergement hebergement--init hebergement--style-1 hebergement_link \"id=\"8127\" href=\"https:\/\/www.campinglesoleildor.com\/es\/hebergements\/mobil-home-confort-2-chambres-vue-ocean\/\"><div class=\"hebergement_image img-overlay\"><img decoding=\"async\" src=\"https:\/\/www.campinglesoleildor.com\/wp-content\/uploads\/2023\/02\/DJI_20240916191050_0466_D-R-BD-700x525.jpg\" alt=\"\" class=\"heberg_image\" srcset=\"https:\/\/www.campinglesoleildor.com\/wp-content\/uploads\/2023\/02\/DJI_20240916191050_0466_D-R-BD.jpg 2048w, https:\/\/www.campinglesoleildor.com\/wp-content\/uploads\/2023\/02\/DJI_20240916191050_0466_D-R-BD-300x200.jpg 300w, https:\/\/www.campinglesoleildor.com\/wp-content\/uploads\/2023\/02\/DJI_20240916191050_0466_D-R-BD-1024x683.jpg 1024w, https:\/\/www.campinglesoleildor.com\/wp-content\/uploads\/2023\/02\/DJI_20240916191050_0466_D-R-BD-768x512.jpg 768w, https:\/\/www.campinglesoleildor.com\/wp-content\/uploads\/2023\/02\/DJI_20240916191050_0466_D-R-BD-1536x1024.jpg 1536w, https:\/\/www.campinglesoleildor.com\/wp-content\/uploads\/2023\/02\/DJI_20240916191050_0466_D-R-BD-100x67.jpg 100w\"\/><\/div><div class=\"hebergement_content\"><div class=\"hebergement_titre hebergement_titre decoration\">Casa M\u00f3vil Confort &#8211; 2 dormitorios &#8211; VISTA AL MAR<\/div><div class=\"hebergement_infos\"><div class=\"hebergement_info\"><img decoding=\"async\" src=\"https:\/\/www.campinglesoleildor.com\/wp-content\/themes\/Nature%26Residence\/images\/superficie.png\" class=\"no-lazy\" alt=\"superficie Casa M\u00f3vil Confort &#8211; 2 dormitorios &#8211; VISTA AL MAR\" \/>29m2<\/div><div class=\"hebergement_info\"><img decoding=\"async\" src=\"https:\/\/www.campinglesoleildor.com\/wp-content\/themes\/Nature%26Residence\/images\/capacite.png\" class=\"no-lazy\" alt=\"capacit\u00e9 Casa M\u00f3vil Confort &#8211; 2 dormitorios &#8211; VISTA AL MAR\" \/>4 pers<\/div><div class=\"hebergement_info\"><img decoding=\"async\" src=\"https:\/\/www.campinglesoleildor.com\/wp-content\/themes\/Nature%26Residence\/images\/chambres.png\" class=\"no-lazy\" alt=\"chambres Casa M\u00f3vil Confort &#8211; 2 dormitorios &#8211; VISTA AL MAR\" \/>2 dormitorios<\/div><\/div><\/div><\/a><a class=\"hebergement hebergement--init hebergement--style-1 hebergement_link \"id=\"8116\" href=\"https:\/\/www.campinglesoleildor.com\/es\/hebergements\/mobil-home-confort-2-chambres\/\"><div class=\"hebergement_image img-overlay\"><img decoding=\"async\" src=\"https:\/\/www.campinglesoleildor.com\/wp-content\/uploads\/2023\/02\/P1003658R-BD-700x525.jpg\" alt=\"\" class=\"heberg_image\" srcset=\"https:\/\/www.campinglesoleildor.com\/wp-content\/uploads\/2023\/02\/P1003658R-BD.jpg 2048w, https:\/\/www.campinglesoleildor.com\/wp-content\/uploads\/2023\/02\/P1003658R-BD-300x200.jpg 300w, https:\/\/www.campinglesoleildor.com\/wp-content\/uploads\/2023\/02\/P1003658R-BD-1024x683.jpg 1024w, https:\/\/www.campinglesoleildor.com\/wp-content\/uploads\/2023\/02\/P1003658R-BD-768x512.jpg 768w, https:\/\/www.campinglesoleildor.com\/wp-content\/uploads\/2023\/02\/P1003658R-BD-1536x1024.jpg 1536w, https:\/\/www.campinglesoleildor.com\/wp-content\/uploads\/2023\/02\/P1003658R-BD-100x67.jpg 100w\"\/><\/div><div class=\"hebergement_content\"><div class=\"hebergement_titre hebergement_titre decoration\">Casa m\u00f3vil Confort &#8211; 2 dormitorios<\/div><div class=\"hebergement_infos\"><div class=\"hebergement_info\"><img decoding=\"async\" src=\"https:\/\/www.campinglesoleildor.com\/wp-content\/themes\/Nature%26Residence\/images\/superficie.png\" class=\"no-lazy\" alt=\"superficie Casa m\u00f3vil Confort &#8211; 2 dormitorios\" \/>27m2<\/div><div class=\"hebergement_info\"><img decoding=\"async\" src=\"https:\/\/www.campinglesoleildor.com\/wp-content\/themes\/Nature%26Residence\/images\/capacite.png\" class=\"no-lazy\" alt=\"capacit\u00e9 Casa m\u00f3vil Confort &#8211; 2 dormitorios\" \/>4 pers<\/div><div class=\"hebergement_info\"><img decoding=\"async\" src=\"https:\/\/www.campinglesoleildor.com\/wp-content\/themes\/Nature%26Residence\/images\/chambres.png\" class=\"no-lazy\" alt=\"chambres Casa m\u00f3vil Confort &#8211; 2 dormitorios\" \/>2 dormitorios<\/div><\/div><\/div><\/a><a class=\"hebergement hebergement--init hebergement--style-1 hebergement_link \"id=\"8101\" href=\"https:\/\/www.campinglesoleildor.com\/es\/hebergements\/mobil-home-standard-3-chambres\/\"><div class=\"hebergement_image img-overlay\"><img decoding=\"async\" src=\"https:\/\/www.campinglesoleildor.com\/wp-content\/uploads\/2023\/02\/DJI_20240917175133_0677_D-R-BD-700x525.jpg\" alt=\"\" class=\"heberg_image\" srcset=\"https:\/\/www.campinglesoleildor.com\/wp-content\/uploads\/2023\/02\/DJI_20240917175133_0677_D-R-BD.jpg 2048w, https:\/\/www.campinglesoleildor.com\/wp-content\/uploads\/2023\/02\/DJI_20240917175133_0677_D-R-BD-300x200.jpg 300w, https:\/\/www.campinglesoleildor.com\/wp-content\/uploads\/2023\/02\/DJI_20240917175133_0677_D-R-BD-1024x683.jpg 1024w, https:\/\/www.campinglesoleildor.com\/wp-content\/uploads\/2023\/02\/DJI_20240917175133_0677_D-R-BD-768x512.jpg 768w, https:\/\/www.campinglesoleildor.com\/wp-content\/uploads\/2023\/02\/DJI_20240917175133_0677_D-R-BD-1536x1024.jpg 1536w, https:\/\/www.campinglesoleildor.com\/wp-content\/uploads\/2023\/02\/DJI_20240917175133_0677_D-R-BD-100x67.jpg 100w\"\/><\/div><div class=\"hebergement_content\"><div class=\"hebergement_titre hebergement_titre decoration\">Casa M\u00f3vil Est\u00e1ndar &#8211; 3 dormitorios<\/div><div class=\"hebergement_infos\"><div class=\"hebergement_info\"><img decoding=\"async\" src=\"https:\/\/www.campinglesoleildor.com\/wp-content\/themes\/Nature%26Residence\/images\/superficie.png\" class=\"no-lazy\" alt=\"superficie Casa M\u00f3vil Est\u00e1ndar &#8211; 3 dormitorios\" \/>28m2<\/div><div class=\"hebergement_info\"><img decoding=\"async\" src=\"https:\/\/www.campinglesoleildor.com\/wp-content\/themes\/Nature%26Residence\/images\/capacite.png\" class=\"no-lazy\" alt=\"capacit\u00e9 Casa M\u00f3vil Est\u00e1ndar &#8211; 3 dormitorios\" \/>6 pers<\/div><div class=\"hebergement_info\"><img decoding=\"async\" src=\"https:\/\/www.campinglesoleildor.com\/wp-content\/themes\/Nature%26Residence\/images\/chambres.png\" class=\"no-lazy\" alt=\"chambres Casa M\u00f3vil Est\u00e1ndar &#8211; 3 dormitorios\" \/>3 dormitorios<\/div><\/div><\/div><\/a><a class=\"hebergement hebergement--init hebergement--style-1 hebergement_link \"id=\"8087\" href=\"https:\/\/www.campinglesoleildor.com\/es\/hebergements\/mobil-home-standard-2-ch\/\"><div class=\"hebergement_image img-overlay\"><img decoding=\"async\" src=\"https:\/\/www.campinglesoleildor.com\/wp-content\/uploads\/2023\/02\/DJI_20240917160012_0592_D-R-BD-700x525.jpg\" alt=\"\" class=\"heberg_image\" srcset=\"https:\/\/www.campinglesoleildor.com\/wp-content\/uploads\/2023\/02\/DJI_20240917160012_0592_D-R-BD.jpg 2048w, https:\/\/www.campinglesoleildor.com\/wp-content\/uploads\/2023\/02\/DJI_20240917160012_0592_D-R-BD-300x200.jpg 300w, https:\/\/www.campinglesoleildor.com\/wp-content\/uploads\/2023\/02\/DJI_20240917160012_0592_D-R-BD-1024x683.jpg 1024w, https:\/\/www.campinglesoleildor.com\/wp-content\/uploads\/2023\/02\/DJI_20240917160012_0592_D-R-BD-768x512.jpg 768w, https:\/\/www.campinglesoleildor.com\/wp-content\/uploads\/2023\/02\/DJI_20240917160012_0592_D-R-BD-1536x1024.jpg 1536w, https:\/\/www.campinglesoleildor.com\/wp-content\/uploads\/2023\/02\/DJI_20240917160012_0592_D-R-BD-100x67.jpg 100w\"\/><\/div><div class=\"hebergement_content\"><div class=\"hebergement_titre hebergement_titre decoration\">Casa M\u00f3vil Est\u00e1ndar &#8211; 2 dormitorios<\/div><div class=\"hebergement_infos\"><div class=\"hebergement_info\"><img decoding=\"async\" src=\"https:\/\/www.campinglesoleildor.com\/wp-content\/themes\/Nature%26Residence\/images\/superficie.png\" class=\"no-lazy\" alt=\"superficie Casa M\u00f3vil Est\u00e1ndar &#8211; 2 dormitorios\" \/>28m2<\/div><div class=\"hebergement_info\"><img decoding=\"async\" src=\"https:\/\/www.campinglesoleildor.com\/wp-content\/themes\/Nature%26Residence\/images\/capacite.png\" class=\"no-lazy\" alt=\"capacit\u00e9 Casa M\u00f3vil Est\u00e1ndar &#8211; 2 dormitorios\" \/>4 pers<\/div><div class=\"hebergement_info\"><img decoding=\"async\" src=\"https:\/\/www.campinglesoleildor.com\/wp-content\/themes\/Nature%26Residence\/images\/chambres.png\" class=\"no-lazy\" alt=\"chambres Casa M\u00f3vil Est\u00e1ndar &#8211; 2 dormitorios\" \/>2 dormitorios<\/div><\/div><\/div><\/a><\/div><button aria-label=\"Previous\" class=\"glider-prev glider-prev-hebergements\"><\/button><button aria-label=\"Next\" class=\"glider-next glider-next-hebergements\"><\/button><\/div><\/div>\n\n<div class=\"bloc-texte full\"><div class=\"texte center\"><p>Nuestro camping, situado en Vendays-Montalivet, le ofrece una variada gama de parcelas y alojamientos de alquiler para sus vacaciones. Ofrecemos parcelas de 100 a 200 metros cuadrados para sus tiendas y autocaravanas. En estas parcelas pod\u00e9is estar de 1 a 16 personas. Disponemos de una oferta especial de 10% de promoci\u00f3n para estancias largas en temporada baja. Ofrecemos varios tipos de alojamiento: mobil-home est\u00e1ndar, confort, gran confort y tambi\u00e9n un mobil-home premium para su estancia. La superficie de nuestro alojamiento es de 28 metros cuadrados y la del mobil-home para 6 personas es de 35 metros cuadrados. Podr\u00e9is ser de 1 a 4 personas o en mobil-homes m\u00e1s grandes hasta 6 personas en el camping Vendays-Montalivet, un camping de 3 estrellas a dos pasos del mar. Estos alojamientos disponen desde 2 habitaciones hasta 3 habitaciones independientes. Todas las casas m\u00f3viles est\u00e1n equipadas con calefacci\u00f3n, cocina, sal\u00f3n, ba\u00f1o, WC, wifi y terraza. Para el mayor confort y premium, puedes disfrutar del aire acondicionado. No dudes en contarnos tus deseos, podr\u00e1s tener tu alojamiento con vista al mar y se aceptan tus animales (bajo condiciones). Y si le convence, podr\u00e1 comprar una casa m\u00f3vil en Gironda en nuestro camping.<\/p>\n<p>Por \u00faltimo, descubra tambi\u00e9n nuestros alojamientos ins\u00f3litos, como una caba\u00f1a en la arena.<\/p>\n<\/div><\/div>\n\n<div class=\"boutons-row\"><a class=\"bouton\" href=\"\/es\/alquiler-casa-movil-montalivet\/\">Ver todos los alojamientos en alquiler<\/a><a class=\"bouton\" href=\"\/es\/comprar-casa-movil-gironda\/\">Convi\u00e9rtete en propietario<\/a><\/div>\n\n<div class=\"avis\"><div class=\"colonne avis-first\"><img decoding=\"async\" src=\"\/wp-content\/uploads\/2024\/04\/avis-personnes.png\" alt=\"avis personnes\" class=\"avis-personnes\" \/><h2>Que dicen los clientes sobre nosotros<\/h2><p><span>4\/5<\/span> en Google<\/p><img decoding=\"async\" src=\"https:\/\/www.campinglesoleildor.com\/wp-content\/themes\/Nature%26Residence\/images\/4stars.png\" alt=\"avis du vacancier \" class=\"avis-etoiles\"\/><div class=\"boutons-row\"><a class=\"bouton\" href=\"https:\/\/www.google.com\/search?q=camping+le+soleil+d'or&#038;oq=camping+le+soleil+d'or&#038;gs_lcrp=EgZjaHJvbWUqCggAEAAY4wIYgAQyCggAEAAY4wIYgAQyEAgBEC4YrwEYxwEYgAQYmAUyBwgCEAAYgAQyEAgDEC4YrwEYxwEYgAQYmAUyDAgEEAAYFBiHAhiABDIGCAUQRRg8MgYIBhBFGDwyBggHEEUYPNIBCDQzNzlqMGo3qAIAsAIA&#038;sourceid=chrome&#038;ie=UTF-8#lrd=0x4801894ef08ac57d:0xa42891c2820da2e6,1,,,, \" target=\"_blank\" rel=\"nofollow\">Ver rese\u00f1as<\/a><a class=\"bouton\" href=\"https:\/\/www.google.com\/search?q=camping+le+soleil+d'or&#038;oq=camping+le+soleil+d'or&#038;gs_lcrp=EgZjaHJvbWUqCggAEAAY4wIYgAQyCggAEAAY4wIYgAQyEAgBEC4YrwEYxwEYgAQYmAUyBwgCEAAYgAQyEAgDEC4YrwEYxwEYgAQYmAUyDAgEEAAYFBiHAhiABDIGCAUQRRg8MgYIBhBFGDwyBggHEEUYPNIBCDQzNzlqMGo3qAIAsAIA&#038;sourceid=chrome&#038;ie=UTF-8#lrd=0x4801894ef08ac57d:0xa42891c2820da2e6,3,,,,\" target=\"_blank\" rel=\"nofollow\">Enviar una rese\u00f1a<\/a><\/div><\/div><div class=\"colonne avis-second\"><div class=\"avis-single\"><p class=\"titre\">Excelente estancia<\/p><p class=\"contenu\"><span class=\"quote\">\u201c<\/span> Vinimos por 2 d\u00edas a principios de mes y nos quedamos 4 d\u00edas porque est\u00e1bamos muy c\u00f3modos. Luego volvimos por 2 d\u00edas m\u00e1s este fin de semana. Suzanne nos recibi\u00f3 por tel\u00e9fono y en el lugar con gran amabilidad y eficiencia. Las parcelas son grandes. Los ba\u00f1os y el \u00e1rea de lavado est\u00e1n extremadamente limpios y se limpian dos veces al d\u00eda. Justo al lado del mar, todo se hace a pie. Lo recomendamos encarecidamente y definitivamente regresaremos. <span class=\"quote\">\u201d<\/span><\/p><p class=\"auteur\">Sophie<\/p><\/div><div class=\"avis-single\"><p class=\"titre\">Estancia agradable<\/p><p class=\"contenu\"><span class=\"quote\">\u201c<\/span> Gran camping, cerca del oc\u00e9ano. Mucha actividad cercana como el mercado y la calle peatonal a s\u00f3lo unas decenas de metros. El personal es muy agradable. Lo recomiendo mucho para una estancia relajante sin necesidad de utilizar el coche. <span class=\"quote\">\u201d<\/span><\/p><p class=\"auteur\"> grand-esprit 577<\/p><\/div><div class=\"avis-single\"><p class=\"titre\">Estancia fabulosa<\/p><p class=\"contenu\"><span class=\"quote\">\u201c<\/span> Camping muy bien situado cerca de la playa y del centro de la ciudad. Personal atento, ubicaci\u00f3n perfecta,&#8230; realmente agradable. <span class=\"quote\">\u201d<\/span><\/p><p class=\"auteur\">Olivier P<\/p><\/div><\/div><\/div>\n\n<div class=\"liste-de-page-icones-container\"><h2>Los servicios 3 estrellas de nuestro camping en Vendays Montalivet<\/h2><div class=\"liste-de-page-icones\"><a href=\"https:\/\/www.campinglesoleildor.com\/es\/actividades\/\" class=\"cta-icone\"><img decoding=\"async\" src=\"https:\/\/www.campinglesoleildor.com\/wp-content\/uploads\/2024\/04\/loisirs.png\" alt=\"loisirs\"><p>Actividades y entretenimiento<\/p><\/a><a href=\"https:\/\/www.campinglesoleildor.com\/es\/servicios\/\" class=\"cta-icone\"><img decoding=\"async\" src=\"https:\/\/www.campinglesoleildor.com\/wp-content\/uploads\/2024\/04\/services.png\" alt=\"services\"><p>Services<\/p><\/a><a href=\"https:\/\/www.campinglesoleildor.com\/es\/parcelas\/\" class=\"cta-icone\"><img decoding=\"async\" src=\"https:\/\/www.campinglesoleildor.com\/wp-content\/uploads\/2024\/04\/emplacements.png\" alt=\"emplacements\"><p>Reservar mi ubicaci\u00f3n<\/p><\/a><a href=\"https:\/\/www.campinglesoleildor.com\/es\/alquiler-casa-movil-montalivet\/\" class=\"cta-icone\"><img decoding=\"async\" src=\"https:\/\/www.campinglesoleildor.com\/wp-content\/uploads\/2024\/04\/logements-equipes.png\" alt=\"logements \u00e9quip\u00e9s\"><p>Reservar mi casa m\u00f3vil<\/p><\/a><\/div><\/div>\n\n<div class=\"text-image-new style4 image-right\"><div class=\"text-image-new-colonne\"><H2 class=\"text-image-new-titre\">LE SOLEIL d\u2019OR *** Frente al mar en Montalivet (33)<\/H2><div class=\"text-image-new-content\"><p>El camping de 3 estrellas le soleil d&#8217;Or est\u00e1 idealmente situado en la estaci\u00f3n balnearia de Vendays-Montalivet. Cerca del lago Hourtin, nuestro camping defiende el turismo sostenible. Disfrute de sus vacaciones con los pies en el agua en este camping de Montalivet, a dos pasos de la playa.<\/p>\n<p>Elija este entorno de ensue\u00f1o en el coraz\u00f3n del M\u00e9doc en la costa atl\u00e1ntica y m\u00e1s precisamente en la Costa de Plata en Francia para su estancia. Rel\u00e1jese en nada menos que 12 kil\u00f3metros de playas de arena fina. Ni\u00f1os y adultos estar\u00e1n encantados con las actividades deportivas, n\u00e1uticas y culturales que ofrece nuestro camping Vendays-Montalivet en Gironda. Adem\u00e1s del innegable placer de despertarse con el suave sonido del oc\u00e9ano, el camping de 3 estrellas le soleil d\u2019Or le ofrece diversas actividades durante su estancia.<\/p>\n<p>Disfrute de juegos al aire libre con amigos y familiares con una partida de petanca, ping-pong y homeball. Los ni\u00f1os podr\u00e1n divertirse en el parque infantil cerca de su alquiler vacacional. Compite tambi\u00e9n en el interior con una partida de billar y futbol\u00edn. Todos los equipos y juegos est\u00e1n disponibles para alquilar durante sus vacaciones en nuestros campings. Para una actividad m\u00e1s divertida, tambi\u00e9n tienes disponibles libros y juegos de mesa para alquilar. Un bar ofrece bebidas y entrega de pan en la temporada de verano.<\/p>\n<\/div><\/div><div class=\"text-image-new-colonne\"><img decoding=\"async\" src=\"https:\/\/www.campinglesoleildor.com\/wp-content\/uploads\/2023\/02\/phototeque5-W.jpg\" alt=\"camping le soleil d'or\" class=\"text-image-new-thumb\" \/><\/div><\/div>\n\n<div class=\"text-image-new style1 image-left\"><div class=\"text-image-new-colonne\"><H2 class=\"text-image-new-titre\">\u00a1Su camping en el coraz\u00f3n del M\u00e9doc!<\/H2><div class=\"text-image-new-content\"><p>En el coraz\u00f3n de M\u00e9doc, en Gironda, tendr\u00e1 muchas opciones de actividades para elegir. Durante tu estancia, disfruta de un momento inolvidable con familiares y amigos probando los deportes acu\u00e1ticos desde nuestro camping Vendays Montalivet. Seguramente combinar\u00e1 diversi\u00f3n y deportividad. T\u00f3mese un dulce descanso pasando una tarde en el lago Hourtin en el M\u00e9doc en Francia. Realice un viaje en hidropedal, catamar\u00e1n o remo. No olvides tu picnic.<\/p>\n<p>En el coraz\u00f3n del M\u00e9doc, d\u00e9jese sorprender por la serenidad de sus 6.000 hect\u00e1reas de pinos y robles que bordean la estaci\u00f3n balnearia de Vendays-Montalivet. Estad atentos y discretos para tener la oportunidad de ver corzos, jabal\u00edes o ciervos que habitan estos bosques. Disfrute del oc\u00e9ano y la naturaleza utilizando las instalaciones disponibles en estos sitios. Los amantes de los espacios verdes estar\u00e1n encantados con los 30 kil\u00f3metros de carriles bici y los 40 kil\u00f3metros de rutas de senderismo. Conozca la fauna y la flora del M\u00e9doc recorriendo los senderos de la Reserva Natural del Estanque de Casseau y el sendero Berle. Visite la historia de la regi\u00f3n descubriendo los castillos y termine la descripci\u00f3n general con una excursi\u00f3n al faro de Cordouan. Por \u00faltimo, saboree el terru\u00f1o del M\u00e9doc en Aquitania en los numerosos mercados de la Gironda.<\/p>\n<\/div><p class=\"lire-plus\">Leer m\u00e1s<\/p><div class=\"text-image-new-content-more hide\"><p>Gironda, un departamento situado en el suroeste de Francia, en Aquitania, atrae cada a\u00f1o a muchos turistas de vacaciones. Su ubicaci\u00f3n id\u00edlica a lo largo de la costa atl\u00e1ntica y su rica naturaleza, en particular los famosos pinos, lo convierten en un destino muy popular en Aquitania. Muchos lugares se han convertido en visitas obligadas, como la duna de Pilat, la cueva de Par-no-par y otros parques naturales regionales. La Gironda tiene una verdadera identidad hist\u00f3rica, cultural y gastron\u00f3mica, que podr\u00e1 observar y disfrutar mientras pasea por Burdeos o Saint \u00c9milion. Reserve sus pr\u00f3ximas vacaciones en este rico departamento aprovechando nuestro camping de 3 estrellas Montalivet en Gironda.<\/p>\n<\/div><p class=\"lire-moins hide\">Leer menos<\/p><a class=\"bouton\" href=\"\/es\/actividades\/\" >Descubre las actividades para hacer alrededor del camping.<\/a><\/div><div class=\"text-image-new-colonne\"><img decoding=\"async\" src=\"https:\/\/www.campinglesoleildor.com\/wp-content\/uploads\/2022\/11\/SURF2-e1668784919717.jpg\" alt=\"actividades camping sol oro\" class=\"text-image-new-thumb\" \/><\/div><\/div>\n\n<div class=\"images-gallery scroll-x-mobile\"><div class=\"col-image\"><div class=\"image image-1\"><img decoding=\"async\" src=\"https:\/\/www.campinglesoleildor.com\/wp-content\/uploads\/2023\/02\/LA-PINEDE-A-COTE-DU-CAMPING-W.jpg\" alt=\"foret pr\u00e8s du camping gironde\" \/><\/div><\/div><div class=\"col-image\"><div class=\"image image-2\"><img decoding=\"async\" src=\"https:\/\/www.campinglesoleildor.com\/wp-content\/uploads\/2023\/02\/BOULODROME-ET-AIRE-DE-JEUX-W.jpg\" alt=\"Boulodrome et Aire de jeux au camping Montalivet\" \/><\/div><div class=\"image image-3\"><img decoding=\"async\" src=\"https:\/\/www.campinglesoleildor.com\/wp-content\/uploads\/2023\/02\/EMPLACEMENT-VUE-OCEAN-W.jpg\" alt=\"camping emplacements vue mer montalivet\" \/><\/div><div class=\"image image-4\"><img decoding=\"async\" src=\"https:\/\/www.campinglesoleildor.com\/wp-content\/uploads\/2023\/02\/phototeque16-W.jpg\" alt=\"camping bord de mer gironde\" \/><\/div><\/div><div class=\"col-image\"><div class=\"image image-5\"><img decoding=\"async\" src=\"https:\/\/www.campinglesoleildor.com\/wp-content\/uploads\/2023\/02\/EMPLACEMENTS-CAMPING-2-W.jpg\" alt=\"camping nature gironde\" \/><\/div><\/div><\/div>\n\n<div class=\"text-image-new style1 image-right\"><div class=\"text-image-new-colonne\"><H2 class=\"text-image-new-titre\">Disfrute de un camping en Montalivet junto al mar<\/H2><div class=\"text-image-new-content\"><p>Las parcelas de nuestro camping Vendays-Montalivet se encuentran en un entorno excepcional, a s\u00f3lo 100 metros de la playa de Montalivet. Disfrute de un alojamiento en una ubicaci\u00f3n privilegiada para sus vacaciones, con acceso directo a la Costa de Plata en Francia. Cada d\u00eda tienes literalmente los pies en la arena y en pocos pasos podr\u00e1s acceder directamente al oc\u00e9ano gracias a nuestro camping Montalivet junto al mar. Contempla los amaneceres y atardeceres, para sentir la belleza y la grandeza de este paisaje que es uno de ellos. las visitas obligadas. Tambi\u00e9n tendr\u00e1 acceso directo a muchas actividades sin tener que recorrer varios kil\u00f3metros, como pesca, navegaci\u00f3n en arena, surf y voleibol de playa. Tambi\u00e9n dispone de una amplia variedad de playas que parten de Vendays-Montalivet para abastecerse de yodo. Recorra las playas del Centro, Norte y Sur a su propio ritmo y sin atascos y aproveche esta ventaja innegable: un camping en Montalivet junto al mar.<\/p>\n<\/div><a class=\"bouton\" href=\"\/es\/parcelas\/\" >Reserva una parcela<\/a><\/div><div class=\"text-image-new-colonne\"><img decoding=\"async\" src=\"https:\/\/www.campinglesoleildor.com\/wp-content\/uploads\/2023\/02\/EMPLACEMENTS-CAMPING-2-W.jpg\" alt=\"camping sol dorado\" class=\"text-image-new-thumb\" \/><\/div><\/div>\n\n<div class=\"liste-de-page-home\"><h2 class=\"liste-de-page-home-titre\">Actividades para descubrir cerca del camping Montalivet<\/h2><ul class=\"liste-de-page-articles\"><li><a href=\"https:\/\/www.campinglesoleildor.com\/es\/noticias\/trepar-a-los-arboles-montalivet\/\"><div class=\"cta-img\"><img decoding=\"async\" src=\"https:\/\/www.campinglesoleildor.com\/wp-content\/uploads\/2022\/11\/ACTIVITES-scaled-e1668787393248.jpg\" alt=\"\"><\/div><div class=\"cta-titre\">Escalada de \u00e1rboles en Montalivet para una estancia llena de aventuras<\/div><\/a><\/li><li><a href=\"https:\/\/www.campinglesoleildor.com\/es\/noticias\/que-hacer-montalivet\/\"><div class=\"cta-img\"><img decoding=\"async\" src=\"https:\/\/www.campinglesoleildor.com\/wp-content\/uploads\/2022\/11\/SERVICES-1-scaled-e1669116746176.jpg\" alt=\"\"><\/div><div class=\"cta-titre\">\u00bfQu\u00e9 hacer en Montalivet? Las 3 mejores actividades para hacer en esta estaci\u00f3n balnearia de Gironda<\/div><\/a><\/li><li><a href=\"https:\/\/www.campinglesoleildor.com\/es\/noticias\/mercado-montalivet\/\"><div class=\"cta-img\"><img decoding=\"async\" src=\"https:\/\/www.campinglesoleildor.com\/wp-content\/uploads\/2023\/07\/marche-montalivet.jpeg\" alt=\"\"><\/div><div class=\"cta-titre\">El mercado de Montalivet : la actividad estrella de sus vacaciones en camping en Gironda<\/div><\/a><\/li><li><a href=\"https:\/\/www.campinglesoleildor.com\/es\/noticias\/surf-en-montalivet\/\"><div class=\"cta-img\"><img decoding=\"async\" src=\"https:\/\/www.campinglesoleildor.com\/wp-content\/uploads\/2021\/09\/surfer_en_vendee.jpeg\" alt=\"\"><\/div><div class=\"cta-titre\">Surfear en Montalivet : encuentre el material necesario y el lugar ideal para surfear en Gironda<\/div><\/a><\/li><\/ul><\/div>\n\n<div class=\"autres-campings\"><h2>Descubra nuestros otros destinos de Naturaleza y Residencia Ocio<\/h2><div class=\"autres-campings-list\" class=\"scroll-x-mobile\"><a href=\"https:\/\/www.campinglesdunes.fr\/\" target=\"_blank\" rel=\"noopener\" class=\"cta-camping\"><img decoding=\"async\" class=\"cta-camping-image\" src=\"https:\/\/www.campinglesoleildor.com\/wp-content\/uploads\/2023\/03\/LES-DUNES-scaled-1.jpg\" alt=\"\"><p class=\"cta-camping-nom\">Camping les Dunes<img decoding=\"async\" src=\"https:\/\/www.campinglesoleildor.com\/wp-content\/themes\/Nature%26Residence\/images\/5stars-b.png\" alt=\"Camping les Dunes\" \/><\/p><p class=\"cta-camping-legende\">En Vend\u00e9e<\/p><\/a><a href=\"https:\/\/www.campingduvieuxmoulin.fr\/\" target=\"_blank\" rel=\"noopener\" class=\"cta-camping\"><img decoding=\"async\" class=\"cta-camping-image\" src=\"https:\/\/www.campinglesoleildor.com\/wp-content\/uploads\/2023\/03\/VIEUX-MOULIN-scaled-1.jpg\" alt=\"\"><p class=\"cta-camping-nom\">Camping du Vieux Moulin<img decoding=\"async\" src=\"https:\/\/www.campinglesoleildor.com\/wp-content\/themes\/Nature%26Residence\/images\/3stars-b.png\" alt=\"Camping du Vieux Moulin\" \/><\/p><p class=\"cta-camping-legende\">En Gironda<\/p><\/a><a href=\"https:\/\/www.campinglekervastard.com\/\" target=\"_blank\" rel=\"noopener\" class=\"cta-camping\"><img decoding=\"async\" class=\"cta-camping-image\" src=\"https:\/\/www.campinglesoleildor.com\/wp-content\/uploads\/2023\/03\/LE-KERVASTARD-scaled-1.jpg\" alt=\"\"><p class=\"cta-camping-nom\">Camping le Kervastard<img decoding=\"async\" src=\"https:\/\/www.campinglesoleildor.com\/wp-content\/themes\/Nature%26Residence\/images\/3stars-b.png\" alt=\"Camping le Kervastard\" \/><\/p><p class=\"cta-camping-legende\">En Finisterre<\/p><\/a><a href=\"https:\/\/www.camping-ibarron.com\/\" target=\"_blank\" rel=\"noopener\" class=\"cta-camping\"><img decoding=\"async\" class=\"cta-camping-image\" src=\"https:\/\/www.campinglesoleildor.com\/wp-content\/uploads\/2023\/03\/IBARRON-scaled-1.jpg\" alt=\"\"><p class=\"cta-camping-nom\">Camping d&#8217;Ibarron<img decoding=\"async\" src=\"https:\/\/www.campinglesoleildor.com\/wp-content\/themes\/Nature%26Residence\/images\/3stars-b.png\" alt=\"Camping d'Ibarron\" \/><\/p><p class=\"cta-camping-legende\">En el Pa\u00eds Vasco<\/p><\/a><a href=\"https:\/\/lesjardinsdumorbihan.com\/\" target=\"_blank\" rel=\"noopener\" class=\"cta-camping\"><img decoding=\"async\" class=\"cta-camping-image\" src=\"https:\/\/www.campinglesoleildor.com\/wp-content\/uploads\/2023\/03\/LES-JARDINS-DU-MORBIHAN-scaled-1.jpg\" alt=\"\"><p class=\"cta-camping-nom\">Camping les Jardins du Morbihan<img decoding=\"async\" src=\"https:\/\/www.campinglesoleildor.com\/wp-content\/themes\/Nature%26Residence\/images\/4stars-b.png\" alt=\"Camping les Jardins du Morbihan\" \/><\/p><p class=\"cta-camping-legende\">En Morbihan<\/p><\/a><\/div><\/div>","protected":false},"excerpt":{"rendered":"","protected":false},"author":1,"featured_media":9807,"parent":0,"menu_order":0,"comment_status":"closed","ping_status":"closed","template":"","meta":{"_acf_changed":false,"footnotes":""},"class_list":["post-7616","page","type-page","status-publish","has-post-thumbnail","hentry"],"acf":[],"yoast_head":"<!-- This site is optimized with the Yoast SEO plugin v27.5 - https:\/\/yoast.com\/product\/yoast-seo-wordpress\/ -->\n<title>Camping Vendays Montalivet junto al mar - 3 estrellas Le Soleil d\u2019Or<\/title>\n<meta name=\"description\" content=\"\u00a1Reserve ahora su estancia en el camping le soleil d&#039;Or, un camping de 3 estrellas en Montalivet para sus vacaciones en Gironda!\" \/>\n<meta name=\"robots\" content=\"index, follow, max-snippet:-1, max-image-preview:large, max-video-preview:-1\" \/>\n<link rel=\"canonical\" href=\"https:\/\/www.campinglesoleildor.com\/es\/\" \/>\n<meta property=\"og:locale\" content=\"es_ES\" \/>\n<meta property=\"og:type\" content=\"article\" \/>\n<meta property=\"og:title\" content=\"Camping Vendays Montalivet junto al mar - 3 estrellas Le Soleil d\u2019Or\" \/>\n<meta property=\"og:description\" content=\"\u00a1Reserve ahora su estancia en el camping le soleil d&#039;Or, un camping de 3 estrellas en Montalivet para sus vacaciones en Gironda!\" \/>\n<meta property=\"og:url\" content=\"https:\/\/www.campinglesoleildor.com\/es\/\" \/>\n<meta property=\"og:site_name\" content=\"Camping le soleil d&#039;or\" \/>\n<meta property=\"article:modified_time\" content=\"2024-04-25T12:13:28+00:00\" \/>\n<meta property=\"og:image\" content=\"https:\/\/www.campinglesoleildor.com\/wp-content\/uploads\/2024\/04\/camping-soleil-dor.jpg\" \/>\n\t<meta property=\"og:image:width\" content=\"1903\" \/>\n\t<meta property=\"og:image:height\" content=\"920\" \/>\n\t<meta property=\"og:image:type\" content=\"image\/jpeg\" \/>\n<meta name=\"twitter:card\" content=\"summary_large_image\" \/>\n<script type=\"application\/ld+json\" class=\"yoast-schema-graph\">{\"@context\":\"https:\\\/\\\/schema.org\",\"@graph\":[{\"@type\":\"WebPage\",\"@id\":\"https:\\\/\\\/www.campinglesoleildor.com\\\/es\\\/\",\"url\":\"https:\\\/\\\/www.campinglesoleildor.com\\\/es\\\/\",\"name\":\"Camping Vendays Montalivet junto al mar - 3 estrellas Le Soleil d\u2019Or\",\"isPartOf\":{\"@id\":\"https:\\\/\\\/www.campinglesoleildor.com\\\/es\\\/#website\"},\"primaryImageOfPage\":{\"@id\":\"https:\\\/\\\/www.campinglesoleildor.com\\\/es\\\/#primaryimage\"},\"image\":{\"@id\":\"https:\\\/\\\/www.campinglesoleildor.com\\\/es\\\/#primaryimage\"},\"thumbnailUrl\":\"https:\\\/\\\/www.campinglesoleildor.com\\\/wp-content\\\/uploads\\\/2026\\\/01\\\/P1277364-BD.jpg\",\"datePublished\":\"2021-08-24T08:33:49+00:00\",\"dateModified\":\"2024-04-25T12:13:28+00:00\",\"description\":\"\u00a1Reserve ahora su estancia en el camping le soleil d'Or, un camping de 3 estrellas en Montalivet para sus vacaciones en Gironda!\",\"breadcrumb\":{\"@id\":\"https:\\\/\\\/www.campinglesoleildor.com\\\/es\\\/#breadcrumb\"},\"inLanguage\":\"es\",\"potentialAction\":[{\"@type\":\"ReadAction\",\"target\":[\"https:\\\/\\\/www.campinglesoleildor.com\\\/es\\\/\"]}]},{\"@type\":\"ImageObject\",\"inLanguage\":\"es\",\"@id\":\"https:\\\/\\\/www.campinglesoleildor.com\\\/es\\\/#primaryimage\",\"url\":\"https:\\\/\\\/www.campinglesoleildor.com\\\/wp-content\\\/uploads\\\/2026\\\/01\\\/P1277364-BD.jpg\",\"contentUrl\":\"https:\\\/\\\/www.campinglesoleildor.com\\\/wp-content\\\/uploads\\\/2026\\\/01\\\/P1277364-BD.jpg\",\"width\":2048,\"height\":1153},{\"@type\":\"BreadcrumbList\",\"@id\":\"https:\\\/\\\/www.campinglesoleildor.com\\\/es\\\/#breadcrumb\",\"itemListElement\":[{\"@type\":\"ListItem\",\"position\":1,\"name\":\"Camping Montalivet\",\"item\":\"https:\\\/\\\/www.campinglesoleildor.com\\\/es\\\/\"},{\"@type\":\"ListItem\",\"position\":2,\"name\":\"Accueil\"}]},{\"@type\":\"WebSite\",\"@id\":\"https:\\\/\\\/www.campinglesoleildor.com\\\/es\\\/#website\",\"url\":\"https:\\\/\\\/www.campinglesoleildor.com\\\/es\\\/\",\"name\":\"Camping le soleil d&#039;or\",\"description\":\"\",\"potentialAction\":[{\"@type\":\"SearchAction\",\"target\":{\"@type\":\"EntryPoint\",\"urlTemplate\":\"https:\\\/\\\/www.campinglesoleildor.com\\\/es\\\/?s={search_term_string}\"},\"query-input\":{\"@type\":\"PropertyValueSpecification\",\"valueRequired\":true,\"valueName\":\"search_term_string\"}}],\"inLanguage\":\"es\"}]}<\/script>\n<!-- \/ Yoast SEO plugin. -->","yoast_head_json":{"title":"Camping Vendays Montalivet junto al mar - 3 estrellas Le Soleil d\u2019Or","description":"\u00a1Reserve ahora su estancia en el camping le soleil d'Or, un camping de 3 estrellas en Montalivet para sus vacaciones en Gironda!","robots":{"index":"index","follow":"follow","max-snippet":"max-snippet:-1","max-image-preview":"max-image-preview:large","max-video-preview":"max-video-preview:-1"},"canonical":"https:\/\/www.campinglesoleildor.com\/es\/","og_locale":"es_ES","og_type":"article","og_title":"Camping Vendays Montalivet junto al mar - 3 estrellas Le Soleil d\u2019Or","og_description":"\u00a1Reserve ahora su estancia en el camping le soleil d'Or, un camping de 3 estrellas en Montalivet para sus vacaciones en Gironda!","og_url":"https:\/\/www.campinglesoleildor.com\/es\/","og_site_name":"Camping le soleil d&#039;or","article_modified_time":"2024-04-25T12:13:28+00:00","og_image":[{"width":1903,"height":920,"url":"https:\/\/www.campinglesoleildor.com\/wp-content\/uploads\/2024\/04\/camping-soleil-dor.jpg","type":"image\/jpeg"}],"twitter_card":"summary_large_image","schema":{"@context":"https:\/\/schema.org","@graph":[{"@type":"WebPage","@id":"https:\/\/www.campinglesoleildor.com\/es\/","url":"https:\/\/www.campinglesoleildor.com\/es\/","name":"Camping Vendays Montalivet junto al mar - 3 estrellas Le Soleil d\u2019Or","isPartOf":{"@id":"https:\/\/www.campinglesoleildor.com\/es\/#website"},"primaryImageOfPage":{"@id":"https:\/\/www.campinglesoleildor.com\/es\/#primaryimage"},"image":{"@id":"https:\/\/www.campinglesoleildor.com\/es\/#primaryimage"},"thumbnailUrl":"https:\/\/www.campinglesoleildor.com\/wp-content\/uploads\/2026\/01\/P1277364-BD.jpg","datePublished":"2021-08-24T08:33:49+00:00","dateModified":"2024-04-25T12:13:28+00:00","description":"\u00a1Reserve ahora su estancia en el camping le soleil d'Or, un camping de 3 estrellas en Montalivet para sus vacaciones en Gironda!","breadcrumb":{"@id":"https:\/\/www.campinglesoleildor.com\/es\/#breadcrumb"},"inLanguage":"es","potentialAction":[{"@type":"ReadAction","target":["https:\/\/www.campinglesoleildor.com\/es\/"]}]},{"@type":"ImageObject","inLanguage":"es","@id":"https:\/\/www.campinglesoleildor.com\/es\/#primaryimage","url":"https:\/\/www.campinglesoleildor.com\/wp-content\/uploads\/2026\/01\/P1277364-BD.jpg","contentUrl":"https:\/\/www.campinglesoleildor.com\/wp-content\/uploads\/2026\/01\/P1277364-BD.jpg","width":2048,"height":1153},{"@type":"BreadcrumbList","@id":"https:\/\/www.campinglesoleildor.com\/es\/#breadcrumb","itemListElement":[{"@type":"ListItem","position":1,"name":"Camping Montalivet","item":"https:\/\/www.campinglesoleildor.com\/es\/"},{"@type":"ListItem","position":2,"name":"Accueil"}]},{"@type":"WebSite","@id":"https:\/\/www.campinglesoleildor.com\/es\/#website","url":"https:\/\/www.campinglesoleildor.com\/es\/","name":"Camping le soleil d&#039;or","description":"","potentialAction":[{"@type":"SearchAction","target":{"@type":"EntryPoint","urlTemplate":"https:\/\/www.campinglesoleildor.com\/es\/?s={search_term_string}"},"query-input":{"@type":"PropertyValueSpecification","valueRequired":true,"valueName":"search_term_string"}}],"inLanguage":"es"}]}},"_links":{"self":[{"href":"https:\/\/www.campinglesoleildor.com\/es\/wp-json\/wp\/v2\/pages\/7616","targetHints":{"allow":["GET"]}}],"collection":[{"href":"https:\/\/www.campinglesoleildor.com\/es\/wp-json\/wp\/v2\/pages"}],"about":[{"href":"https:\/\/www.campinglesoleildor.com\/es\/wp-json\/wp\/v2\/types\/page"}],"author":[{"embeddable":true,"href":"https:\/\/www.campinglesoleildor.com\/es\/wp-json\/wp\/v2\/users\/1"}],"replies":[{"embeddable":true,"href":"https:\/\/www.campinglesoleildor.com\/es\/wp-json\/wp\/v2\/comments?post=7616"}],"version-history":[{"count":2,"href":"https:\/\/www.campinglesoleildor.com\/es\/wp-json\/wp\/v2\/pages\/7616\/revisions"}],"predecessor-version":[{"id":7731,"href":"https:\/\/www.campinglesoleildor.com\/es\/wp-json\/wp\/v2\/pages\/7616\/revisions\/7731"}],"wp:featuredmedia":[{"embeddable":true,"href":"https:\/\/www.campinglesoleildor.com\/es\/wp-json\/wp\/v2\/media\/9807"}],"wp:attachment":[{"href":"https:\/\/www.campinglesoleildor.com\/es\/wp-json\/wp\/v2\/media?parent=7616"}],"curies":[{"name":"wp","href":"https:\/\/api.w.org\/{rel}","templated":true}]}}