{"id":7391,"date":"2023-07-10T16:53:45","date_gmt":"2023-07-10T14:53:45","guid":{"rendered":"https:\/\/www.campinglesoleildor.com\/camping-medoc\/"},"modified":"2024-04-25T15:26:05","modified_gmt":"2024-04-25T13:26:05","slug":"camping-medoc","status":"publish","type":"page","link":"https:\/\/www.campinglesoleildor.com\/es\/camping-medoc\/","title":{"rendered":"MEDOC"},"content":{"rendered":"<div id=\"reassurance\">\n\n\t<div class=\"avantages\"><div class=\"bloc bloc-icon\"><img decoding=\"async\" src=\"https:\/\/www.campinglesoleildor.com\/wp-content\/uploads\/2024\/04\/camping-plage-1.png\" alt=\"\" \/><p>Acceso directo<br>a la playa<\/p><\/div><div class=\"bloc bloc-icon\"><img decoding=\"async\" src=\"https:\/\/www.campinglesoleildor.com\/wp-content\/uploads\/2024\/04\/camping-environnement-1.png\" alt=\"\" \/><p>Medio ambiente<\/p><\/div><div class=\"bloc bloc-icon\"><img decoding=\"async\" src=\"https:\/\/www.campinglesoleildor.com\/wp-content\/uploads\/2024\/04\/logements-equipes-1.png\" alt=\"\" \/><p>Alojamiento<br>equipado<\/p><\/div><div class=\"bloc bloc-icon\"><img decoding=\"async\" src=\"https:\/\/www.campinglesoleildor.com\/wp-content\/uploads\/2024\/04\/personnel-accueillant-1.png\" alt=\"\" \/><p>Personal <br>amable<\/p><\/div><div class=\"bloc bloc-icon\"><img decoding=\"async\" src=\"https:\/\/www.campinglesoleildor.com\/wp-content\/uploads\/2024\/04\/camping-recommande-1.png\" alt=\"\" \/><p>Camping<br>recomendado<\/p><\/div><\/div>\t\n<\/div>\n\n<div class=\"hebergement-home\"><H2>Alojamiento y parcelas de camping en el M\u00e9doc<\/H2><div class=\"glider-contain glider-contain-hebergements\"><div class=\"hebergements glider\" id=\"glider-hebergements\"><a class=\"hebergement hebergement--init hebergement--style-1 hebergement_link \"id=\"8261\" href=\"https:\/\/www.campinglesoleildor.com\/es\/hebergements\/mobil-home-premium-2-chambres-mercredi\/\"><div class=\"hebergement_image img-overlay\"><img decoding=\"async\" src=\"https:\/\/www.campinglesoleildor.com\/wp-content\/uploads\/2023\/07\/MH-107-DJI_20240918103548_0813_D-R-BD-700x525.jpg\" alt=\"\" class=\"heberg_image\" srcset=\"https:\/\/www.campinglesoleildor.com\/wp-content\/uploads\/2023\/07\/MH-107-DJI_20240918103548_0813_D-R-BD.jpg 2048w, https:\/\/www.campinglesoleildor.com\/wp-content\/uploads\/2023\/07\/MH-107-DJI_20240918103548_0813_D-R-BD-300x200.jpg 300w, https:\/\/www.campinglesoleildor.com\/wp-content\/uploads\/2023\/07\/MH-107-DJI_20240918103548_0813_D-R-BD-1024x683.jpg 1024w, https:\/\/www.campinglesoleildor.com\/wp-content\/uploads\/2023\/07\/MH-107-DJI_20240918103548_0813_D-R-BD-768x512.jpg 768w, https:\/\/www.campinglesoleildor.com\/wp-content\/uploads\/2023\/07\/MH-107-DJI_20240918103548_0813_D-R-BD-1536x1024.jpg 1536w, https:\/\/www.campinglesoleildor.com\/wp-content\/uploads\/2023\/07\/MH-107-DJI_20240918103548_0813_D-R-BD-100x67.jpg 100w\"\/><\/div><div class=\"hebergement_content\"><div class=\"hebergement_titre hebergement_titre decoration\">Casa Movil Premium &#8211; 2 habitaciones &#8211; Mi\u00e9rcoles<\/div><div class=\"hebergement_infos\"><div class=\"hebergement_info\"><img decoding=\"async\" src=\"https:\/\/www.campinglesoleildor.com\/wp-content\/themes\/Nature%26Residence\/images\/superficie.png\" class=\"no-lazy\" alt=\"superficie Casa Movil Premium &#8211; 2 habitaciones &#8211; Mi\u00e9rcoles\" \/>33m2<\/div><div class=\"hebergement_info\"><img decoding=\"async\" src=\"https:\/\/www.campinglesoleildor.com\/wp-content\/themes\/Nature%26Residence\/images\/capacite.png\" class=\"no-lazy\" alt=\"capacit\u00e9 Casa Movil Premium &#8211; 2 habitaciones &#8211; Mi\u00e9rcoles\" \/>4 pers<\/div><div class=\"hebergement_info\"><img decoding=\"async\" src=\"https:\/\/www.campinglesoleildor.com\/wp-content\/themes\/Nature%26Residence\/images\/chambres.png\" class=\"no-lazy\" alt=\"chambres Casa Movil Premium &#8211; 2 habitaciones &#8211; Mi\u00e9rcoles\" \/>2 dormitorios<\/div><\/div><\/div><\/a><a class=\"hebergement hebergement--init hebergement--style-1 hebergement_link \"id=\"8260\" href=\"https:\/\/www.campinglesoleildor.com\/es\/hebergements\/mobil-home-grand-confort-2-chambres-mercredi\/\"><div class=\"hebergement_image img-overlay\"><img decoding=\"async\" src=\"https:\/\/www.campinglesoleildor.com\/wp-content\/uploads\/2023\/07\/MH-64-DJI_20240917152715_0559_D-R-BD-700x525.jpg\" alt=\"\" class=\"heberg_image\" srcset=\"https:\/\/www.campinglesoleildor.com\/wp-content\/uploads\/2023\/07\/MH-64-DJI_20240917152715_0559_D-R-BD.jpg 2048w, https:\/\/www.campinglesoleildor.com\/wp-content\/uploads\/2023\/07\/MH-64-DJI_20240917152715_0559_D-R-BD-300x200.jpg 300w, https:\/\/www.campinglesoleildor.com\/wp-content\/uploads\/2023\/07\/MH-64-DJI_20240917152715_0559_D-R-BD-1024x683.jpg 1024w, https:\/\/www.campinglesoleildor.com\/wp-content\/uploads\/2023\/07\/MH-64-DJI_20240917152715_0559_D-R-BD-768x512.jpg 768w, https:\/\/www.campinglesoleildor.com\/wp-content\/uploads\/2023\/07\/MH-64-DJI_20240917152715_0559_D-R-BD-1536x1024.jpg 1536w, https:\/\/www.campinglesoleildor.com\/wp-content\/uploads\/2023\/07\/MH-64-DJI_20240917152715_0559_D-R-BD-100x67.jpg 100w\"\/><\/div><div class=\"hebergement_content\"><div class=\"hebergement_titre hebergement_titre decoration\">Casa Movil Grand Confort &#8211; 2 habitaciones &#8211; Mi\u00e9rcoles<\/div><div class=\"hebergement_infos\"><div class=\"hebergement_info\"><img decoding=\"async\" src=\"https:\/\/www.campinglesoleildor.com\/wp-content\/themes\/Nature%26Residence\/images\/superficie.png\" class=\"no-lazy\" alt=\"superficie Casa Movil Grand Confort &#8211; 2 habitaciones &#8211; Mi\u00e9rcoles\" \/>27.5m2<\/div><div class=\"hebergement_info\"><img decoding=\"async\" src=\"https:\/\/www.campinglesoleildor.com\/wp-content\/themes\/Nature%26Residence\/images\/capacite.png\" class=\"no-lazy\" alt=\"capacit\u00e9 Casa Movil Grand Confort &#8211; 2 habitaciones &#8211; Mi\u00e9rcoles\" \/>4 pers<\/div><div class=\"hebergement_info\"><img decoding=\"async\" src=\"https:\/\/www.campinglesoleildor.com\/wp-content\/themes\/Nature%26Residence\/images\/chambres.png\" class=\"no-lazy\" alt=\"chambres Casa Movil Grand Confort &#8211; 2 habitaciones &#8211; Mi\u00e9rcoles\" \/>2 dormitorios<\/div><\/div><\/div><\/a><a class=\"hebergement hebergement--init hebergement--style-1 hebergement_link \"id=\"8259\" href=\"https:\/\/www.campinglesoleildor.com\/es\/hebergements\/lodge-1-chambre-vue-ocean-dimanche\/\"><div class=\"hebergement_image img-overlay\"><img decoding=\"async\" src=\"https:\/\/www.campinglesoleildor.com\/wp-content\/uploads\/2023\/02\/lodge-1ch-sam-ext2-W-700x525.jpg\" alt=\"\" class=\"heberg_image\" srcset=\"https:\/\/www.campinglesoleildor.com\/wp-content\/uploads\/2023\/02\/lodge-1ch-sam-ext2-W.jpg 1800w, https:\/\/www.campinglesoleildor.com\/wp-content\/uploads\/2023\/02\/lodge-1ch-sam-ext2-W-300x225.jpg 300w, https:\/\/www.campinglesoleildor.com\/wp-content\/uploads\/2023\/02\/lodge-1ch-sam-ext2-W-1024x768.jpg 1024w, https:\/\/www.campinglesoleildor.com\/wp-content\/uploads\/2023\/02\/lodge-1ch-sam-ext2-W-768x576.jpg 768w, https:\/\/www.campinglesoleildor.com\/wp-content\/uploads\/2023\/02\/lodge-1ch-sam-ext2-W-1536x1152.jpg 1536w, https:\/\/www.campinglesoleildor.com\/wp-content\/uploads\/2023\/02\/lodge-1ch-sam-ext2-W-100x75.jpg 100w, https:\/\/www.campinglesoleildor.com\/wp-content\/uploads\/2023\/02\/lodge-1ch-sam-ext2-W-700x525.jpg 700w, https:\/\/www.campinglesoleildor.com\/wp-content\/uploads\/2023\/02\/lodge-1ch-sam-ext2-W-438x329.jpg 438w\"\/><\/div><div class=\"hebergement_content\"><div class=\"hebergement_titre hebergement_titre decoration\">Lodge &#8211; 1 habitaci\u00f3n &#8211; VISTA AL MAR &#8211; Domingo<\/div><div class=\"hebergement_infos\"><div class=\"hebergement_info\"><img decoding=\"async\" src=\"https:\/\/www.campinglesoleildor.com\/wp-content\/themes\/Nature%26Residence\/images\/superficie.png\" class=\"no-lazy\" alt=\"superficie Lodge &#8211; 1 habitaci\u00f3n &#8211; VISTA AL MAR &#8211; Domingo\" \/>24m2<\/div><div class=\"hebergement_info\"><img decoding=\"async\" src=\"https:\/\/www.campinglesoleildor.com\/wp-content\/themes\/Nature%26Residence\/images\/capacite.png\" class=\"no-lazy\" alt=\"capacit\u00e9 Lodge &#8211; 1 habitaci\u00f3n &#8211; VISTA AL MAR &#8211; Domingo\" \/>4 pers<\/div><div class=\"hebergement_info\"><img decoding=\"async\" src=\"https:\/\/www.campinglesoleildor.com\/wp-content\/themes\/Nature%26Residence\/images\/chambres.png\" class=\"no-lazy\" alt=\"chambres Lodge &#8211; 1 habitaci\u00f3n &#8211; VISTA AL MAR &#8211; Domingo\" \/>1 dormitorio<\/div><\/div><\/div><\/a><a class=\"hebergement hebergement--init hebergement--style-1 hebergement_link \"id=\"8257\" href=\"https:\/\/www.campinglesoleildor.com\/es\/hebergements\/lodge-1-chambre-vue-ocean-samedi\/\"><div class=\"hebergement_image img-overlay\"><img decoding=\"async\" src=\"https:\/\/www.campinglesoleildor.com\/wp-content\/uploads\/2023\/04\/DJI_20240916143349_0274_D-R-BD-700x525.jpg\" alt=\"\" class=\"heberg_image\" srcset=\"https:\/\/www.campinglesoleildor.com\/wp-content\/uploads\/2023\/04\/DJI_20240916143349_0274_D-R-BD.jpg 2048w, https:\/\/www.campinglesoleildor.com\/wp-content\/uploads\/2023\/04\/DJI_20240916143349_0274_D-R-BD-300x200.jpg 300w, https:\/\/www.campinglesoleildor.com\/wp-content\/uploads\/2023\/04\/DJI_20240916143349_0274_D-R-BD-1024x683.jpg 1024w, https:\/\/www.campinglesoleildor.com\/wp-content\/uploads\/2023\/04\/DJI_20240916143349_0274_D-R-BD-768x512.jpg 768w, https:\/\/www.campinglesoleildor.com\/wp-content\/uploads\/2023\/04\/DJI_20240916143349_0274_D-R-BD-1536x1024.jpg 1536w, https:\/\/www.campinglesoleildor.com\/wp-content\/uploads\/2023\/04\/DJI_20240916143349_0274_D-R-BD-100x67.jpg 100w\"\/><\/div><div class=\"hebergement_content\"><div class=\"hebergement_titre hebergement_titre decoration\">Lodge &#8211; 1 habitaci\u00f3n &#8211; VISTA AL MAR &#8211; S\u00e1bado<\/div><div class=\"hebergement_infos\"><div class=\"hebergement_info\"><img decoding=\"async\" src=\"https:\/\/www.campinglesoleildor.com\/wp-content\/themes\/Nature%26Residence\/images\/superficie.png\" class=\"no-lazy\" alt=\"superficie Lodge &#8211; 1 habitaci\u00f3n &#8211; VISTA AL MAR &#8211; S\u00e1bado\" \/>24m2<\/div><div class=\"hebergement_info\"><img decoding=\"async\" src=\"https:\/\/www.campinglesoleildor.com\/wp-content\/themes\/Nature%26Residence\/images\/capacite.png\" class=\"no-lazy\" alt=\"capacit\u00e9 Lodge &#8211; 1 habitaci\u00f3n &#8211; VISTA AL MAR &#8211; S\u00e1bado\" \/>4 pers<\/div><div class=\"hebergement_info\"><img decoding=\"async\" src=\"https:\/\/www.campinglesoleildor.com\/wp-content\/themes\/Nature%26Residence\/images\/chambres.png\" class=\"no-lazy\" alt=\"chambres Lodge &#8211; 1 habitaci\u00f3n &#8211; VISTA AL MAR &#8211; S\u00e1bado\" \/>1 dormitorio<\/div><\/div><\/div><\/a><a class=\"hebergement hebergement--init hebergement--style-1 hebergement_link \"id=\"8255\" href=\"https:\/\/www.campinglesoleildor.com\/es\/hebergements\/mobil-home-premium-3-chambres-vue-ocean\/\"><div class=\"hebergement_image img-overlay\"><img decoding=\"async\" src=\"https:\/\/www.campinglesoleildor.com\/wp-content\/uploads\/2023\/07\/DJI_20240916182601_0405_DR1-R-BD-700x525.jpg\" alt=\"\" class=\"heberg_image\" srcset=\"https:\/\/www.campinglesoleildor.com\/wp-content\/uploads\/2023\/07\/DJI_20240916182601_0405_DR1-R-BD.jpg 2048w, https:\/\/www.campinglesoleildor.com\/wp-content\/uploads\/2023\/07\/DJI_20240916182601_0405_DR1-R-BD-300x200.jpg 300w, https:\/\/www.campinglesoleildor.com\/wp-content\/uploads\/2023\/07\/DJI_20240916182601_0405_DR1-R-BD-1024x683.jpg 1024w, https:\/\/www.campinglesoleildor.com\/wp-content\/uploads\/2023\/07\/DJI_20240916182601_0405_DR1-R-BD-768x512.jpg 768w, https:\/\/www.campinglesoleildor.com\/wp-content\/uploads\/2023\/07\/DJI_20240916182601_0405_DR1-R-BD-1536x1024.jpg 1536w, https:\/\/www.campinglesoleildor.com\/wp-content\/uploads\/2023\/07\/DJI_20240916182601_0405_DR1-R-BD-100x67.jpg 100w\"\/><\/div><div class=\"hebergement_content\"><div class=\"hebergement_titre hebergement_titre decoration\">Casa M\u00f3vil Premium &#8211; 3 habitaciones &#8211; VISTA AL MAR<\/div><div class=\"hebergement_infos\"><div class=\"hebergement_info\"><img decoding=\"async\" src=\"https:\/\/www.campinglesoleildor.com\/wp-content\/themes\/Nature%26Residence\/images\/superficie.png\" class=\"no-lazy\" alt=\"superficie Casa M\u00f3vil Premium &#8211; 3 habitaciones &#8211; VISTA AL MAR\" \/>35m2<\/div><div class=\"hebergement_info\"><img decoding=\"async\" src=\"https:\/\/www.campinglesoleildor.com\/wp-content\/themes\/Nature%26Residence\/images\/capacite.png\" class=\"no-lazy\" alt=\"capacit\u00e9 Casa M\u00f3vil Premium &#8211; 3 habitaciones &#8211; VISTA AL MAR\" \/>6 pers<\/div><div class=\"hebergement_info\"><img decoding=\"async\" src=\"https:\/\/www.campinglesoleildor.com\/wp-content\/themes\/Nature%26Residence\/images\/chambres.png\" class=\"no-lazy\" alt=\"chambres Casa M\u00f3vil Premium &#8211; 3 habitaciones &#8211; VISTA AL MAR\" \/>3 dormitorios<\/div><\/div><\/div><\/a><a class=\"hebergement hebergement--init hebergement--style-1 hebergement_link \"id=\"8252\" href=\"https:\/\/www.campinglesoleildor.com\/es\/hebergements\/mobil-home-premium-3-chambres\/\"><div class=\"hebergement_image img-overlay\"><img decoding=\"async\" src=\"https:\/\/www.campinglesoleildor.com\/wp-content\/uploads\/2023\/07\/DJI_20240918113634_0854_D-R-BD-700x525.jpg\" alt=\"\" class=\"heberg_image\" srcset=\"https:\/\/www.campinglesoleildor.com\/wp-content\/uploads\/2023\/07\/DJI_20240918113634_0854_D-R-BD.jpg 2048w, https:\/\/www.campinglesoleildor.com\/wp-content\/uploads\/2023\/07\/DJI_20240918113634_0854_D-R-BD-300x200.jpg 300w, https:\/\/www.campinglesoleildor.com\/wp-content\/uploads\/2023\/07\/DJI_20240918113634_0854_D-R-BD-1024x683.jpg 1024w, https:\/\/www.campinglesoleildor.com\/wp-content\/uploads\/2023\/07\/DJI_20240918113634_0854_D-R-BD-768x512.jpg 768w, https:\/\/www.campinglesoleildor.com\/wp-content\/uploads\/2023\/07\/DJI_20240918113634_0854_D-R-BD-1536x1024.jpg 1536w, https:\/\/www.campinglesoleildor.com\/wp-content\/uploads\/2023\/07\/DJI_20240918113634_0854_D-R-BD-100x67.jpg 100w\"\/><\/div><div class=\"hebergement_content\"><div class=\"hebergement_titre hebergement_titre decoration\">Casa M\u00f3vil Premium &#8211; 3 dormitorios<\/div><div class=\"hebergement_infos\"><div class=\"hebergement_info\"><img decoding=\"async\" src=\"https:\/\/www.campinglesoleildor.com\/wp-content\/themes\/Nature%26Residence\/images\/superficie.png\" class=\"no-lazy\" alt=\"superficie Casa M\u00f3vil Premium &#8211; 3 dormitorios\" \/>35m2<\/div><div class=\"hebergement_info\"><img decoding=\"async\" src=\"https:\/\/www.campinglesoleildor.com\/wp-content\/themes\/Nature%26Residence\/images\/capacite.png\" class=\"no-lazy\" alt=\"capacit\u00e9 Casa M\u00f3vil Premium &#8211; 3 dormitorios\" \/>6 pers<\/div><div class=\"hebergement_info\"><img decoding=\"async\" src=\"https:\/\/www.campinglesoleildor.com\/wp-content\/themes\/Nature%26Residence\/images\/chambres.png\" class=\"no-lazy\" alt=\"chambres Casa M\u00f3vil Premium &#8211; 3 dormitorios\" \/>3 dormitorios<\/div><\/div><\/div><\/a><a class=\"hebergement hebergement--init hebergement--style-1 hebergement_link \"id=\"8251\" href=\"https:\/\/www.campinglesoleildor.com\/es\/hebergements\/mobil-home-premium-2-chambres-vue-ocean\/\"><div class=\"hebergement_image img-overlay\"><img decoding=\"async\" src=\"https:\/\/www.campinglesoleildor.com\/wp-content\/uploads\/2023\/07\/DJI_20240917183851_0730_D-R-BD-700x525.jpg\" alt=\"\" class=\"heberg_image\" srcset=\"https:\/\/www.campinglesoleildor.com\/wp-content\/uploads\/2023\/07\/DJI_20240917183851_0730_D-R-BD.jpg 2048w, https:\/\/www.campinglesoleildor.com\/wp-content\/uploads\/2023\/07\/DJI_20240917183851_0730_D-R-BD-300x200.jpg 300w, https:\/\/www.campinglesoleildor.com\/wp-content\/uploads\/2023\/07\/DJI_20240917183851_0730_D-R-BD-1024x683.jpg 1024w, https:\/\/www.campinglesoleildor.com\/wp-content\/uploads\/2023\/07\/DJI_20240917183851_0730_D-R-BD-768x512.jpg 768w, https:\/\/www.campinglesoleildor.com\/wp-content\/uploads\/2023\/07\/DJI_20240917183851_0730_D-R-BD-1536x1024.jpg 1536w, https:\/\/www.campinglesoleildor.com\/wp-content\/uploads\/2023\/07\/DJI_20240917183851_0730_D-R-BD-100x67.jpg 100w\"\/><\/div><div class=\"hebergement_content\"><div class=\"hebergement_titre hebergement_titre decoration\">Casa M\u00f3vil Premium &#8211; 2 dormitorios &#8211; VISTA AL MAR<\/div><div class=\"hebergement_infos\"><div class=\"hebergement_info\"><img decoding=\"async\" src=\"https:\/\/www.campinglesoleildor.com\/wp-content\/themes\/Nature%26Residence\/images\/superficie.png\" class=\"no-lazy\" alt=\"superficie Casa M\u00f3vil Premium &#8211; 2 dormitorios &#8211; VISTA AL MAR\" \/>33m2<\/div><div class=\"hebergement_info\"><img decoding=\"async\" src=\"https:\/\/www.campinglesoleildor.com\/wp-content\/themes\/Nature%26Residence\/images\/capacite.png\" class=\"no-lazy\" alt=\"capacit\u00e9 Casa M\u00f3vil Premium &#8211; 2 dormitorios &#8211; VISTA AL MAR\" \/>4 pers<\/div><div class=\"hebergement_info\"><img decoding=\"async\" src=\"https:\/\/www.campinglesoleildor.com\/wp-content\/themes\/Nature%26Residence\/images\/chambres.png\" class=\"no-lazy\" alt=\"chambres Casa M\u00f3vil Premium &#8211; 2 dormitorios &#8211; VISTA AL MAR\" \/>2 dormitorios<\/div><\/div><\/div><\/a><a class=\"hebergement hebergement--init hebergement--style-1 hebergement_link \"id=\"8249\" href=\"https:\/\/www.campinglesoleildor.com\/es\/hebergements\/mobil-home-premium-2-chambres-samedi\/\"><div class=\"hebergement_image img-overlay\"><img decoding=\"async\" src=\"https:\/\/www.campinglesoleildor.com\/wp-content\/uploads\/2023\/07\/MH-107-DJI_20240918103548_0813_D-R-BD-700x525.jpg\" alt=\"\" class=\"heberg_image\" srcset=\"https:\/\/www.campinglesoleildor.com\/wp-content\/uploads\/2023\/07\/MH-107-DJI_20240918103548_0813_D-R-BD.jpg 2048w, https:\/\/www.campinglesoleildor.com\/wp-content\/uploads\/2023\/07\/MH-107-DJI_20240918103548_0813_D-R-BD-300x200.jpg 300w, https:\/\/www.campinglesoleildor.com\/wp-content\/uploads\/2023\/07\/MH-107-DJI_20240918103548_0813_D-R-BD-1024x683.jpg 1024w, https:\/\/www.campinglesoleildor.com\/wp-content\/uploads\/2023\/07\/MH-107-DJI_20240918103548_0813_D-R-BD-768x512.jpg 768w, https:\/\/www.campinglesoleildor.com\/wp-content\/uploads\/2023\/07\/MH-107-DJI_20240918103548_0813_D-R-BD-1536x1024.jpg 1536w, https:\/\/www.campinglesoleildor.com\/wp-content\/uploads\/2023\/07\/MH-107-DJI_20240918103548_0813_D-R-BD-100x67.jpg 100w\"\/><\/div><div class=\"hebergement_content\"><div class=\"hebergement_titre hebergement_titre decoration\">Casa movil Premium &#8211; 2 habitaciones &#8211; S\u00e1bado<\/div><div class=\"hebergement_infos\"><div class=\"hebergement_info\"><img decoding=\"async\" src=\"https:\/\/www.campinglesoleildor.com\/wp-content\/themes\/Nature%26Residence\/images\/superficie.png\" class=\"no-lazy\" alt=\"superficie Casa movil Premium &#8211; 2 habitaciones &#8211; S\u00e1bado\" \/>33m2<\/div><div class=\"hebergement_info\"><img decoding=\"async\" src=\"https:\/\/www.campinglesoleildor.com\/wp-content\/themes\/Nature%26Residence\/images\/capacite.png\" class=\"no-lazy\" alt=\"capacit\u00e9 Casa movil Premium &#8211; 2 habitaciones &#8211; S\u00e1bado\" \/>4 pers<\/div><div class=\"hebergement_info\"><img decoding=\"async\" src=\"https:\/\/www.campinglesoleildor.com\/wp-content\/themes\/Nature%26Residence\/images\/chambres.png\" class=\"no-lazy\" alt=\"chambres Casa movil Premium &#8211; 2 habitaciones &#8211; S\u00e1bado\" \/>2 dormitorios<\/div><\/div><\/div><\/a><a class=\"hebergement hebergement--init hebergement--style-1 hebergement_link \"id=\"8246\" href=\"https:\/\/www.campinglesoleildor.com\/es\/hebergements\/mobil-home-premium-pmr-2-chambres\/\"><div class=\"hebergement_image img-overlay\"><img decoding=\"async\" src=\"https:\/\/www.campinglesoleildor.com\/wp-content\/uploads\/2023\/07\/DJI_20240917163405_0610_D-R-BD-700x525.jpg\" alt=\"\" class=\"heberg_image\" srcset=\"https:\/\/www.campinglesoleildor.com\/wp-content\/uploads\/2023\/07\/DJI_20240917163405_0610_D-R-BD.jpg 2048w, https:\/\/www.campinglesoleildor.com\/wp-content\/uploads\/2023\/07\/DJI_20240917163405_0610_D-R-BD-300x200.jpg 300w, https:\/\/www.campinglesoleildor.com\/wp-content\/uploads\/2023\/07\/DJI_20240917163405_0610_D-R-BD-1024x683.jpg 1024w, https:\/\/www.campinglesoleildor.com\/wp-content\/uploads\/2023\/07\/DJI_20240917163405_0610_D-R-BD-768x512.jpg 768w, https:\/\/www.campinglesoleildor.com\/wp-content\/uploads\/2023\/07\/DJI_20240917163405_0610_D-R-BD-1536x1024.jpg 1536w, https:\/\/www.campinglesoleildor.com\/wp-content\/uploads\/2023\/07\/DJI_20240917163405_0610_D-R-BD-100x67.jpg 100w\"\/><\/div><div class=\"hebergement_content\"><div class=\"hebergement_titre hebergement_titre decoration\">Casa m\u00f3vil Premium PMR &#8211; 2 habitaciones<\/div><div class=\"hebergement_infos\"><div class=\"hebergement_info\"><img decoding=\"async\" src=\"https:\/\/www.campinglesoleildor.com\/wp-content\/themes\/Nature%26Residence\/images\/superficie.png\" class=\"no-lazy\" alt=\"superficie Casa m\u00f3vil Premium PMR &#8211; 2 habitaciones\" \/>31m2<\/div><div class=\"hebergement_info\"><img decoding=\"async\" src=\"https:\/\/www.campinglesoleildor.com\/wp-content\/themes\/Nature%26Residence\/images\/capacite.png\" class=\"no-lazy\" alt=\"capacit\u00e9 Casa m\u00f3vil Premium PMR &#8211; 2 habitaciones\" \/>4 pers<\/div><div class=\"hebergement_info\"><img decoding=\"async\" src=\"https:\/\/www.campinglesoleildor.com\/wp-content\/themes\/Nature%26Residence\/images\/chambres.png\" class=\"no-lazy\" alt=\"chambres Casa m\u00f3vil Premium PMR &#8211; 2 habitaciones\" \/>2 dormitorios<\/div><\/div><\/div><\/a><a class=\"hebergement hebergement--init hebergement--style-1 hebergement_link \"id=\"8152\" href=\"https:\/\/www.campinglesoleildor.com\/es\/hebergements\/mobil-home-grand-confort-3-chambres\/\"><div class=\"hebergement_image img-overlay\"><img decoding=\"async\" src=\"https:\/\/www.campinglesoleildor.com\/wp-content\/uploads\/2023\/02\/MH-22-DJI_20240917171229_0615_D-R-BD-700x525.jpg\" alt=\"\" class=\"heberg_image\" srcset=\"https:\/\/www.campinglesoleildor.com\/wp-content\/uploads\/2023\/02\/MH-22-DJI_20240917171229_0615_D-R-BD.jpg 2048w, https:\/\/www.campinglesoleildor.com\/wp-content\/uploads\/2023\/02\/MH-22-DJI_20240917171229_0615_D-R-BD-300x200.jpg 300w, https:\/\/www.campinglesoleildor.com\/wp-content\/uploads\/2023\/02\/MH-22-DJI_20240917171229_0615_D-R-BD-1024x683.jpg 1024w, https:\/\/www.campinglesoleildor.com\/wp-content\/uploads\/2023\/02\/MH-22-DJI_20240917171229_0615_D-R-BD-768x512.jpg 768w, https:\/\/www.campinglesoleildor.com\/wp-content\/uploads\/2023\/02\/MH-22-DJI_20240917171229_0615_D-R-BD-1536x1024.jpg 1536w, https:\/\/www.campinglesoleildor.com\/wp-content\/uploads\/2023\/02\/MH-22-DJI_20240917171229_0615_D-R-BD-100x67.jpg 100w\"\/><\/div><div class=\"hebergement_content\"><div class=\"hebergement_titre hebergement_titre decoration\">Casa m\u00f3vil Grand Confort &#8211; 3 habitaciones<\/div><div class=\"hebergement_infos\"><div class=\"hebergement_info\"><img decoding=\"async\" src=\"https:\/\/www.campinglesoleildor.com\/wp-content\/themes\/Nature%26Residence\/images\/superficie.png\" class=\"no-lazy\" alt=\"superficie Casa m\u00f3vil Grand Confort &#8211; 3 habitaciones\" \/>30m2<\/div><div class=\"hebergement_info\"><img decoding=\"async\" src=\"https:\/\/www.campinglesoleildor.com\/wp-content\/themes\/Nature%26Residence\/images\/capacite.png\" class=\"no-lazy\" alt=\"capacit\u00e9 Casa m\u00f3vil Grand Confort &#8211; 3 habitaciones\" \/>6 pers<\/div><div class=\"hebergement_info\"><img decoding=\"async\" src=\"https:\/\/www.campinglesoleildor.com\/wp-content\/themes\/Nature%26Residence\/images\/chambres.png\" class=\"no-lazy\" alt=\"chambres Casa m\u00f3vil Grand Confort &#8211; 3 habitaciones\" \/>3 dormitorios<\/div><\/div><\/div><\/a><a class=\"hebergement hebergement--init hebergement--style-1 hebergement_link \"id=\"8141\" href=\"https:\/\/www.campinglesoleildor.com\/es\/hebergements\/mobil-home-grand-confort-2-chambres-dimanche\/\"><div class=\"hebergement_image img-overlay\"><img decoding=\"async\" src=\"https:\/\/www.campinglesoleildor.com\/wp-content\/uploads\/2023\/07\/MH-64-DJI_20240917152715_0559_D-R-BD-700x525.jpg\" alt=\"\" class=\"heberg_image\" srcset=\"https:\/\/www.campinglesoleildor.com\/wp-content\/uploads\/2023\/07\/MH-64-DJI_20240917152715_0559_D-R-BD.jpg 2048w, https:\/\/www.campinglesoleildor.com\/wp-content\/uploads\/2023\/07\/MH-64-DJI_20240917152715_0559_D-R-BD-300x200.jpg 300w, https:\/\/www.campinglesoleildor.com\/wp-content\/uploads\/2023\/07\/MH-64-DJI_20240917152715_0559_D-R-BD-1024x683.jpg 1024w, https:\/\/www.campinglesoleildor.com\/wp-content\/uploads\/2023\/07\/MH-64-DJI_20240917152715_0559_D-R-BD-768x512.jpg 768w, https:\/\/www.campinglesoleildor.com\/wp-content\/uploads\/2023\/07\/MH-64-DJI_20240917152715_0559_D-R-BD-1536x1024.jpg 1536w, https:\/\/www.campinglesoleildor.com\/wp-content\/uploads\/2023\/07\/MH-64-DJI_20240917152715_0559_D-R-BD-100x67.jpg 100w\"\/><\/div><div class=\"hebergement_content\"><div class=\"hebergement_titre hebergement_titre decoration\">Casa m\u00f3vil Grand Confort &#8211; 2 habitaciones &#8211; Domingo<\/div><div class=\"hebergement_infos\"><div class=\"hebergement_info\"><img decoding=\"async\" src=\"https:\/\/www.campinglesoleildor.com\/wp-content\/themes\/Nature%26Residence\/images\/superficie.png\" class=\"no-lazy\" alt=\"superficie Casa m\u00f3vil Grand Confort &#8211; 2 habitaciones &#8211; Domingo\" \/>27.5m2<\/div><div class=\"hebergement_info\"><img decoding=\"async\" src=\"https:\/\/www.campinglesoleildor.com\/wp-content\/themes\/Nature%26Residence\/images\/capacite.png\" class=\"no-lazy\" alt=\"capacit\u00e9 Casa m\u00f3vil Grand Confort &#8211; 2 habitaciones &#8211; Domingo\" \/>4 pers<\/div><div class=\"hebergement_info\"><img decoding=\"async\" src=\"https:\/\/www.campinglesoleildor.com\/wp-content\/themes\/Nature%26Residence\/images\/chambres.png\" class=\"no-lazy\" alt=\"chambres Casa m\u00f3vil Grand Confort &#8211; 2 habitaciones &#8211; Domingo\" \/>2 dormitorios<\/div><\/div><\/div><\/a><a class=\"hebergement hebergement--init hebergement--style-1 hebergement_link \"id=\"8127\" href=\"https:\/\/www.campinglesoleildor.com\/es\/hebergements\/mobil-home-confort-2-chambres-vue-ocean\/\"><div class=\"hebergement_image img-overlay\"><img decoding=\"async\" src=\"https:\/\/www.campinglesoleildor.com\/wp-content\/uploads\/2023\/02\/DJI_20240916191050_0466_D-R-BD-700x525.jpg\" alt=\"\" class=\"heberg_image\" srcset=\"https:\/\/www.campinglesoleildor.com\/wp-content\/uploads\/2023\/02\/DJI_20240916191050_0466_D-R-BD.jpg 2048w, https:\/\/www.campinglesoleildor.com\/wp-content\/uploads\/2023\/02\/DJI_20240916191050_0466_D-R-BD-300x200.jpg 300w, https:\/\/www.campinglesoleildor.com\/wp-content\/uploads\/2023\/02\/DJI_20240916191050_0466_D-R-BD-1024x683.jpg 1024w, https:\/\/www.campinglesoleildor.com\/wp-content\/uploads\/2023\/02\/DJI_20240916191050_0466_D-R-BD-768x512.jpg 768w, https:\/\/www.campinglesoleildor.com\/wp-content\/uploads\/2023\/02\/DJI_20240916191050_0466_D-R-BD-1536x1024.jpg 1536w, https:\/\/www.campinglesoleildor.com\/wp-content\/uploads\/2023\/02\/DJI_20240916191050_0466_D-R-BD-100x67.jpg 100w\"\/><\/div><div class=\"hebergement_content\"><div class=\"hebergement_titre hebergement_titre decoration\">Casa M\u00f3vil Confort &#8211; 2 dormitorios &#8211; VISTA AL MAR<\/div><div class=\"hebergement_infos\"><div class=\"hebergement_info\"><img decoding=\"async\" src=\"https:\/\/www.campinglesoleildor.com\/wp-content\/themes\/Nature%26Residence\/images\/superficie.png\" class=\"no-lazy\" alt=\"superficie Casa M\u00f3vil Confort &#8211; 2 dormitorios &#8211; VISTA AL MAR\" \/>29m2<\/div><div class=\"hebergement_info\"><img decoding=\"async\" src=\"https:\/\/www.campinglesoleildor.com\/wp-content\/themes\/Nature%26Residence\/images\/capacite.png\" class=\"no-lazy\" alt=\"capacit\u00e9 Casa M\u00f3vil Confort &#8211; 2 dormitorios &#8211; VISTA AL MAR\" \/>4 pers<\/div><div class=\"hebergement_info\"><img decoding=\"async\" src=\"https:\/\/www.campinglesoleildor.com\/wp-content\/themes\/Nature%26Residence\/images\/chambres.png\" class=\"no-lazy\" alt=\"chambres Casa M\u00f3vil Confort &#8211; 2 dormitorios &#8211; VISTA AL MAR\" \/>2 dormitorios<\/div><\/div><\/div><\/a><a class=\"hebergement hebergement--init hebergement--style-1 hebergement_link \"id=\"8116\" href=\"https:\/\/www.campinglesoleildor.com\/es\/hebergements\/mobil-home-confort-2-chambres\/\"><div class=\"hebergement_image img-overlay\"><img decoding=\"async\" src=\"https:\/\/www.campinglesoleildor.com\/wp-content\/uploads\/2023\/02\/P1003658R-BD-700x525.jpg\" alt=\"\" class=\"heberg_image\" srcset=\"https:\/\/www.campinglesoleildor.com\/wp-content\/uploads\/2023\/02\/P1003658R-BD.jpg 2048w, https:\/\/www.campinglesoleildor.com\/wp-content\/uploads\/2023\/02\/P1003658R-BD-300x200.jpg 300w, https:\/\/www.campinglesoleildor.com\/wp-content\/uploads\/2023\/02\/P1003658R-BD-1024x683.jpg 1024w, https:\/\/www.campinglesoleildor.com\/wp-content\/uploads\/2023\/02\/P1003658R-BD-768x512.jpg 768w, https:\/\/www.campinglesoleildor.com\/wp-content\/uploads\/2023\/02\/P1003658R-BD-1536x1024.jpg 1536w, https:\/\/www.campinglesoleildor.com\/wp-content\/uploads\/2023\/02\/P1003658R-BD-100x67.jpg 100w\"\/><\/div><div class=\"hebergement_content\"><div class=\"hebergement_titre hebergement_titre decoration\">Casa m\u00f3vil Confort &#8211; 2 dormitorios<\/div><div class=\"hebergement_infos\"><div class=\"hebergement_info\"><img decoding=\"async\" src=\"https:\/\/www.campinglesoleildor.com\/wp-content\/themes\/Nature%26Residence\/images\/superficie.png\" class=\"no-lazy\" alt=\"superficie Casa m\u00f3vil Confort &#8211; 2 dormitorios\" \/>27m2<\/div><div class=\"hebergement_info\"><img decoding=\"async\" src=\"https:\/\/www.campinglesoleildor.com\/wp-content\/themes\/Nature%26Residence\/images\/capacite.png\" class=\"no-lazy\" alt=\"capacit\u00e9 Casa m\u00f3vil Confort &#8211; 2 dormitorios\" \/>4 pers<\/div><div class=\"hebergement_info\"><img decoding=\"async\" src=\"https:\/\/www.campinglesoleildor.com\/wp-content\/themes\/Nature%26Residence\/images\/chambres.png\" class=\"no-lazy\" alt=\"chambres Casa m\u00f3vil Confort &#8211; 2 dormitorios\" \/>2 dormitorios<\/div><\/div><\/div><\/a><a class=\"hebergement hebergement--init hebergement--style-1 hebergement_link \"id=\"8101\" href=\"https:\/\/www.campinglesoleildor.com\/es\/hebergements\/mobil-home-standard-3-chambres\/\"><div class=\"hebergement_image img-overlay\"><img decoding=\"async\" src=\"https:\/\/www.campinglesoleildor.com\/wp-content\/uploads\/2023\/02\/DJI_20240917175133_0677_D-R-BD-700x525.jpg\" alt=\"\" class=\"heberg_image\" srcset=\"https:\/\/www.campinglesoleildor.com\/wp-content\/uploads\/2023\/02\/DJI_20240917175133_0677_D-R-BD.jpg 2048w, https:\/\/www.campinglesoleildor.com\/wp-content\/uploads\/2023\/02\/DJI_20240917175133_0677_D-R-BD-300x200.jpg 300w, https:\/\/www.campinglesoleildor.com\/wp-content\/uploads\/2023\/02\/DJI_20240917175133_0677_D-R-BD-1024x683.jpg 1024w, https:\/\/www.campinglesoleildor.com\/wp-content\/uploads\/2023\/02\/DJI_20240917175133_0677_D-R-BD-768x512.jpg 768w, https:\/\/www.campinglesoleildor.com\/wp-content\/uploads\/2023\/02\/DJI_20240917175133_0677_D-R-BD-1536x1024.jpg 1536w, https:\/\/www.campinglesoleildor.com\/wp-content\/uploads\/2023\/02\/DJI_20240917175133_0677_D-R-BD-100x67.jpg 100w\"\/><\/div><div class=\"hebergement_content\"><div class=\"hebergement_titre hebergement_titre decoration\">Casa M\u00f3vil Est\u00e1ndar &#8211; 3 dormitorios<\/div><div class=\"hebergement_infos\"><div class=\"hebergement_info\"><img decoding=\"async\" src=\"https:\/\/www.campinglesoleildor.com\/wp-content\/themes\/Nature%26Residence\/images\/superficie.png\" class=\"no-lazy\" alt=\"superficie Casa M\u00f3vil Est\u00e1ndar &#8211; 3 dormitorios\" \/>28m2<\/div><div class=\"hebergement_info\"><img decoding=\"async\" src=\"https:\/\/www.campinglesoleildor.com\/wp-content\/themes\/Nature%26Residence\/images\/capacite.png\" class=\"no-lazy\" alt=\"capacit\u00e9 Casa M\u00f3vil Est\u00e1ndar &#8211; 3 dormitorios\" \/>6 pers<\/div><div class=\"hebergement_info\"><img decoding=\"async\" src=\"https:\/\/www.campinglesoleildor.com\/wp-content\/themes\/Nature%26Residence\/images\/chambres.png\" class=\"no-lazy\" alt=\"chambres Casa M\u00f3vil Est\u00e1ndar &#8211; 3 dormitorios\" \/>3 dormitorios<\/div><\/div><\/div><\/a><a class=\"hebergement hebergement--init hebergement--style-1 hebergement_link \"id=\"8087\" href=\"https:\/\/www.campinglesoleildor.com\/es\/hebergements\/mobil-home-standard-2-ch\/\"><div class=\"hebergement_image img-overlay\"><img decoding=\"async\" src=\"https:\/\/www.campinglesoleildor.com\/wp-content\/uploads\/2023\/02\/DJI_20240917160012_0592_D-R-BD-700x525.jpg\" alt=\"\" class=\"heberg_image\" srcset=\"https:\/\/www.campinglesoleildor.com\/wp-content\/uploads\/2023\/02\/DJI_20240917160012_0592_D-R-BD.jpg 2048w, https:\/\/www.campinglesoleildor.com\/wp-content\/uploads\/2023\/02\/DJI_20240917160012_0592_D-R-BD-300x200.jpg 300w, https:\/\/www.campinglesoleildor.com\/wp-content\/uploads\/2023\/02\/DJI_20240917160012_0592_D-R-BD-1024x683.jpg 1024w, https:\/\/www.campinglesoleildor.com\/wp-content\/uploads\/2023\/02\/DJI_20240917160012_0592_D-R-BD-768x512.jpg 768w, https:\/\/www.campinglesoleildor.com\/wp-content\/uploads\/2023\/02\/DJI_20240917160012_0592_D-R-BD-1536x1024.jpg 1536w, https:\/\/www.campinglesoleildor.com\/wp-content\/uploads\/2023\/02\/DJI_20240917160012_0592_D-R-BD-100x67.jpg 100w\"\/><\/div><div class=\"hebergement_content\"><div class=\"hebergement_titre hebergement_titre decoration\">Casa M\u00f3vil Est\u00e1ndar &#8211; 2 dormitorios<\/div><div class=\"hebergement_infos\"><div class=\"hebergement_info\"><img decoding=\"async\" src=\"https:\/\/www.campinglesoleildor.com\/wp-content\/themes\/Nature%26Residence\/images\/superficie.png\" class=\"no-lazy\" alt=\"superficie Casa M\u00f3vil Est\u00e1ndar &#8211; 2 dormitorios\" \/>28m2<\/div><div class=\"hebergement_info\"><img decoding=\"async\" src=\"https:\/\/www.campinglesoleildor.com\/wp-content\/themes\/Nature%26Residence\/images\/capacite.png\" class=\"no-lazy\" alt=\"capacit\u00e9 Casa M\u00f3vil Est\u00e1ndar &#8211; 2 dormitorios\" \/>4 pers<\/div><div class=\"hebergement_info\"><img decoding=\"async\" src=\"https:\/\/www.campinglesoleildor.com\/wp-content\/themes\/Nature%26Residence\/images\/chambres.png\" class=\"no-lazy\" alt=\"chambres Casa M\u00f3vil Est\u00e1ndar &#8211; 2 dormitorios\" \/>2 dormitorios<\/div><\/div><\/div><\/a><\/div><button aria-label=\"Previous\" class=\"glider-prev glider-prev-hebergements\"><\/button><button aria-label=\"Next\" class=\"glider-next glider-next-hebergements\"><\/button><\/div><\/div>\n\n<div class=\"bloc-texte full\"><div class=\"texte center\"><p>Para sus vacaciones en Gironda en temporada alta o baja, \u00a1encuentre el alojamiento que necesita! En <a href=\"\/es\/\">Soleil d\u2019Or<\/a>, camping en el M\u00e9doc, podr\u00e1 elegir entre alquilar una casa m\u00f3vil o alquilar parcelas para su tienda, autocaravana o caravana:<\/p>\n<ul>\n<li>Alquiler de una casa m\u00f3vil: est\u00e1ndar, confort, alto confort o casa m\u00f3vil premium. Superficies que van desde los 28m\u00b2 hasta los 35m\u00b2, para 1 a 6 personas. Cada alojamiento dispone de calefacci\u00f3n, cocina equipada con vajilla incluida, sal\u00f3n, ba\u00f1o independiente del aseo, desde 2 hasta 3 dormitorios y terraza. Las casas m\u00f3viles de alto confort y premium tambi\u00e9n ofrecen aire acondicionado.<\/li>\n<li>Alquiler de parcelas de entre 100 y 200 m\u00b2, de 1 a 16 personas. Aprovecha un 10% de descuento en este alquiler de larga estancia durante la temporada baja.<\/li>\n<\/ul>\n<p>Durante su estancia en Nueva Aquitania, descubra nuestro camping en M\u00e9doc. Entre alquiler de parcelas y alquiler de mobil-homes, \u00a1encuentre el alojamiento que mejor se adapte a sus expectativas para estas vacaciones con sus hijos o amigos! Adem\u00e1s, podr\u00e1s llevar a tus peque\u00f1os peludos a nuestra zona donde se aceptan mascotas (bajo condiciones).<\/p>\n<\/div><\/div>\n\n<div class=\"boutons-row\"><a class=\"bouton\" href=\"https:\/\/bookingpremium.secureholiday.net\/es\/1629\/?_ga=2.228890270.303162879.1689234592-1346263245.1679581661&#038;_gl=1%2a1srs56d%2a_ga%2aMTM0NjI2MzI0NS4xNjc5NTgxNjYx%2a_ga_XPC41C70DM%2aMTY4OTIzNDU5MS4xNy4xLjE2ODkyNDAzNjQuMC4wLjA.\" target=\"_blank\" rel=\"noopener\">Descubre nuestro alojamiento<\/a><a class=\"bouton\" href=\"\/es\/comprar-casa-movil-gironda\/\">Convi\u00e9rtete en propietario<\/a><\/div>\n\n<div class=\"avis\"><div class=\"colonne avis-first\"><img decoding=\"async\" src=\"\/wp-content\/uploads\/2024\/04\/avis-personnes.png\" alt=\"avis personnes\" class=\"avis-personnes\" \/><h2>Lo que los clientes dicen sobre nosotros<\/h2><p><span>4\/5<\/span> en Google<\/p><img decoding=\"async\" src=\"https:\/\/www.campinglesoleildor.com\/wp-content\/themes\/Nature%26Residence\/images\/4stars.png\" alt=\"avis du vacancier \" class=\"avis-etoiles\"\/><div class=\"boutons-row\"><a class=\"bouton\" href=\"https:\/\/www.google.com\/search?q=camping+le+soleil+d'or&#038;oq=camping+le+soleil+d'or&#038;gs_lcrp=EgZjaHJvbWUqCggAEAAY4wIYgAQyCggAEAAY4wIYgAQyEAgBEC4YrwEYxwEYgAQYmAUyBwgCEAAYgAQyEAgDEC4YrwEYxwEYgAQYmAUyDAgEEAAYFBiHAhiABDIGCAUQRRg8MgYIBhBFGDwyBggHEEUYPNIBCDQzNzlqMGo3qAIAsAIA&#038;sourceid=chrome&#038;ie=UTF-8#lrd=0x4801894ef08ac57d:0xa42891c2820da2e6,1,,,, \" target=\"_blank\" rel=\"nofollow\">Ver rese\u00f1as<\/a><a class=\"bouton\" href=\"https:\/\/www.google.com\/search?q=camping+le+soleil+d'or&#038;oq=camping+le+soleil+d'or&#038;gs_lcrp=EgZjaHJvbWUqCggAEAAY4wIYgAQyCggAEAAY4wIYgAQyEAgBEC4YrwEYxwEYgAQYmAUyBwgCEAAYgAQyEAgDEC4YrwEYxwEYgAQYmAUyDAgEEAAYFBiHAhiABDIGCAUQRRg8MgYIBhBFGDwyBggHEEUYPNIBCDQzNzlqMGo3qAIAsAIA&#038;sourceid=chrome&#038;ie=UTF-8#lrd=0x4801894ef08ac57d:0xa42891c2820da2e6,3,,,,\" target=\"_blank\" rel=\"nofollow\">Enviar una rese\u00f1a<\/a><\/div><\/div><div class=\"colonne avis-second\"><div class=\"avis-single\"><p class=\"titre\">Muy buena estancia<\/p><p class=\"contenu\"><span class=\"quote\">\u201c<\/span> Excelente ubicaci\u00f3n cerca del oc\u00e9ano, del centro de Montalivet les Bains, del skate park frente al camping a la salida. Mobil-home est\u00e1ndar reservado del 30\/07 al 06\/08 muy bien ubicado, limpio, c\u00f3modo. Agradable director del camping. Las pizzas son buenas <span class=\"quote\">\u201d<\/span><\/p><p class=\"auteur\">C\u00e9lyn Revault<\/p><\/div><div class=\"avis-single\"><p class=\"titre\">Muy buena estancia<\/p><p class=\"contenu\"><span class=\"quote\">\u201c<\/span> Gran camping, cerca del oc\u00e9ano. Mucha actividad cercana como el mercado y la calle peatonal a s\u00f3lo unas decenas de metros. El personal es muy agradable. Lo recomiendo mucho para una estancia relajante sin necesidad de utilizar el coche. <span class=\"quote\">\u201d<\/span><\/p><p class=\"auteur\"> grand-esprit 577<\/p><\/div><div class=\"avis-single\"><p class=\"titre\">Muy buena estancia<\/p><p class=\"contenu\"><span class=\"quote\">\u201c<\/span> Camping muy bien situado cerca de la playa y del centro de la ciudad. Personal atento, ubicaci\u00f3n perfecta,&#8230; realmente agradable. <span class=\"quote\">\u201d<\/span><\/p><p class=\"auteur\">Olivier P<\/p><\/div><\/div><\/div>\n\n<div class=\"liste-de-page-icones-container\"><h2>Un camping con servicios estrella en Vendays-Montalivet, en el M\u00e9doc<\/h2><div class=\"liste-de-page-icones\"><a href=\"https:\/\/www.campinglesoleildor.com\/es\/actividades\/\" class=\"cta-icone\"><img decoding=\"async\" src=\"https:\/\/www.campinglesoleildor.com\/wp-content\/uploads\/2024\/04\/loisirs.png\" alt=\"loisirs\"><p>Actividades y entretenimiento<\/p><\/a><a href=\"https:\/\/www.campinglesoleildor.com\/es\/servicios\/\" class=\"cta-icone\"><img decoding=\"async\" src=\"https:\/\/www.campinglesoleildor.com\/wp-content\/uploads\/2024\/04\/services.png\" alt=\"services\"><p>Servicios<\/p><\/a><a href=\"https:\/\/www.campinglesoleildor.com\/es\/parcelas\/\" class=\"cta-icone\"><img decoding=\"async\" src=\"https:\/\/www.campinglesoleildor.com\/wp-content\/uploads\/2024\/04\/emplacements.png\" alt=\"emplacements\"><p>Reservar mi ubicaci\u00f3n<\/p><\/a><a href=\"https:\/\/www.campinglesoleildor.com\/es\/alquiler-casa-movil-montalivet\/\" class=\"cta-icone\"><img decoding=\"async\" src=\"https:\/\/www.campinglesoleildor.com\/wp-content\/uploads\/2024\/04\/logements-equipes.png\" alt=\"logements \u00e9quip\u00e9s\"><p>Reservar mi casa m\u00f3vil<\/p><\/a><\/div><\/div>\n\n<div class=\"text-image-new style4 image-right\"><div class=\"text-image-new-colonne\"><H2 class=\"text-image-new-titre\">Un camping confortable en el M\u00e9doc para sus vacaciones en Gironda<\/H2><div class=\"text-image-new-content\"><p>\u00bfEst\u00e1n previstas tus pr\u00f3ximas vacaciones en Gironda? Descubra la estaci\u00f3n balnearia de Vendays-Montalivet y sus selectos campings. Entre ellos, nuestro camping del M\u00e9doc le acoge en su establecimiento estrellado cerca del lago de Hourtin. Esta excepcional finca le ofrece una estancia privilegiada y a s\u00f3lo unos minutos de la playa. 12 kil\u00f3metros de playas de arena fina te esperan durante tus vacaciones en la costa atl\u00e1ntica, en el sur de Francia. Nadar o broncearse, tendr\u00e1 a su disposici\u00f3n un momento de relajaci\u00f3n en cada playa del M\u00e9doc, en compa\u00f1\u00eda de sus hijos o de sus amigos.<\/p>\n<p>Para una estancia inolvidable en el sur de Francia, nuestro camping en el M\u00e9doc ofrece un alojamiento confortable (alquiler de una casa m\u00f3vil a su elecci\u00f3n con cada dormitorio independiente) y amplias parcelas. Tanto si le gusta la comodidad de una casa m\u00f3vil con aire acondicionado como si prefiere una estancia lo m\u00e1s cercana a la naturaleza posible, encontrar\u00e1 lo que busca en nuestro dominio con estrella Michelin en Nueva Aquitania que admite mascotas. Y despu\u00e9s de una noche relajante, disfrute de una copa rom\u00e1ntica en el bar del camping.<\/p>\n<\/div><p class=\"lire-plus\">Leer m\u00e1s<\/p><div class=\"text-image-new-content-more hide\"><p>Nuestro camping en el M\u00e9doc tambi\u00e9n le ofrece una variedad de actividades durante su semana o fin de semana de vacaciones: deportivas, n\u00e1uticas y culturales. Desaf\u00eda a tus hijos al ping-pong, desaf\u00eda a tu amigo a la petanca o juega al homeball en equipo. Tambi\u00e9n disponemos de un parque infantil en el coraz\u00f3n de nuestro establecimiento para entretener a toda la familia. Por \u00faltimo, en nuestro camping se pueden alquilar libros y juegos de mesa.<\/p>\n<\/div><p class=\"lire-moins hide\">Leer menos<\/p><\/div><div class=\"text-image-new-colonne\"><img decoding=\"async\" src=\"https:\/\/www.campinglesoleildor.com\/wp-content\/uploads\/2024\/04\/camping-montalivet-soleil-dor.jpg\" alt=\"camping montalivet\" class=\"text-image-new-thumb\" \/><\/div><\/div>\n\n<div class=\"text-image-new style1 image-left\"><div class=\"text-image-new-colonne\"><H2 class=\"text-image-new-titre\">\u00a1Su camping en un entorno natural en el M\u00e9doc!<\/H2><div class=\"text-image-new-content\"><p>\u00bfConoces Nueva Aquitania y sus maravillas? Entre los departamentos imprescindibles que ofrece, Gironda ofrece numerosas actividades y entretenimientos para descubrir con ni\u00f1os, familiares o amigos. D\u00e9 un paseo por la tarde por el sublime lago de Hourtin y sus aguas trasl\u00facidas, a pocos minutos de nuestro camping en el M\u00e9doc. Paseos en hidropedales, en catamar\u00e1n o en remo tambi\u00e9n le esperan durante sus vacaciones en el sur de Francia.<\/p>\n<p>Durante su fin de semana o su estancia de una semana, el M\u00e9doc le descubre sus 6.000 hect\u00e1reas de pinos y robles para un viaje de aventura a la Gironda. En el coraz\u00f3n de esta naturaleza verde, es posible que tengas la suerte de ver corzos o corzos. Una actividad muy prometedora para toda la familia, \u00a1tanto ni\u00f1os como adultos!<\/p>\n<\/div><p class=\"lire-plus\">Leer m\u00e1s<\/p><div class=\"text-image-new-content-more hide\"><p>A pocos pasos de la playa, nuestro camping en M\u00e9doc le ofrece la oportunidad de disfrutar del oc\u00e9ano. Por los alrededores discurren 30 kil\u00f3metros de carriles bici y 40 kil\u00f3metros de rutas de senderismo. Ideal para descubrir la flora y la fauna de la Gironda en bicicleta o a pie. Vaya a la Reserva Natural Etang de Cousseau para vivir un momento a\u00fan m\u00e1s especial. Nueva Aquitania tambi\u00e9n revela su patrimonio hist\u00f3rico y cultural: los castillos y el faro de Cordouan.<\/p>\n<\/div><p class=\"lire-moins hide\">Leer menos<\/p><\/div><div class=\"text-image-new-colonne\"><img decoding=\"async\" src=\"https:\/\/www.campinglesoleildor.com\/wp-content\/uploads\/2024\/04\/emploi-camping-montalivet.jpg\" alt=\"Camping naturaleza M\u00e9doc\" class=\"text-image-new-thumb\" \/><\/div><\/div>\n\n<div class=\"text-image-new style1 image-right background-marron\"><div class=\"text-image-new-colonne\"><div class=\"text-image-new-content\"><p>\u00a1Quien dice vacaciones en el sur de Francia dice gastronom\u00eda! Aproveche este pied-\u00e0-terre que le ofrece nuestro camping en el M\u00e9doc para realizar una salida culinaria durante la cual descubrir\u00e1 el terru\u00f1o de la regi\u00f3n.<\/p>\n<p>\u00bfListo para viajar por Gironda durante tus vacaciones familiares? Disfruta del entorno id\u00edlico que te ofrece Nueva Aquitania, situada en el suroeste de Francia. Si sus numerosos pinos lo hacen famoso, hay lugares tur\u00edsticos que descubrir durante su estancia en camping en el M\u00e9doc, entre ellos:<\/p>\n<ul>\n<li>Ciudades de renombre: Burdeos o Saint-Emilion<\/li>\n<li>La Duna de Pilat<\/li>\n<li>La cueva de los pares sin pareja<\/li>\n<li>parques naturales regionales<\/li>\n<\/ul>\n<p>Para aprovechar al m\u00e1ximo todas estas actividades en Gironda, reserve ahora su estancia en nuestro camping M\u00e9doc en Vendays-Montalivet que le ofrece total comodidad: alojamiento con aire acondicionado, parque infantil y una ubicaci\u00f3n geogr\u00e1fica ideal junto a la playa. \u00a1No necesitas una piscina para tener los pies en el agua!<\/p>\n<\/div><\/div><div class=\"text-image-new-colonne\"><img decoding=\"async\" src=\"https:\/\/www.campinglesoleildor.com\/wp-content\/uploads\/2024\/04\/tourisme-camping-gironde.jpg\" alt=\"\" class=\"text-image-new-thumb\" \/><\/div><\/div>\n\n<div class=\"text-image-new style1 image-left\"><div class=\"text-image-new-colonne\"><H2 class=\"text-image-new-titre\">Disfruta acampando en la playa del M\u00e9doc<\/H2><div class=\"text-image-new-content\"><p>Tanto si opta por alquilar una parcela como alquilar una habitaci\u00f3n en un alojamiento confortable, en temporada alta o baja, aproveche nuestra privilegiada situaci\u00f3n geogr\u00e1fica, a pocos metros de la playa de Montalivet. La Costa de Plata est\u00e1 a su disposici\u00f3n durante sus vacaciones en el sur de Francia en nuestro camping M\u00e9doc. \u00a1Nuestra finca junto al mar te ofrece la oportunidad de pasar una tarde inolvidable con tus hijos gracias a su proximidad a la playa! Ya no necesitar\u00e1s una piscina para nadar o disfrutar de una sesi\u00f3n de bronceado en la fina arena. Gracias a nuestro camping junto al mar en el M\u00e9doc, son posibles numerosas actividades acu\u00e1ticas como el surf o la pesca. Dir\u00edgete a la playa de tu elecci\u00f3n para disfrutar plenamente de tus vacaciones en Nueva Aquitania. Center Beach, North Beach o South Beach, usted elige entre todos estos rincones del para\u00edso cerca de nuestro camping con estrella.<\/p>\n<\/div><a class=\"bouton\" href=\"\/es\/parcelas\/\" >Reserva una ubicaci\u00f3n<\/a><\/div><div class=\"text-image-new-colonne\"><img decoding=\"async\" src=\"https:\/\/www.campinglesoleildor.com\/wp-content\/uploads\/2024\/04\/emplacement-camping-medoc.jpg\" alt=\"camping playa medoc\" class=\"text-image-new-thumb\" \/><\/div><\/div>\n\n<div class=\"autres-campings\"><h2>Descubra nuestros otros destinos de Naturaleza y Residencia Ocio<\/h2><div class=\"autres-campings-list\" class=\"scroll-x-mobile\"><a href=\"https:\/\/www.campinglesdunes.fr\/\" target=\"_blank\" rel=\"noopener\" class=\"cta-camping\"><img decoding=\"async\" class=\"cta-camping-image\" src=\"https:\/\/www.campinglesoleildor.com\/wp-content\/uploads\/2023\/03\/LES-DUNES-scaled-1.jpg\" alt=\"\"><p class=\"cta-camping-nom\">Camping les Dunes<img decoding=\"async\" src=\"https:\/\/www.campinglesoleildor.com\/wp-content\/themes\/Nature%26Residence\/images\/5stars-b.png\" alt=\"Camping les Dunes\" \/><\/p><p class=\"cta-camping-legende\">En Vend\u00e9e<\/p><\/a><a href=\"https:\/\/www.campingduvieuxmoulin.fr\/\" target=\"_blank\" rel=\"noopener\" class=\"cta-camping\"><img decoding=\"async\" class=\"cta-camping-image\" src=\"https:\/\/www.campinglesoleildor.com\/wp-content\/uploads\/2023\/03\/VIEUX-MOULIN-scaled-1.jpg\" alt=\"\"><p class=\"cta-camping-nom\">Camping du Vieux Moulin<img decoding=\"async\" src=\"https:\/\/www.campinglesoleildor.com\/wp-content\/themes\/Nature%26Residence\/images\/2stars-b.png\" alt=\"Camping du Vieux Moulin\" \/><\/p><p class=\"cta-camping-legende\">En Gironda<\/p><\/a><a href=\"https:\/\/www.campinglekervastard.com\/\" target=\"_blank\" rel=\"noopener\" class=\"cta-camping\"><img decoding=\"async\" class=\"cta-camping-image\" src=\"https:\/\/www.campinglesoleildor.com\/wp-content\/uploads\/2023\/03\/LE-KERVASTARD-scaled-1.jpg\" alt=\"\"><p class=\"cta-camping-nom\">Camping le Kervastard<img decoding=\"async\" src=\"https:\/\/www.campinglesoleildor.com\/wp-content\/themes\/Nature%26Residence\/images\/3stars-b.png\" alt=\"Camping le Kervastard\" \/><\/p><p class=\"cta-camping-legende\">En Finisterre<\/p><\/a><a href=\"https:\/\/www.camping-ibarron.com\/\" target=\"_blank\" rel=\"noopener\" class=\"cta-camping\"><img decoding=\"async\" class=\"cta-camping-image\" src=\"https:\/\/www.campinglesoleildor.com\/wp-content\/uploads\/2023\/03\/IBARRON-scaled-1.jpg\" alt=\"\"><p class=\"cta-camping-nom\">Camping d&#8217;Ibarron<img decoding=\"async\" src=\"https:\/\/www.campinglesoleildor.com\/wp-content\/themes\/Nature%26Residence\/images\/3stars-b.png\" alt=\"Camping d'Ibarron\" \/><\/p><p class=\"cta-camping-legende\">En el Pa\u00eds Vasco<\/p><\/a><a href=\"https:\/\/lesjardinsdumorbihan.com\/\" target=\"_blank\" rel=\"noopener\" class=\"cta-camping\"><img decoding=\"async\" class=\"cta-camping-image\" src=\"https:\/\/www.campinglesoleildor.com\/wp-content\/uploads\/2023\/03\/LES-JARDINS-DU-MORBIHAN-scaled-1.jpg\" alt=\"\"><p class=\"cta-camping-nom\">Camping les Jardins du Morbihan<img decoding=\"async\" src=\"https:\/\/www.campinglesoleildor.com\/wp-content\/themes\/Nature%26Residence\/images\/4stars-b.png\" alt=\"Camping les Jardins du Morbihan\" \/><\/p><p class=\"cta-camping-legende\">En Morbihan<\/p><\/a><\/div><\/div>","protected":false},"excerpt":{"rendered":"","protected":false},"author":1,"featured_media":7393,"parent":0,"menu_order":0,"comment_status":"closed","ping_status":"closed","template":"","meta":{"_acf_changed":false,"footnotes":""},"class_list":["post-7391","page","type-page","status-publish","has-post-thumbnail","hentry"],"acf":[],"yoast_head":"<!-- This site is optimized with the Yoast SEO plugin v27.5 - https:\/\/yoast.com\/product\/yoast-seo-wordpress\/ -->\n<title>Camping M\u00e9doc con acceso a la playa - Camping Soleil d\u2019Or 3 estrellas<\/title>\n<meta name=\"description\" content=\"Disfrute de unas estupendas vacaciones en el Camping Soleil d\u2019Or en M\u00e9doc (Montalivet) en su finca de 3 estrellas con acceso directo a la playa\" \/>\n<meta name=\"robots\" content=\"index, follow, max-snippet:-1, max-image-preview:large, max-video-preview:-1\" \/>\n<link rel=\"canonical\" href=\"https:\/\/www.campinglesoleildor.com\/es\/camping-medoc\/\" \/>\n<meta property=\"og:locale\" content=\"es_ES\" \/>\n<meta property=\"og:type\" content=\"article\" \/>\n<meta property=\"og:title\" content=\"Camping M\u00e9doc con acceso a la playa - Camping Soleil d\u2019Or 3 estrellas\" \/>\n<meta property=\"og:description\" content=\"Disfrute de unas estupendas vacaciones en el Camping Soleil d\u2019Or en M\u00e9doc (Montalivet) en su finca de 3 estrellas con acceso directo a la playa\" \/>\n<meta property=\"og:url\" content=\"https:\/\/www.campinglesoleildor.com\/es\/camping-medoc\/\" \/>\n<meta property=\"og:site_name\" content=\"Camping le soleil d&#039;or\" \/>\n<meta property=\"article:modified_time\" content=\"2024-04-25T13:26:05+00:00\" \/>\n<meta property=\"og:image\" content=\"https:\/\/www.campinglesoleildor.com\/wp-content\/uploads\/2023\/03\/PHOTO-PRINCIPALE-1-scaled.jpg\" \/>\n\t<meta property=\"og:image:width\" content=\"2560\" \/>\n\t<meta property=\"og:image:height\" content=\"1297\" \/>\n\t<meta property=\"og:image:type\" content=\"image\/jpeg\" \/>\n<meta name=\"twitter:card\" content=\"summary_large_image\" \/>\n<script type=\"application\/ld+json\" class=\"yoast-schema-graph\">{\"@context\":\"https:\\\/\\\/schema.org\",\"@graph\":[{\"@type\":\"WebPage\",\"@id\":\"https:\\\/\\\/www.campinglesoleildor.com\\\/es\\\/camping-medoc\\\/\",\"url\":\"https:\\\/\\\/www.campinglesoleildor.com\\\/es\\\/camping-medoc\\\/\",\"name\":\"Camping M\u00e9doc con acceso a la playa - Camping Soleil d\u2019Or 3 estrellas\",\"isPartOf\":{\"@id\":\"https:\\\/\\\/www.campinglesoleildor.com\\\/es\\\/#website\"},\"primaryImageOfPage\":{\"@id\":\"https:\\\/\\\/www.campinglesoleildor.com\\\/es\\\/camping-medoc\\\/#primaryimage\"},\"image\":{\"@id\":\"https:\\\/\\\/www.campinglesoleildor.com\\\/es\\\/camping-medoc\\\/#primaryimage\"},\"thumbnailUrl\":\"https:\\\/\\\/www.campinglesoleildor.com\\\/wp-content\\\/uploads\\\/2023\\\/03\\\/PHOTO-PRINCIPALE-1-scaled.jpg\",\"datePublished\":\"2023-07-10T14:53:45+00:00\",\"dateModified\":\"2024-04-25T13:26:05+00:00\",\"description\":\"Disfrute de unas estupendas vacaciones en el Camping Soleil d\u2019Or en M\u00e9doc (Montalivet) en su finca de 3 estrellas con acceso directo a la playa\",\"breadcrumb\":{\"@id\":\"https:\\\/\\\/www.campinglesoleildor.com\\\/es\\\/camping-medoc\\\/#breadcrumb\"},\"inLanguage\":\"es\",\"potentialAction\":[{\"@type\":\"ReadAction\",\"target\":[\"https:\\\/\\\/www.campinglesoleildor.com\\\/es\\\/camping-medoc\\\/\"]}]},{\"@type\":\"ImageObject\",\"inLanguage\":\"es\",\"@id\":\"https:\\\/\\\/www.campinglesoleildor.com\\\/es\\\/camping-medoc\\\/#primaryimage\",\"url\":\"https:\\\/\\\/www.campinglesoleildor.com\\\/wp-content\\\/uploads\\\/2023\\\/03\\\/PHOTO-PRINCIPALE-1-scaled.jpg\",\"contentUrl\":\"https:\\\/\\\/www.campinglesoleildor.com\\\/wp-content\\\/uploads\\\/2023\\\/03\\\/PHOTO-PRINCIPALE-1-scaled.jpg\",\"width\":2560,\"height\":1297},{\"@type\":\"BreadcrumbList\",\"@id\":\"https:\\\/\\\/www.campinglesoleildor.com\\\/es\\\/camping-medoc\\\/#breadcrumb\",\"itemListElement\":[{\"@type\":\"ListItem\",\"position\":1,\"name\":\"Camping Montalivet\",\"item\":\"https:\\\/\\\/www.campinglesoleildor.com\\\/es\\\/\"},{\"@type\":\"ListItem\",\"position\":2,\"name\":\"Camping M\u00e9doc\"}]},{\"@type\":\"WebSite\",\"@id\":\"https:\\\/\\\/www.campinglesoleildor.com\\\/es\\\/#website\",\"url\":\"https:\\\/\\\/www.campinglesoleildor.com\\\/es\\\/\",\"name\":\"Camping le soleil d&#039;or\",\"description\":\"\",\"potentialAction\":[{\"@type\":\"SearchAction\",\"target\":{\"@type\":\"EntryPoint\",\"urlTemplate\":\"https:\\\/\\\/www.campinglesoleildor.com\\\/es\\\/?s={search_term_string}\"},\"query-input\":{\"@type\":\"PropertyValueSpecification\",\"valueRequired\":true,\"valueName\":\"search_term_string\"}}],\"inLanguage\":\"es\"}]}<\/script>\n<!-- \/ Yoast SEO plugin. -->","yoast_head_json":{"title":"Camping M\u00e9doc con acceso a la playa - Camping Soleil d\u2019Or 3 estrellas","description":"Disfrute de unas estupendas vacaciones en el Camping Soleil d\u2019Or en M\u00e9doc (Montalivet) en su finca de 3 estrellas con acceso directo a la playa","robots":{"index":"index","follow":"follow","max-snippet":"max-snippet:-1","max-image-preview":"max-image-preview:large","max-video-preview":"max-video-preview:-1"},"canonical":"https:\/\/www.campinglesoleildor.com\/es\/camping-medoc\/","og_locale":"es_ES","og_type":"article","og_title":"Camping M\u00e9doc con acceso a la playa - Camping Soleil d\u2019Or 3 estrellas","og_description":"Disfrute de unas estupendas vacaciones en el Camping Soleil d\u2019Or en M\u00e9doc (Montalivet) en su finca de 3 estrellas con acceso directo a la playa","og_url":"https:\/\/www.campinglesoleildor.com\/es\/camping-medoc\/","og_site_name":"Camping le soleil d&#039;or","article_modified_time":"2024-04-25T13:26:05+00:00","og_image":[{"width":2560,"height":1297,"url":"https:\/\/www.campinglesoleildor.com\/wp-content\/uploads\/2023\/03\/PHOTO-PRINCIPALE-1-scaled.jpg","type":"image\/jpeg"}],"twitter_card":"summary_large_image","schema":{"@context":"https:\/\/schema.org","@graph":[{"@type":"WebPage","@id":"https:\/\/www.campinglesoleildor.com\/es\/camping-medoc\/","url":"https:\/\/www.campinglesoleildor.com\/es\/camping-medoc\/","name":"Camping M\u00e9doc con acceso a la playa - Camping Soleil d\u2019Or 3 estrellas","isPartOf":{"@id":"https:\/\/www.campinglesoleildor.com\/es\/#website"},"primaryImageOfPage":{"@id":"https:\/\/www.campinglesoleildor.com\/es\/camping-medoc\/#primaryimage"},"image":{"@id":"https:\/\/www.campinglesoleildor.com\/es\/camping-medoc\/#primaryimage"},"thumbnailUrl":"https:\/\/www.campinglesoleildor.com\/wp-content\/uploads\/2023\/03\/PHOTO-PRINCIPALE-1-scaled.jpg","datePublished":"2023-07-10T14:53:45+00:00","dateModified":"2024-04-25T13:26:05+00:00","description":"Disfrute de unas estupendas vacaciones en el Camping Soleil d\u2019Or en M\u00e9doc (Montalivet) en su finca de 3 estrellas con acceso directo a la playa","breadcrumb":{"@id":"https:\/\/www.campinglesoleildor.com\/es\/camping-medoc\/#breadcrumb"},"inLanguage":"es","potentialAction":[{"@type":"ReadAction","target":["https:\/\/www.campinglesoleildor.com\/es\/camping-medoc\/"]}]},{"@type":"ImageObject","inLanguage":"es","@id":"https:\/\/www.campinglesoleildor.com\/es\/camping-medoc\/#primaryimage","url":"https:\/\/www.campinglesoleildor.com\/wp-content\/uploads\/2023\/03\/PHOTO-PRINCIPALE-1-scaled.jpg","contentUrl":"https:\/\/www.campinglesoleildor.com\/wp-content\/uploads\/2023\/03\/PHOTO-PRINCIPALE-1-scaled.jpg","width":2560,"height":1297},{"@type":"BreadcrumbList","@id":"https:\/\/www.campinglesoleildor.com\/es\/camping-medoc\/#breadcrumb","itemListElement":[{"@type":"ListItem","position":1,"name":"Camping Montalivet","item":"https:\/\/www.campinglesoleildor.com\/es\/"},{"@type":"ListItem","position":2,"name":"Camping M\u00e9doc"}]},{"@type":"WebSite","@id":"https:\/\/www.campinglesoleildor.com\/es\/#website","url":"https:\/\/www.campinglesoleildor.com\/es\/","name":"Camping le soleil d&#039;or","description":"","potentialAction":[{"@type":"SearchAction","target":{"@type":"EntryPoint","urlTemplate":"https:\/\/www.campinglesoleildor.com\/es\/?s={search_term_string}"},"query-input":{"@type":"PropertyValueSpecification","valueRequired":true,"valueName":"search_term_string"}}],"inLanguage":"es"}]}},"_links":{"self":[{"href":"https:\/\/www.campinglesoleildor.com\/es\/wp-json\/wp\/v2\/pages\/7391","targetHints":{"allow":["GET"]}}],"collection":[{"href":"https:\/\/www.campinglesoleildor.com\/es\/wp-json\/wp\/v2\/pages"}],"about":[{"href":"https:\/\/www.campinglesoleildor.com\/es\/wp-json\/wp\/v2\/types\/page"}],"author":[{"embeddable":true,"href":"https:\/\/www.campinglesoleildor.com\/es\/wp-json\/wp\/v2\/users\/1"}],"replies":[{"embeddable":true,"href":"https:\/\/www.campinglesoleildor.com\/es\/wp-json\/wp\/v2\/comments?post=7391"}],"version-history":[{"count":6,"href":"https:\/\/www.campinglesoleildor.com\/es\/wp-json\/wp\/v2\/pages\/7391\/revisions"}],"predecessor-version":[{"id":7813,"href":"https:\/\/www.campinglesoleildor.com\/es\/wp-json\/wp\/v2\/pages\/7391\/revisions\/7813"}],"wp:featuredmedia":[{"embeddable":true,"href":"https:\/\/www.campinglesoleildor.com\/es\/wp-json\/wp\/v2\/media\/7393"}],"wp:attachment":[{"href":"https:\/\/www.campinglesoleildor.com\/es\/wp-json\/wp\/v2\/media?parent=7391"}],"curies":[{"name":"wp","href":"https:\/\/api.w.org\/{rel}","templated":true}]}}