{"id":7363,"date":"2021-11-29T16:50:10","date_gmt":"2021-11-29T15:50:10","guid":{"rendered":"https:\/\/www.campinglesoleildor.com\/location-mobil-home-montalivet\/"},"modified":"2024-07-03T09:13:40","modified_gmt":"2024-07-03T07:13:40","slug":"vermietung-mobilheim-montalivet","status":"publish","type":"page","link":"https:\/\/www.campinglesoleildor.com\/de\/vermietung-mobilheim-montalivet\/","title":{"rendered":"R\u00e9servation de mobil-home"},"content":{"rendered":"<div class=\"bloc-texte full\"><div class=\"texte center\"><p>M\u00f6chten Sie sich einen Urlaub zu zweit oder mit der Familie auf einem Campingplatz in der Gironde g\u00f6nnen, der moderne Mobilheime zu erschwinglichen Preisen anbietet? Entdecken Sie das komfortable Mietangebot f\u00fcr Unterk\u00fcnfte auf dem 3-Sterne-Naturcampingplatz Le Soleil d\u2019Or in Vendays-Montalivet. Unser Campingplatz liegt im Badeort Vendays-Montalivet im Herzen des M\u00e9doc mit Blick auf den Atlantik. W\u00e4hlen Sie f\u00fcr einen gelungenen Campingurlaub ein sehr hochwertiges Mobilheim aus unserem Angebot: ein Mobilheim, das an Ihr Budget und die Bed\u00fcrfnisse der ganzen Familie angepasst ist und \u00fcber die gew\u00fcnschte Fl\u00e4che und Anzahl der Schlafzimmer verf\u00fcgt. Genie\u00dfen Sie einen Urlaub an der frischen Meeresluft, Familienabende auf der \u00fcberdachten Terrasse und erholsame N\u00e4chte in einladenden und gem\u00fctlichen Unterk\u00fcnften in Vendays-Montalivet. Buchen Sie jetzt Ihren Urlaubsaufenthalt in einem Mobilheim auf dem Campingplatz Le Soleil d\u2019Or in der Gironde in der Region Nouvelle-Aquitaine zum besten Preis. Bieten Sie Ihren Kindern einen unvergesslichen Urlaub voller Freizeit- und Wasserspiele direkt am Strand.<\/p>\n<\/div><\/div>\n\n<div class=\"hebergement-home\"><div class=\"glider-contain glider-contain-hebergements\"><div class=\"hebergements glider\" id=\"glider-hebergements\"><a class=\"hebergement hebergement--init hebergement--style-1 hebergement_link \"id=\"8229\" href=\"https:\/\/www.campinglesoleildor.com\/de\/hebergements\/mobil-home-premium-2-chambres-mercredi\/\"><div class=\"hebergement_image img-overlay\"><img decoding=\"async\" src=\"https:\/\/www.campinglesoleildor.com\/wp-content\/uploads\/2023\/07\/MH-107-DJI_20240918103548_0813_D-R-BD-700x525.jpg\" alt=\"\" class=\"heberg_image\" srcset=\"https:\/\/www.campinglesoleildor.com\/wp-content\/uploads\/2023\/07\/MH-107-DJI_20240918103548_0813_D-R-BD.jpg 2048w, https:\/\/www.campinglesoleildor.com\/wp-content\/uploads\/2023\/07\/MH-107-DJI_20240918103548_0813_D-R-BD-300x200.jpg 300w, https:\/\/www.campinglesoleildor.com\/wp-content\/uploads\/2023\/07\/MH-107-DJI_20240918103548_0813_D-R-BD-1024x683.jpg 1024w, https:\/\/www.campinglesoleildor.com\/wp-content\/uploads\/2023\/07\/MH-107-DJI_20240918103548_0813_D-R-BD-768x512.jpg 768w, https:\/\/www.campinglesoleildor.com\/wp-content\/uploads\/2023\/07\/MH-107-DJI_20240918103548_0813_D-R-BD-1536x1024.jpg 1536w, https:\/\/www.campinglesoleildor.com\/wp-content\/uploads\/2023\/07\/MH-107-DJI_20240918103548_0813_D-R-BD-100x67.jpg 100w\"\/><\/div><div class=\"hebergement_content\"><div class=\"hebergement_titre hebergement_titre decoration\">Mobilheim Premium \u2013 2 Schlafzimmer \u2013 Mittwoch<\/div><div class=\"hebergement_infos\"><div class=\"hebergement_info\"><img decoding=\"async\" src=\"https:\/\/www.campinglesoleildor.com\/wp-content\/themes\/Nature%26Residence\/images\/superficie.png\" class=\"no-lazy\" alt=\"superficie Mobilheim Premium \u2013 2 Schlafzimmer \u2013 Mittwoch\" \/>33m2<\/div><div class=\"hebergement_info\"><img decoding=\"async\" src=\"https:\/\/www.campinglesoleildor.com\/wp-content\/themes\/Nature%26Residence\/images\/capacite.png\" class=\"no-lazy\" alt=\"capacit\u00e9 Mobilheim Premium \u2013 2 Schlafzimmer \u2013 Mittwoch\" \/>4 pers<\/div><div class=\"hebergement_info\"><img decoding=\"async\" src=\"https:\/\/www.campinglesoleildor.com\/wp-content\/themes\/Nature%26Residence\/images\/chambres.png\" class=\"no-lazy\" alt=\"chambres Mobilheim Premium \u2013 2 Schlafzimmer \u2013 Mittwoch\" \/>2 Schlafzimmer<\/div><\/div><\/div><\/a><a class=\"hebergement hebergement--init hebergement--style-1 hebergement_link \"id=\"8228\" href=\"https:\/\/www.campinglesoleildor.com\/de\/hebergements\/mobil-home-grand-confort-2-chambres-mercredi\/\"><div class=\"hebergement_image img-overlay\"><img decoding=\"async\" src=\"https:\/\/www.campinglesoleildor.com\/wp-content\/uploads\/2023\/07\/MH-64-DJI_20240917152715_0559_D-R-BD-700x525.jpg\" alt=\"\" class=\"heberg_image\" srcset=\"https:\/\/www.campinglesoleildor.com\/wp-content\/uploads\/2023\/07\/MH-64-DJI_20240917152715_0559_D-R-BD.jpg 2048w, https:\/\/www.campinglesoleildor.com\/wp-content\/uploads\/2023\/07\/MH-64-DJI_20240917152715_0559_D-R-BD-300x200.jpg 300w, https:\/\/www.campinglesoleildor.com\/wp-content\/uploads\/2023\/07\/MH-64-DJI_20240917152715_0559_D-R-BD-1024x683.jpg 1024w, https:\/\/www.campinglesoleildor.com\/wp-content\/uploads\/2023\/07\/MH-64-DJI_20240917152715_0559_D-R-BD-768x512.jpg 768w, https:\/\/www.campinglesoleildor.com\/wp-content\/uploads\/2023\/07\/MH-64-DJI_20240917152715_0559_D-R-BD-1536x1024.jpg 1536w, https:\/\/www.campinglesoleildor.com\/wp-content\/uploads\/2023\/07\/MH-64-DJI_20240917152715_0559_D-R-BD-100x67.jpg 100w\"\/><\/div><div class=\"hebergement_content\"><div class=\"hebergement_titre hebergement_titre decoration\">Mobilheim Grand Confort \u2013 2 Schlafzimmer \u2013 Mittwoch<\/div><div class=\"hebergement_infos\"><div class=\"hebergement_info\"><img decoding=\"async\" src=\"https:\/\/www.campinglesoleildor.com\/wp-content\/themes\/Nature%26Residence\/images\/superficie.png\" class=\"no-lazy\" alt=\"superficie Mobilheim Grand Confort \u2013 2 Schlafzimmer \u2013 Mittwoch\" \/>27.5m2<\/div><div class=\"hebergement_info\"><img decoding=\"async\" src=\"https:\/\/www.campinglesoleildor.com\/wp-content\/themes\/Nature%26Residence\/images\/capacite.png\" class=\"no-lazy\" alt=\"capacit\u00e9 Mobilheim Grand Confort \u2013 2 Schlafzimmer \u2013 Mittwoch\" \/>4 pers<\/div><div class=\"hebergement_info\"><img decoding=\"async\" src=\"https:\/\/www.campinglesoleildor.com\/wp-content\/themes\/Nature%26Residence\/images\/chambres.png\" class=\"no-lazy\" alt=\"chambres Mobilheim Grand Confort \u2013 2 Schlafzimmer \u2013 Mittwoch\" \/>2 Schlafzimmer<\/div><\/div><\/div><\/a><a class=\"hebergement hebergement--init hebergement--style-1 hebergement_link \"id=\"8227\" href=\"https:\/\/www.campinglesoleildor.com\/de\/hebergements\/lodge-1-chambre-vue-ocean-dimanche\/\"><div class=\"hebergement_image img-overlay\"><img decoding=\"async\" src=\"https:\/\/www.campinglesoleildor.com\/wp-content\/uploads\/2023\/02\/lodge-1ch-sam-ext2-W-700x525.jpg\" alt=\"\" class=\"heberg_image\" srcset=\"https:\/\/www.campinglesoleildor.com\/wp-content\/uploads\/2023\/02\/lodge-1ch-sam-ext2-W.jpg 1800w, https:\/\/www.campinglesoleildor.com\/wp-content\/uploads\/2023\/02\/lodge-1ch-sam-ext2-W-300x225.jpg 300w, https:\/\/www.campinglesoleildor.com\/wp-content\/uploads\/2023\/02\/lodge-1ch-sam-ext2-W-1024x768.jpg 1024w, https:\/\/www.campinglesoleildor.com\/wp-content\/uploads\/2023\/02\/lodge-1ch-sam-ext2-W-768x576.jpg 768w, https:\/\/www.campinglesoleildor.com\/wp-content\/uploads\/2023\/02\/lodge-1ch-sam-ext2-W-1536x1152.jpg 1536w, https:\/\/www.campinglesoleildor.com\/wp-content\/uploads\/2023\/02\/lodge-1ch-sam-ext2-W-100x75.jpg 100w, https:\/\/www.campinglesoleildor.com\/wp-content\/uploads\/2023\/02\/lodge-1ch-sam-ext2-W-700x525.jpg 700w, https:\/\/www.campinglesoleildor.com\/wp-content\/uploads\/2023\/02\/lodge-1ch-sam-ext2-W-438x329.jpg 438w\"\/><\/div><div class=\"hebergement_content\"><div class=\"hebergement_titre hebergement_titre decoration\">Lodge \u2013 1 Schlafzimmer \u2013 MEERBLICK \u2013 Sonntag<\/div><div class=\"hebergement_infos\"><div class=\"hebergement_info\"><img decoding=\"async\" src=\"https:\/\/www.campinglesoleildor.com\/wp-content\/themes\/Nature%26Residence\/images\/superficie.png\" class=\"no-lazy\" alt=\"superficie Lodge \u2013 1 Schlafzimmer \u2013 MEERBLICK \u2013 Sonntag\" \/>24m2<\/div><div class=\"hebergement_info\"><img decoding=\"async\" src=\"https:\/\/www.campinglesoleildor.com\/wp-content\/themes\/Nature%26Residence\/images\/capacite.png\" class=\"no-lazy\" alt=\"capacit\u00e9 Lodge \u2013 1 Schlafzimmer \u2013 MEERBLICK \u2013 Sonntag\" \/>4 pers<\/div><div class=\"hebergement_info\"><img decoding=\"async\" src=\"https:\/\/www.campinglesoleildor.com\/wp-content\/themes\/Nature%26Residence\/images\/chambres.png\" class=\"no-lazy\" alt=\"chambres Lodge \u2013 1 Schlafzimmer \u2013 MEERBLICK \u2013 Sonntag\" \/>1 Schlafzimmer<\/div><\/div><\/div><\/a><a class=\"hebergement hebergement--init hebergement--style-1 hebergement_link \"id=\"8225\" href=\"https:\/\/www.campinglesoleildor.com\/de\/hebergements\/lodge-1-chambre-vue-ocean-samedi\/\"><div class=\"hebergement_image img-overlay\"><img decoding=\"async\" src=\"https:\/\/www.campinglesoleildor.com\/wp-content\/uploads\/2023\/04\/DJI_20240916143349_0274_D-R-BD-700x525.jpg\" alt=\"\" class=\"heberg_image\" srcset=\"https:\/\/www.campinglesoleildor.com\/wp-content\/uploads\/2023\/04\/DJI_20240916143349_0274_D-R-BD.jpg 2048w, https:\/\/www.campinglesoleildor.com\/wp-content\/uploads\/2023\/04\/DJI_20240916143349_0274_D-R-BD-300x200.jpg 300w, https:\/\/www.campinglesoleildor.com\/wp-content\/uploads\/2023\/04\/DJI_20240916143349_0274_D-R-BD-1024x683.jpg 1024w, https:\/\/www.campinglesoleildor.com\/wp-content\/uploads\/2023\/04\/DJI_20240916143349_0274_D-R-BD-768x512.jpg 768w, https:\/\/www.campinglesoleildor.com\/wp-content\/uploads\/2023\/04\/DJI_20240916143349_0274_D-R-BD-1536x1024.jpg 1536w, https:\/\/www.campinglesoleildor.com\/wp-content\/uploads\/2023\/04\/DJI_20240916143349_0274_D-R-BD-100x67.jpg 100w\"\/><\/div><div class=\"hebergement_content\"><div class=\"hebergement_titre hebergement_titre decoration\">Lodge \u2013 1 Schlafzimmer \u2013 MEERBLICK \u2013 Samstag<\/div><div class=\"hebergement_infos\"><div class=\"hebergement_info\"><img decoding=\"async\" src=\"https:\/\/www.campinglesoleildor.com\/wp-content\/themes\/Nature%26Residence\/images\/superficie.png\" class=\"no-lazy\" alt=\"superficie Lodge \u2013 1 Schlafzimmer \u2013 MEERBLICK \u2013 Samstag\" \/>24m2<\/div><div class=\"hebergement_info\"><img decoding=\"async\" src=\"https:\/\/www.campinglesoleildor.com\/wp-content\/themes\/Nature%26Residence\/images\/capacite.png\" class=\"no-lazy\" alt=\"capacit\u00e9 Lodge \u2013 1 Schlafzimmer \u2013 MEERBLICK \u2013 Samstag\" \/>4 pers<\/div><div class=\"hebergement_info\"><img decoding=\"async\" src=\"https:\/\/www.campinglesoleildor.com\/wp-content\/themes\/Nature%26Residence\/images\/chambres.png\" class=\"no-lazy\" alt=\"chambres Lodge \u2013 1 Schlafzimmer \u2013 MEERBLICK \u2013 Samstag\" \/>1 Schlafzimmer<\/div><\/div><\/div><\/a><a class=\"hebergement hebergement--init hebergement--style-1 hebergement_link \"id=\"8223\" href=\"https:\/\/www.campinglesoleildor.com\/de\/hebergements\/mobil-home-premium-3-chambres-vue-ocean\/\"><div class=\"hebergement_image img-overlay\"><img decoding=\"async\" src=\"https:\/\/www.campinglesoleildor.com\/wp-content\/uploads\/2023\/07\/DJI_20240916182601_0405_DR1-R-BD-700x525.jpg\" alt=\"\" class=\"heberg_image\" srcset=\"https:\/\/www.campinglesoleildor.com\/wp-content\/uploads\/2023\/07\/DJI_20240916182601_0405_DR1-R-BD.jpg 2048w, https:\/\/www.campinglesoleildor.com\/wp-content\/uploads\/2023\/07\/DJI_20240916182601_0405_DR1-R-BD-300x200.jpg 300w, https:\/\/www.campinglesoleildor.com\/wp-content\/uploads\/2023\/07\/DJI_20240916182601_0405_DR1-R-BD-1024x683.jpg 1024w, https:\/\/www.campinglesoleildor.com\/wp-content\/uploads\/2023\/07\/DJI_20240916182601_0405_DR1-R-BD-768x512.jpg 768w, https:\/\/www.campinglesoleildor.com\/wp-content\/uploads\/2023\/07\/DJI_20240916182601_0405_DR1-R-BD-1536x1024.jpg 1536w, https:\/\/www.campinglesoleildor.com\/wp-content\/uploads\/2023\/07\/DJI_20240916182601_0405_DR1-R-BD-100x67.jpg 100w\"\/><\/div><div class=\"hebergement_content\"><div class=\"hebergement_titre hebergement_titre decoration\">Premium Mobilheim \u2013 3 Schlafzimmer \u2013 MEERBLICK<\/div><div class=\"hebergement_infos\"><div class=\"hebergement_info\"><img decoding=\"async\" src=\"https:\/\/www.campinglesoleildor.com\/wp-content\/themes\/Nature%26Residence\/images\/superficie.png\" class=\"no-lazy\" alt=\"superficie Premium Mobilheim \u2013 3 Schlafzimmer \u2013 MEERBLICK\" \/>35m2<\/div><div class=\"hebergement_info\"><img decoding=\"async\" src=\"https:\/\/www.campinglesoleildor.com\/wp-content\/themes\/Nature%26Residence\/images\/capacite.png\" class=\"no-lazy\" alt=\"capacit\u00e9 Premium Mobilheim \u2013 3 Schlafzimmer \u2013 MEERBLICK\" \/>6 pers<\/div><div class=\"hebergement_info\"><img decoding=\"async\" src=\"https:\/\/www.campinglesoleildor.com\/wp-content\/themes\/Nature%26Residence\/images\/chambres.png\" class=\"no-lazy\" alt=\"chambres Premium Mobilheim \u2013 3 Schlafzimmer \u2013 MEERBLICK\" \/>3 Schlafzimmer<\/div><\/div><\/div><\/a><a class=\"hebergement hebergement--init hebergement--style-1 hebergement_link \"id=\"8221\" href=\"https:\/\/www.campinglesoleildor.com\/de\/hebergements\/mobil-home-premium-3-chambres\/\"><div class=\"hebergement_image img-overlay\"><img decoding=\"async\" src=\"https:\/\/www.campinglesoleildor.com\/wp-content\/uploads\/2023\/07\/DJI_20240918113634_0854_D-R-BD-700x525.jpg\" alt=\"\" class=\"heberg_image\" srcset=\"https:\/\/www.campinglesoleildor.com\/wp-content\/uploads\/2023\/07\/DJI_20240918113634_0854_D-R-BD.jpg 2048w, https:\/\/www.campinglesoleildor.com\/wp-content\/uploads\/2023\/07\/DJI_20240918113634_0854_D-R-BD-300x200.jpg 300w, https:\/\/www.campinglesoleildor.com\/wp-content\/uploads\/2023\/07\/DJI_20240918113634_0854_D-R-BD-1024x683.jpg 1024w, https:\/\/www.campinglesoleildor.com\/wp-content\/uploads\/2023\/07\/DJI_20240918113634_0854_D-R-BD-768x512.jpg 768w, https:\/\/www.campinglesoleildor.com\/wp-content\/uploads\/2023\/07\/DJI_20240918113634_0854_D-R-BD-1536x1024.jpg 1536w, https:\/\/www.campinglesoleildor.com\/wp-content\/uploads\/2023\/07\/DJI_20240918113634_0854_D-R-BD-100x67.jpg 100w\"\/><\/div><div class=\"hebergement_content\"><div class=\"hebergement_titre hebergement_titre decoration\">Premium Mobilheim \u2013 3 Schlafzimmer<\/div><div class=\"hebergement_infos\"><div class=\"hebergement_info\"><img decoding=\"async\" src=\"https:\/\/www.campinglesoleildor.com\/wp-content\/themes\/Nature%26Residence\/images\/superficie.png\" class=\"no-lazy\" alt=\"superficie Premium Mobilheim \u2013 3 Schlafzimmer\" \/>35m2<\/div><div class=\"hebergement_info\"><img decoding=\"async\" src=\"https:\/\/www.campinglesoleildor.com\/wp-content\/themes\/Nature%26Residence\/images\/capacite.png\" class=\"no-lazy\" alt=\"capacit\u00e9 Premium Mobilheim \u2013 3 Schlafzimmer\" \/>6 pers<\/div><div class=\"hebergement_info\"><img decoding=\"async\" src=\"https:\/\/www.campinglesoleildor.com\/wp-content\/themes\/Nature%26Residence\/images\/chambres.png\" class=\"no-lazy\" alt=\"chambres Premium Mobilheim \u2013 3 Schlafzimmer\" \/>3 Schlafzimmer<\/div><\/div><\/div><\/a><a class=\"hebergement hebergement--init hebergement--style-1 hebergement_link \"id=\"8219\" href=\"https:\/\/www.campinglesoleildor.com\/de\/hebergements\/mobil-home-premium-2-chambres-vue-ocean\/\"><div class=\"hebergement_image img-overlay\"><img decoding=\"async\" src=\"https:\/\/www.campinglesoleildor.com\/wp-content\/uploads\/2023\/07\/DJI_20240917183851_0730_D-R-BD-700x525.jpg\" alt=\"\" class=\"heberg_image\" srcset=\"https:\/\/www.campinglesoleildor.com\/wp-content\/uploads\/2023\/07\/DJI_20240917183851_0730_D-R-BD.jpg 2048w, https:\/\/www.campinglesoleildor.com\/wp-content\/uploads\/2023\/07\/DJI_20240917183851_0730_D-R-BD-300x200.jpg 300w, https:\/\/www.campinglesoleildor.com\/wp-content\/uploads\/2023\/07\/DJI_20240917183851_0730_D-R-BD-1024x683.jpg 1024w, https:\/\/www.campinglesoleildor.com\/wp-content\/uploads\/2023\/07\/DJI_20240917183851_0730_D-R-BD-768x512.jpg 768w, https:\/\/www.campinglesoleildor.com\/wp-content\/uploads\/2023\/07\/DJI_20240917183851_0730_D-R-BD-1536x1024.jpg 1536w, https:\/\/www.campinglesoleildor.com\/wp-content\/uploads\/2023\/07\/DJI_20240917183851_0730_D-R-BD-100x67.jpg 100w\"\/><\/div><div class=\"hebergement_content\"><div class=\"hebergement_titre hebergement_titre decoration\">Premium Mobilheim \u2013 2 Schlafzimmer \u2013 MEERBLICK<\/div><div class=\"hebergement_infos\"><div class=\"hebergement_info\"><img decoding=\"async\" src=\"https:\/\/www.campinglesoleildor.com\/wp-content\/themes\/Nature%26Residence\/images\/superficie.png\" class=\"no-lazy\" alt=\"superficie Premium Mobilheim \u2013 2 Schlafzimmer \u2013 MEERBLICK\" \/>33m2<\/div><div class=\"hebergement_info\"><img decoding=\"async\" src=\"https:\/\/www.campinglesoleildor.com\/wp-content\/themes\/Nature%26Residence\/images\/capacite.png\" class=\"no-lazy\" alt=\"capacit\u00e9 Premium Mobilheim \u2013 2 Schlafzimmer \u2013 MEERBLICK\" \/>4 pers<\/div><div class=\"hebergement_info\"><img decoding=\"async\" src=\"https:\/\/www.campinglesoleildor.com\/wp-content\/themes\/Nature%26Residence\/images\/chambres.png\" class=\"no-lazy\" alt=\"chambres Premium Mobilheim \u2013 2 Schlafzimmer \u2013 MEERBLICK\" \/>2 Schlafzimmer<\/div><\/div><\/div><\/a><a class=\"hebergement hebergement--init hebergement--style-1 hebergement_link \"id=\"8217\" href=\"https:\/\/www.campinglesoleildor.com\/de\/hebergements\/mobil-home-premium-2-chambres-samedi\/\"><div class=\"hebergement_image img-overlay\"><img decoding=\"async\" src=\"https:\/\/www.campinglesoleildor.com\/wp-content\/uploads\/2023\/07\/MH-107-DJI_20240918103548_0813_D-R-BD-700x525.jpg\" alt=\"\" class=\"heberg_image\" srcset=\"https:\/\/www.campinglesoleildor.com\/wp-content\/uploads\/2023\/07\/MH-107-DJI_20240918103548_0813_D-R-BD.jpg 2048w, https:\/\/www.campinglesoleildor.com\/wp-content\/uploads\/2023\/07\/MH-107-DJI_20240918103548_0813_D-R-BD-300x200.jpg 300w, https:\/\/www.campinglesoleildor.com\/wp-content\/uploads\/2023\/07\/MH-107-DJI_20240918103548_0813_D-R-BD-1024x683.jpg 1024w, https:\/\/www.campinglesoleildor.com\/wp-content\/uploads\/2023\/07\/MH-107-DJI_20240918103548_0813_D-R-BD-768x512.jpg 768w, https:\/\/www.campinglesoleildor.com\/wp-content\/uploads\/2023\/07\/MH-107-DJI_20240918103548_0813_D-R-BD-1536x1024.jpg 1536w, https:\/\/www.campinglesoleildor.com\/wp-content\/uploads\/2023\/07\/MH-107-DJI_20240918103548_0813_D-R-BD-100x67.jpg 100w\"\/><\/div><div class=\"hebergement_content\"><div class=\"hebergement_titre hebergement_titre decoration\">Premium Mobilheim \u2013 2 Schlafzimmer \u2013 Samstag<\/div><div class=\"hebergement_infos\"><div class=\"hebergement_info\"><img decoding=\"async\" src=\"https:\/\/www.campinglesoleildor.com\/wp-content\/themes\/Nature%26Residence\/images\/superficie.png\" class=\"no-lazy\" alt=\"superficie Premium Mobilheim \u2013 2 Schlafzimmer \u2013 Samstag\" \/>33m2<\/div><div class=\"hebergement_info\"><img decoding=\"async\" src=\"https:\/\/www.campinglesoleildor.com\/wp-content\/themes\/Nature%26Residence\/images\/capacite.png\" class=\"no-lazy\" alt=\"capacit\u00e9 Premium Mobilheim \u2013 2 Schlafzimmer \u2013 Samstag\" \/>4 pers<\/div><div class=\"hebergement_info\"><img decoding=\"async\" src=\"https:\/\/www.campinglesoleildor.com\/wp-content\/themes\/Nature%26Residence\/images\/chambres.png\" class=\"no-lazy\" alt=\"chambres Premium Mobilheim \u2013 2 Schlafzimmer \u2013 Samstag\" \/>2 Schlafzimmer<\/div><\/div><\/div><\/a><a class=\"hebergement hebergement--init hebergement--style-1 hebergement_link \"id=\"8214\" href=\"https:\/\/www.campinglesoleildor.com\/de\/hebergements\/mobil-home-premium-pmr-2-chambres\/\"><div class=\"hebergement_image img-overlay\"><img decoding=\"async\" src=\"https:\/\/www.campinglesoleildor.com\/wp-content\/uploads\/2023\/07\/DJI_20240917163405_0610_D-R-BD-700x525.jpg\" alt=\"\" class=\"heberg_image\" srcset=\"https:\/\/www.campinglesoleildor.com\/wp-content\/uploads\/2023\/07\/DJI_20240917163405_0610_D-R-BD.jpg 2048w, https:\/\/www.campinglesoleildor.com\/wp-content\/uploads\/2023\/07\/DJI_20240917163405_0610_D-R-BD-300x200.jpg 300w, https:\/\/www.campinglesoleildor.com\/wp-content\/uploads\/2023\/07\/DJI_20240917163405_0610_D-R-BD-1024x683.jpg 1024w, https:\/\/www.campinglesoleildor.com\/wp-content\/uploads\/2023\/07\/DJI_20240917163405_0610_D-R-BD-768x512.jpg 768w, https:\/\/www.campinglesoleildor.com\/wp-content\/uploads\/2023\/07\/DJI_20240917163405_0610_D-R-BD-1536x1024.jpg 1536w, https:\/\/www.campinglesoleildor.com\/wp-content\/uploads\/2023\/07\/DJI_20240917163405_0610_D-R-BD-100x67.jpg 100w\"\/><\/div><div class=\"hebergement_content\"><div class=\"hebergement_titre hebergement_titre decoration\">Mobilheim Premium PMR \u2013 2 Schlafzimmer<\/div><div class=\"hebergement_infos\"><div class=\"hebergement_info\"><img decoding=\"async\" src=\"https:\/\/www.campinglesoleildor.com\/wp-content\/themes\/Nature%26Residence\/images\/superficie.png\" class=\"no-lazy\" alt=\"superficie Mobilheim Premium PMR \u2013 2 Schlafzimmer\" \/>31m2<\/div><div class=\"hebergement_info\"><img decoding=\"async\" src=\"https:\/\/www.campinglesoleildor.com\/wp-content\/themes\/Nature%26Residence\/images\/capacite.png\" class=\"no-lazy\" alt=\"capacit\u00e9 Mobilheim Premium PMR \u2013 2 Schlafzimmer\" \/>4 pers<\/div><div class=\"hebergement_info\"><img decoding=\"async\" src=\"https:\/\/www.campinglesoleildor.com\/wp-content\/themes\/Nature%26Residence\/images\/chambres.png\" class=\"no-lazy\" alt=\"chambres Mobilheim Premium PMR \u2013 2 Schlafzimmer\" \/>2 Schlafzimmer<\/div><\/div><\/div><\/a><a class=\"hebergement hebergement--init hebergement--style-1 hebergement_link \"id=\"8148\" href=\"https:\/\/www.campinglesoleildor.com\/de\/hebergements\/mobil-home-grand-confort-3-chambres\/\"><div class=\"hebergement_image img-overlay\"><img decoding=\"async\" src=\"https:\/\/www.campinglesoleildor.com\/wp-content\/uploads\/2023\/02\/MH-22-DJI_20240917171229_0615_D-R-BD-700x525.jpg\" alt=\"\" class=\"heberg_image\" srcset=\"https:\/\/www.campinglesoleildor.com\/wp-content\/uploads\/2023\/02\/MH-22-DJI_20240917171229_0615_D-R-BD.jpg 2048w, https:\/\/www.campinglesoleildor.com\/wp-content\/uploads\/2023\/02\/MH-22-DJI_20240917171229_0615_D-R-BD-300x200.jpg 300w, https:\/\/www.campinglesoleildor.com\/wp-content\/uploads\/2023\/02\/MH-22-DJI_20240917171229_0615_D-R-BD-1024x683.jpg 1024w, https:\/\/www.campinglesoleildor.com\/wp-content\/uploads\/2023\/02\/MH-22-DJI_20240917171229_0615_D-R-BD-768x512.jpg 768w, https:\/\/www.campinglesoleildor.com\/wp-content\/uploads\/2023\/02\/MH-22-DJI_20240917171229_0615_D-R-BD-1536x1024.jpg 1536w, https:\/\/www.campinglesoleildor.com\/wp-content\/uploads\/2023\/02\/MH-22-DJI_20240917171229_0615_D-R-BD-100x67.jpg 100w\"\/><\/div><div class=\"hebergement_content\"><div class=\"hebergement_titre hebergement_titre decoration\">Mobilheim Grand Confort \u2013 3 Schlafzimmer<\/div><div class=\"hebergement_infos\"><div class=\"hebergement_info\"><img decoding=\"async\" src=\"https:\/\/www.campinglesoleildor.com\/wp-content\/themes\/Nature%26Residence\/images\/superficie.png\" class=\"no-lazy\" alt=\"superficie Mobilheim Grand Confort \u2013 3 Schlafzimmer\" \/>30m2<\/div><div class=\"hebergement_info\"><img decoding=\"async\" src=\"https:\/\/www.campinglesoleildor.com\/wp-content\/themes\/Nature%26Residence\/images\/capacite.png\" class=\"no-lazy\" alt=\"capacit\u00e9 Mobilheim Grand Confort \u2013 3 Schlafzimmer\" \/>6 pers<\/div><div class=\"hebergement_info\"><img decoding=\"async\" src=\"https:\/\/www.campinglesoleildor.com\/wp-content\/themes\/Nature%26Residence\/images\/chambres.png\" class=\"no-lazy\" alt=\"chambres Mobilheim Grand Confort \u2013 3 Schlafzimmer\" \/>3 Schlafzimmer<\/div><\/div><\/div><\/a><a class=\"hebergement hebergement--init hebergement--style-1 hebergement_link \"id=\"8135\" href=\"https:\/\/www.campinglesoleildor.com\/de\/hebergements\/mobil-home-grand-confort-2-chambres-dimanche\/\"><div class=\"hebergement_image img-overlay\"><img decoding=\"async\" src=\"https:\/\/www.campinglesoleildor.com\/wp-content\/uploads\/2023\/07\/MH-64-DJI_20240917152715_0559_D-R-BD-700x525.jpg\" alt=\"\" class=\"heberg_image\" srcset=\"https:\/\/www.campinglesoleildor.com\/wp-content\/uploads\/2023\/07\/MH-64-DJI_20240917152715_0559_D-R-BD.jpg 2048w, https:\/\/www.campinglesoleildor.com\/wp-content\/uploads\/2023\/07\/MH-64-DJI_20240917152715_0559_D-R-BD-300x200.jpg 300w, https:\/\/www.campinglesoleildor.com\/wp-content\/uploads\/2023\/07\/MH-64-DJI_20240917152715_0559_D-R-BD-1024x683.jpg 1024w, https:\/\/www.campinglesoleildor.com\/wp-content\/uploads\/2023\/07\/MH-64-DJI_20240917152715_0559_D-R-BD-768x512.jpg 768w, https:\/\/www.campinglesoleildor.com\/wp-content\/uploads\/2023\/07\/MH-64-DJI_20240917152715_0559_D-R-BD-1536x1024.jpg 1536w, https:\/\/www.campinglesoleildor.com\/wp-content\/uploads\/2023\/07\/MH-64-DJI_20240917152715_0559_D-R-BD-100x67.jpg 100w\"\/><\/div><div class=\"hebergement_content\"><div class=\"hebergement_titre hebergement_titre decoration\">Mobilheim Grand Confort \u2013 2 Schlafzimmer \u2013 Sonntag<\/div><div class=\"hebergement_infos\"><div class=\"hebergement_info\"><img decoding=\"async\" src=\"https:\/\/www.campinglesoleildor.com\/wp-content\/themes\/Nature%26Residence\/images\/superficie.png\" class=\"no-lazy\" alt=\"superficie Mobilheim Grand Confort \u2013 2 Schlafzimmer \u2013 Sonntag\" \/>27.5m2<\/div><div class=\"hebergement_info\"><img decoding=\"async\" src=\"https:\/\/www.campinglesoleildor.com\/wp-content\/themes\/Nature%26Residence\/images\/capacite.png\" class=\"no-lazy\" alt=\"capacit\u00e9 Mobilheim Grand Confort \u2013 2 Schlafzimmer \u2013 Sonntag\" \/>4 pers<\/div><div class=\"hebergement_info\"><img decoding=\"async\" src=\"https:\/\/www.campinglesoleildor.com\/wp-content\/themes\/Nature%26Residence\/images\/chambres.png\" class=\"no-lazy\" alt=\"chambres Mobilheim Grand Confort \u2013 2 Schlafzimmer \u2013 Sonntag\" \/>2 Schlafzimmer<\/div><\/div><\/div><\/a><a class=\"hebergement hebergement--init hebergement--style-1 hebergement_link \"id=\"8123\" href=\"https:\/\/www.campinglesoleildor.com\/de\/hebergements\/mobil-home-confort-2-chambres-vue-ocean\/\"><div class=\"hebergement_image img-overlay\"><img decoding=\"async\" src=\"https:\/\/www.campinglesoleildor.com\/wp-content\/uploads\/2023\/02\/DJI_20240916191050_0466_D-R-BD-700x525.jpg\" alt=\"\" class=\"heberg_image\" srcset=\"https:\/\/www.campinglesoleildor.com\/wp-content\/uploads\/2023\/02\/DJI_20240916191050_0466_D-R-BD.jpg 2048w, https:\/\/www.campinglesoleildor.com\/wp-content\/uploads\/2023\/02\/DJI_20240916191050_0466_D-R-BD-300x200.jpg 300w, https:\/\/www.campinglesoleildor.com\/wp-content\/uploads\/2023\/02\/DJI_20240916191050_0466_D-R-BD-1024x683.jpg 1024w, https:\/\/www.campinglesoleildor.com\/wp-content\/uploads\/2023\/02\/DJI_20240916191050_0466_D-R-BD-768x512.jpg 768w, https:\/\/www.campinglesoleildor.com\/wp-content\/uploads\/2023\/02\/DJI_20240916191050_0466_D-R-BD-1536x1024.jpg 1536w, https:\/\/www.campinglesoleildor.com\/wp-content\/uploads\/2023\/02\/DJI_20240916191050_0466_D-R-BD-100x67.jpg 100w\"\/><\/div><div class=\"hebergement_content\"><div class=\"hebergement_titre hebergement_titre decoration\">Comfort Mobilheim \u2013 2 Schlafzimmer \u2013 MEERBLICK<\/div><div class=\"hebergement_infos\"><div class=\"hebergement_info\"><img decoding=\"async\" src=\"https:\/\/www.campinglesoleildor.com\/wp-content\/themes\/Nature%26Residence\/images\/superficie.png\" class=\"no-lazy\" alt=\"superficie Comfort Mobilheim \u2013 2 Schlafzimmer \u2013 MEERBLICK\" \/>29m2<\/div><div class=\"hebergement_info\"><img decoding=\"async\" src=\"https:\/\/www.campinglesoleildor.com\/wp-content\/themes\/Nature%26Residence\/images\/capacite.png\" class=\"no-lazy\" alt=\"capacit\u00e9 Comfort Mobilheim \u2013 2 Schlafzimmer \u2013 MEERBLICK\" \/>4 pers<\/div><div class=\"hebergement_info\"><img decoding=\"async\" src=\"https:\/\/www.campinglesoleildor.com\/wp-content\/themes\/Nature%26Residence\/images\/chambres.png\" class=\"no-lazy\" alt=\"chambres Comfort Mobilheim \u2013 2 Schlafzimmer \u2013 MEERBLICK\" \/>2 Schlafzimmer<\/div><\/div><\/div><\/a><a class=\"hebergement hebergement--init hebergement--style-1 hebergement_link \"id=\"8110\" href=\"https:\/\/www.campinglesoleildor.com\/de\/hebergements\/mobil-home-confort-2-chambres\/\"><div class=\"hebergement_image img-overlay\"><img decoding=\"async\" src=\"https:\/\/www.campinglesoleildor.com\/wp-content\/uploads\/2023\/02\/P1003658R-BD-700x525.jpg\" alt=\"\" class=\"heberg_image\" srcset=\"https:\/\/www.campinglesoleildor.com\/wp-content\/uploads\/2023\/02\/P1003658R-BD.jpg 2048w, https:\/\/www.campinglesoleildor.com\/wp-content\/uploads\/2023\/02\/P1003658R-BD-300x200.jpg 300w, https:\/\/www.campinglesoleildor.com\/wp-content\/uploads\/2023\/02\/P1003658R-BD-1024x683.jpg 1024w, https:\/\/www.campinglesoleildor.com\/wp-content\/uploads\/2023\/02\/P1003658R-BD-768x512.jpg 768w, https:\/\/www.campinglesoleildor.com\/wp-content\/uploads\/2023\/02\/P1003658R-BD-1536x1024.jpg 1536w, https:\/\/www.campinglesoleildor.com\/wp-content\/uploads\/2023\/02\/P1003658R-BD-100x67.jpg 100w\"\/><\/div><div class=\"hebergement_content\"><div class=\"hebergement_titre hebergement_titre decoration\">Mobilheim Comfort \u2013 2 Schlafzimmer<\/div><div class=\"hebergement_infos\"><div class=\"hebergement_info\"><img decoding=\"async\" src=\"https:\/\/www.campinglesoleildor.com\/wp-content\/themes\/Nature%26Residence\/images\/superficie.png\" class=\"no-lazy\" alt=\"superficie Mobilheim Comfort \u2013 2 Schlafzimmer\" \/>27m2<\/div><div class=\"hebergement_info\"><img decoding=\"async\" src=\"https:\/\/www.campinglesoleildor.com\/wp-content\/themes\/Nature%26Residence\/images\/capacite.png\" class=\"no-lazy\" alt=\"capacit\u00e9 Mobilheim Comfort \u2013 2 Schlafzimmer\" \/>4 pers<\/div><div class=\"hebergement_info\"><img decoding=\"async\" src=\"https:\/\/www.campinglesoleildor.com\/wp-content\/themes\/Nature%26Residence\/images\/chambres.png\" class=\"no-lazy\" alt=\"chambres Mobilheim Comfort \u2013 2 Schlafzimmer\" \/>2 Schlafzimmer<\/div><\/div><\/div><\/a><a class=\"hebergement hebergement--init hebergement--style-1 hebergement_link \"id=\"8095\" href=\"https:\/\/www.campinglesoleildor.com\/de\/hebergements\/mobil-home-standard-3-chambres\/\"><div class=\"hebergement_image img-overlay\"><img decoding=\"async\" src=\"https:\/\/www.campinglesoleildor.com\/wp-content\/uploads\/2023\/02\/DJI_20240917175133_0677_D-R-BD-700x525.jpg\" alt=\"\" class=\"heberg_image\" srcset=\"https:\/\/www.campinglesoleildor.com\/wp-content\/uploads\/2023\/02\/DJI_20240917175133_0677_D-R-BD.jpg 2048w, https:\/\/www.campinglesoleildor.com\/wp-content\/uploads\/2023\/02\/DJI_20240917175133_0677_D-R-BD-300x200.jpg 300w, https:\/\/www.campinglesoleildor.com\/wp-content\/uploads\/2023\/02\/DJI_20240917175133_0677_D-R-BD-1024x683.jpg 1024w, https:\/\/www.campinglesoleildor.com\/wp-content\/uploads\/2023\/02\/DJI_20240917175133_0677_D-R-BD-768x512.jpg 768w, https:\/\/www.campinglesoleildor.com\/wp-content\/uploads\/2023\/02\/DJI_20240917175133_0677_D-R-BD-1536x1024.jpg 1536w, https:\/\/www.campinglesoleildor.com\/wp-content\/uploads\/2023\/02\/DJI_20240917175133_0677_D-R-BD-100x67.jpg 100w\"\/><\/div><div class=\"hebergement_content\"><div class=\"hebergement_titre hebergement_titre decoration\">Mobilheim Standard \u2013 3 Schlafzimmer<\/div><div class=\"hebergement_infos\"><div class=\"hebergement_info\"><img decoding=\"async\" src=\"https:\/\/www.campinglesoleildor.com\/wp-content\/themes\/Nature%26Residence\/images\/superficie.png\" class=\"no-lazy\" alt=\"superficie Mobilheim Standard \u2013 3 Schlafzimmer\" \/>28m2<\/div><div class=\"hebergement_info\"><img decoding=\"async\" src=\"https:\/\/www.campinglesoleildor.com\/wp-content\/themes\/Nature%26Residence\/images\/capacite.png\" class=\"no-lazy\" alt=\"capacit\u00e9 Mobilheim Standard \u2013 3 Schlafzimmer\" \/>6 pers<\/div><div class=\"hebergement_info\"><img decoding=\"async\" src=\"https:\/\/www.campinglesoleildor.com\/wp-content\/themes\/Nature%26Residence\/images\/chambres.png\" class=\"no-lazy\" alt=\"chambres Mobilheim Standard \u2013 3 Schlafzimmer\" \/>3 Schlafzimmer<\/div><\/div><\/div><\/a><a class=\"hebergement hebergement--init hebergement--style-1 hebergement_link \"id=\"8083\" href=\"https:\/\/www.campinglesoleildor.com\/de\/hebergements\/mobil-home-standard-2-ch\/\"><div class=\"hebergement_image img-overlay\"><img decoding=\"async\" src=\"https:\/\/www.campinglesoleildor.com\/wp-content\/uploads\/2023\/02\/DJI_20240917160012_0592_D-R-BD-700x525.jpg\" alt=\"\" class=\"heberg_image\" srcset=\"https:\/\/www.campinglesoleildor.com\/wp-content\/uploads\/2023\/02\/DJI_20240917160012_0592_D-R-BD.jpg 2048w, https:\/\/www.campinglesoleildor.com\/wp-content\/uploads\/2023\/02\/DJI_20240917160012_0592_D-R-BD-300x200.jpg 300w, https:\/\/www.campinglesoleildor.com\/wp-content\/uploads\/2023\/02\/DJI_20240917160012_0592_D-R-BD-1024x683.jpg 1024w, https:\/\/www.campinglesoleildor.com\/wp-content\/uploads\/2023\/02\/DJI_20240917160012_0592_D-R-BD-768x512.jpg 768w, https:\/\/www.campinglesoleildor.com\/wp-content\/uploads\/2023\/02\/DJI_20240917160012_0592_D-R-BD-1536x1024.jpg 1536w, https:\/\/www.campinglesoleildor.com\/wp-content\/uploads\/2023\/02\/DJI_20240917160012_0592_D-R-BD-100x67.jpg 100w\"\/><\/div><div class=\"hebergement_content\"><div class=\"hebergement_titre hebergement_titre decoration\">Mobilheim Standard \u2013 2 Schlafzimmer<\/div><div class=\"hebergement_infos\"><div class=\"hebergement_info\"><img decoding=\"async\" src=\"https:\/\/www.campinglesoleildor.com\/wp-content\/themes\/Nature%26Residence\/images\/superficie.png\" class=\"no-lazy\" alt=\"superficie Mobilheim Standard \u2013 2 Schlafzimmer\" \/>28m2<\/div><div class=\"hebergement_info\"><img decoding=\"async\" src=\"https:\/\/www.campinglesoleildor.com\/wp-content\/themes\/Nature%26Residence\/images\/capacite.png\" class=\"no-lazy\" alt=\"capacit\u00e9 Mobilheim Standard \u2013 2 Schlafzimmer\" \/>4 pers<\/div><div class=\"hebergement_info\"><img decoding=\"async\" src=\"https:\/\/www.campinglesoleildor.com\/wp-content\/themes\/Nature%26Residence\/images\/chambres.png\" class=\"no-lazy\" alt=\"chambres Mobilheim Standard \u2013 2 Schlafzimmer\" \/>2 Schlafzimmer<\/div><\/div><\/div><\/a><\/div><button aria-label=\"Previous\" class=\"glider-prev glider-prev-hebergements\"><\/button><button aria-label=\"Next\" class=\"glider-next glider-next-hebergements\"><\/button><\/div><\/div>\n\n<div class=\"boutons-row\"><a class=\"bouton\" href=\"https:\/\/bookingpremium.secureholiday.net\/de\/1629\/\">Buchen Sie Ihren Aufenthalt<\/a><\/div>\n\n<div class=\"text-image-new style1 image-left\"><div class=\"text-image-new-colonne\"><H2 class=\"text-image-new-titre\">Buchen Sie ein Camping-Mobilheim f\u00fcr 2 Personen in der Gironde<\/H2><div class=\"text-image-new-content\"><p>Entscheiden Sie sich f\u00fcr die Vermietung eines Mobilheims in Montalivet auf einem der sch\u00f6nsten Campingpl\u00e4tze in der Gironde! F\u00fcr Paare und Duos bietet Ihr 3-Sterne-Campingplatz direkt am Meer Mobilheime zum besten Preis f\u00fcr einen Aufenthalt am Meer. Das f\u00fcr zwei Personen konzipierte Mobilheim im Lodge-Zeltstil mit Terrasse verf\u00fcgt \u00fcber die gesamte Ausstattung und den Komfort, den Sie f\u00fcr einen erholsamen Urlaub im Freien so nah wie m\u00f6glich an der Natur und dem Meer ben\u00f6tigen: ein Schlafzimmer mit 160 Betten, 1 K\u00fcchenbereich, 1 Badezimmer mit WC und 1 Terrasse, um die Sonne zu genie\u00dfen. Entdecken Sie im Detail Ihr Mobilheim f\u00fcr zwei Personen mit Meerblick! Schauen Sie sich das Mietblatt f\u00fcr 1 Schlafzimmer an, um alle Eigenschaften und die Meinungen unserer Kunden sowie den sehr attraktiven Preis anzuzeigen.<\/p>\n<\/div><p class=\"lire-plus\">Mehr lesen<\/p><div class=\"text-image-new-content-more hide\"><p>Bevorzugen Sie ein ger\u00e4umigeres Mobilheim, um Ihre Sommern\u00e4chte im Herzen des M\u00e9doc in der Region Nouvelle-Aquitaine zu verbringen? Entscheiden Sie sich f\u00fcr die Vermietung eines Mobilheims in Montalivet f\u00fcr 3 bis 4 Personen zum besten Preis in Strandn\u00e4he. Mit einem zus\u00e4tzlichen Schlafzimmer bietet Ihnen dieses Mobilheim zu zweit einen noch komfortableren Wohnraum. Ideal f\u00fcr Urlauberpaare, jede Person hat ihr eigenes Zimmer. Entdecken Sie im Detail das Mobilheim Grand Confort mit 2 Schlafzimmern und das Mobilheim Premium mit 2 Schlafzimmern sowie die verschiedenen Bewertungen unserer Kunden.<\/p>\n<p>Wenn Sie ein Mobilheim in Montalivet in der Gironde f\u00fcr eine Woche auf unserem Campingplatz in Strandn\u00e4he mieten, haben Sie Zugang zu allen angebotenen Unterhaltungs- und Aktivit\u00e4tenangeboten. Bleiben Sie in Kontakt und profitieren Sie von Angeboten und den besten Last-Minute-Preisen f\u00fcr die Vermietung von Mobilheimen f\u00fcr 2 bis 4 Personen auf dem Campingplatz Le Soleil d&#8217;Or in Vendays-Montalivet in der Gironde.<\/p>\n<\/div><p class=\"lire-moins hide\">Lese weniger<\/p><\/div><div class=\"text-image-new-colonne\"><img decoding=\"async\" src=\"https:\/\/www.campinglesoleildor.com\/wp-content\/uploads\/2023\/02\/Mh-premium-3ch-2-W.jpg\" alt=\"Vermietung von Mobilheimen in der Gironde\" class=\"text-image-new-thumb\" \/><\/div><\/div>\n\n<div class=\"text-image-new style1 image-right background-marron\"><div class=\"text-image-new-colonne\"><H2 class=\"text-image-new-titre\">Buchen Sie ein Familienmobilheim im M\u00e9doc<\/H2><div class=\"text-image-new-content\"><p>Suchen Sie eine Mobilheimvermietung in Montalivet f\u00fcr die ganze Familie, um einen unvergesslichen Urlaub in der Gironde in Strandn\u00e4he zu verbringen? Auf dem Campingplatz Le Soleil d&#8217;Or in Vendays-Montalivet bei Soulac finden Sie das ideale Mobilheimmodell f\u00fcr einen gelungenen Aufenthalt in Strandn\u00e4he mit Ihren Kindern.<\/p>\n<p>Unser 3-Sterne-Campingplatz verf\u00fcgt \u00fcber alle Vorz\u00fcge f\u00fcr die ganze Familie: einen Spielplatz, eine H\u00fctte und eine Rutsche, einen P\u00e9tanque- und Heimballplatz, eine Tischtennisplatte, Tischfu\u00dfball, Billard, Brettspiele und Spiele im Freien. Unser Team steht Ihnen gerne mit zahlreichen Informationen \u00fcber die Umgebung des Campingplatzes zur Verf\u00fcgung.<\/p>\n<\/div><p class=\"lire-plus\">Mehr lesen<\/p><div class=\"text-image-new-content-more hide\"><p>Wenn Sie sich f\u00fcr die Miete eines Mobilheims mit 3 Schlafzimmern und Bad in Montalivet entscheiden, ist Ihnen ein komfortabler Aufenthalt in einer gr\u00fcnen Umgebung in Strandn\u00e4he garantiert. Das Mobilheim Grand Confort und das Mobilheim Premium bieten hochwertige Dienstleistungen wie ein 160-cm-Bett und eine \u00fcberdachte oder halb\u00fcberdachte Terrasse: Genie\u00dfen Sie Familienessen unter der Sonne der Gironde. Sie haben auch einen K\u00fchl-\/Gefrierschrank, der f\u00fcr die Erfrischung mit einem guten Eis jederzeit unerl\u00e4sslich ist! Jedes Mobilheim f\u00fcr Familien auf dem 3-Sterne-Campingplatz Le Soleil d&#8217;Or ist hell, mit einer m\u00f6blierten Terrasse ausgestattet und liegt nur einen Steinwurf vom Strand des Badeortes Vendays-Montalivet entfernt. Was gibt es Sch\u00f6neres, um neue Energie zu tanken, als einen Campingurlaub in einem Mobilheim in Montalivet in der Gironde? Und wenn Sie \u00fcberzeugt sind, k\u00f6nnen Sie auf unserem Campingplatz ein Mobilheim in der Gironde kaufen.<\/p>\n<\/div><p class=\"lire-moins hide\">Lese weniger<\/p><\/div><div class=\"text-image-new-colonne\"><img decoding=\"async\" src=\"https:\/\/www.campinglesoleildor.com\/wp-content\/uploads\/2024\/04\/interieur-mh.jpg\" alt=\"Vermietung von Mobilheimen f\u00fcr gro\u00dfe Familien auf einem 3-Sterne-Campingplatz in Montalivet\" class=\"text-image-new-thumb\" \/><\/div><\/div>\n\n<div class=\"pt-4 pb-1\"><div class=\"titre-block\"><h2 class=\"titre center\">Du hast Fragen ?<\/h2><\/div><\/div>\n\n<div class=\"section-contact pb-5 pt-5\"><div class=\"contact-left\"><div class=\"formulaire-de-contact\"><p class=\"h3\">Kontaktiere uns!<\/p>\n<div class=\"wpcf7 no-js\" id=\"wpcf7-f7181-o1\" lang=\"de-DE\" dir=\"ltr\" data-wpcf7-id=\"7181\">\n<div class=\"screen-reader-response\"><p role=\"status\" aria-live=\"polite\" aria-atomic=\"true\"><\/p> <ul><\/ul><\/div>\n<form action=\"\/de\/wp-json\/wp\/v2\/pages\/7363#wpcf7-f7181-o1\" method=\"post\" class=\"wpcf7-form init\" aria-label=\"Kontaktformular\" novalidate=\"novalidate\" data-status=\"init\">\n<fieldset class=\"hidden-fields-container\"><input type=\"hidden\" name=\"_wpcf7\" value=\"7181\" \/><input type=\"hidden\" name=\"_wpcf7_version\" value=\"6.1.5\" \/><input type=\"hidden\" name=\"_wpcf7_locale\" value=\"de_DE\" \/><input type=\"hidden\" name=\"_wpcf7_unit_tag\" value=\"wpcf7-f7181-o1\" \/><input type=\"hidden\" name=\"_wpcf7_container_post\" value=\"0\" \/><input type=\"hidden\" name=\"_wpcf7_posted_data_hash\" value=\"\" \/><input type=\"hidden\" name=\"_wpcf7_recaptcha_response\" value=\"\" \/>\n<\/fieldset>\n<p><label> Ihr Name <span class=\"required\">*<\/span><br \/>\n<span class=\"wpcf7-form-control-wrap\" data-name=\"your-name\"><input size=\"40\" maxlength=\"400\" class=\"wpcf7-form-control wpcf7-text wpcf7-validates-as-required\" aria-required=\"true\" aria-invalid=\"false\" value=\"\" type=\"text\" name=\"your-name\" \/><\/span> <\/label>\n<\/p>\n<p><label> Ihre E-Mail <span class=\"required\">*<\/span><br \/>\n<span class=\"wpcf7-form-control-wrap\" data-name=\"your-email\"><input size=\"40\" maxlength=\"400\" class=\"wpcf7-form-control wpcf7-email wpcf7-validates-as-required wpcf7-text wpcf7-validates-as-email\" aria-required=\"true\" aria-invalid=\"false\" value=\"\" type=\"email\" name=\"your-email\" \/><\/span> <\/label>\n<\/p>\n<p><label> Ihre Postleitzahl <span class=\"required\">*<\/span><br \/>\n<span class=\"wpcf7-form-control-wrap\" data-name=\"code-postal\"><input size=\"40\" maxlength=\"400\" class=\"wpcf7-form-control wpcf7-text wpcf7-validates-as-required\" aria-required=\"true\" aria-invalid=\"false\" value=\"\" type=\"text\" name=\"code-postal\" \/><\/span> <\/label>\n<\/p>\n<p><label> Betreff<br \/>\n<span class=\"wpcf7-form-control-wrap\" data-name=\"your-subject\"><input size=\"40\" maxlength=\"400\" class=\"wpcf7-form-control wpcf7-text\" aria-invalid=\"false\" value=\"\" type=\"text\" name=\"your-subject\" \/><\/span> <\/label>\n<\/p>\n<p><label> Ihre Nachricht <span class=\"required\">*<\/span><br \/>\n<span class=\"wpcf7-form-control-wrap\" data-name=\"your-message\"><textarea cols=\"40\" rows=\"10\" maxlength=\"2000\" class=\"wpcf7-form-control wpcf7-textarea\" aria-invalid=\"false\" name=\"your-message\"><\/textarea><\/span> <\/label>\n<\/p>\n<p><label> Wie haben Sie von uns erfahren? <span class=\"required\">*<\/span><br \/>\n<span class=\"wpcf7-form-control-wrap\" data-name=\"source\"><select class=\"wpcf7-form-control wpcf7-select wpcf7-validates-as-required\" aria-required=\"true\" aria-invalid=\"false\" name=\"source\"><option value=\"\"><\/option><option value=\"SUCHMASCHINE\">SUCHMASCHINE<\/option><option value=\"ANZEIGE\">ANZEIGE<\/option><option value=\"MUNDPROPAGANDA\">MUNDPROPAGANDA<\/option><option value=\"SOZIALE MEDIEN\">SOZIALE MEDIEN<\/option><option value=\"YOUTUBE\">YOUTUBE<\/option><option value=\"TV \/ REPLAY\">TV \/ REPLAY<\/option><option value=\"PRESSE \/ MAGAZIN\">PRESSE \/ MAGAZIN<\/option><option value=\"SCHILD\">SCHILD<\/option><option value=\"SONSTIGES\">SONSTIGES<\/option><\/select><\/span> <\/label>\n<\/p>\n<p><span class=\"wpcf7-form-control-wrap\" data-name=\"acceptance-553\"><span class=\"wpcf7-form-control wpcf7-acceptance\"><span class=\"wpcf7-list-item\"><label><input type=\"checkbox\" name=\"acceptance-553\" value=\"1\" aria-invalid=\"false\" \/><span class=\"wpcf7-list-item-label\">Durch das Ankreuzen dieses K\u00e4stchens akzeptiere ich die <a href=\"\/datenschutzerklaerung\/\" rel=\"nofollow\" target=\"_blank\">Datenschutzerkl\u00e4rung<\/a> dieser Website.<\/span><\/label><\/span><\/span><\/span>\n<\/p>\n<p><input class=\"wpcf7-form-control wpcf7-submit has-spinner\" type=\"submit\" value=\"Senden\" \/>\n<\/p><div class=\"wpcf7-response-output\" aria-hidden=\"true\"><\/div>\n<\/form>\n<\/div>\n<\/div><\/div><div class=\"contact-right\"><div class=\"coord-col\"><p class=\"h4\">Unsere Kontaktdaten<\/p><span class=\"coord-line\"><div class=\"icon\"><svg width=\"22\" height=\"28\" viewBox=\"0 0 15 21\" fill=\"none\" xmlns=\"http:\/\/www.w3.org\/2000\/svg\"><path d=\"M6.5 9.04883C7.10156 9.04883 7.61426 8.83691 8.03809 8.41309C8.46191 7.98926 8.67383 7.47656 8.67383 6.875C8.67383 6.27344 8.46191 5.76074 8.03809 5.33691C7.61426 4.91309 7.10156 4.70117 6.5 4.70117C5.89844 4.70117 5.38574 4.91309 4.96191 5.33691C4.53809 5.76074 4.32617 6.27344 4.32617 6.875C4.32617 7.47656 4.53809 7.98926 4.96191 8.41309C5.38574 8.83691 5.89844 9.04883 6.5 9.04883ZM6.5 0.763672C8.19531 0.763672 9.6377 1.3584 10.8271 2.54785C12.0166 3.7373 12.6113 5.17969 12.6113 6.875C12.6113 7.72266 12.3994 8.69336 11.9756 9.78711C11.5518 10.8809 11.0391 11.9062 10.4375 12.8633C9.83594 13.8203 9.24121 14.7158 8.65332 15.5498C8.06543 16.3838 7.56641 17.0469 7.15625 17.5391L6.5 18.2363C6.33594 18.0449 6.11719 17.792 5.84375 17.4775C5.57031 17.1631 5.07812 16.5342 4.36719 15.5908C3.65625 14.6475 3.03418 13.7314 2.50098 12.8428C1.96777 11.9541 1.48242 10.9492 1.04492 9.82812C0.607422 8.70703 0.388672 7.72266 0.388672 6.875C0.388672 5.17969 0.983398 3.7373 2.17285 2.54785C3.3623 1.3584 4.80469 0.763672 6.5 0.763672Z\" fill=\"#F76D00\"\/><\/svg><\/div>32 bis Boulevard du Front de mer, 33930 Vendays-Montalivet<\/span><span class=\"coord-line\"><div class=\"icon\"><svg width=\"25\" height=\"22\" viewBox=\"0 0 20 17\" fill=\"none\" xmlns=\"http:\/\/www.w3.org\/2000\/svg\"><path d=\"M3.91016 7.70012C5.53516 10.2398 7.92188 12.165 11.0703 13.4758L13.457 11.5506C13.7956 11.2775 14.168 11.2092 14.5742 11.3458C15.793 11.6735 17.0794 11.8373 18.4336 11.8373C18.7383 11.8373 18.9922 11.9192 19.1953 12.0831C19.3984 12.2469 19.5 12.4517 19.5 12.6975V15.7697C19.5 16.0154 19.3984 16.2203 19.1953 16.3841C18.9922 16.548 18.7383 16.6299 18.4336 16.6299C13.3555 16.6299 9.01367 15.1757 5.4082 12.2674C1.80273 9.35909 0 5.85682 0 1.7606C0 1.51482 0.101562 1.31001 0.304688 1.14616C0.507812 0.982315 0.761719 0.900391 1.06641 0.900391H4.875C5.17969 0.900391 5.43359 0.982315 5.63672 1.14616C5.83984 1.31001 5.94141 1.51482 5.94141 1.7606C5.94141 2.85292 6.14453 3.89063 6.55078 4.87373C6.6862 5.22873 6.60156 5.52912 6.29688 5.77489L3.91016 7.70012Z\" fill=\"#F76D00\"\/><\/svg><\/div><a href=\"tel:+33556093137\">+33556093137<\/a><\/span><\/div><div class=\"coord-col\"><p class=\"h4\">Er\u00f6ffnungstermine<\/p><span class=\"coord-line\"><div class=\"icon\"><svg width=\"22\" height=\"22\" viewBox=\"0 0 19 19\" fill=\"none\" xmlns=\"http:\/\/www.w3.org\/2000\/svg\"><path d=\"M9.95117 5.11133V9.70508L13.8887 12.043L13.2324 13.1504L8.63867 10.3613V5.11133H9.95117ZM9.5 16.5137C11.4141 16.5137 13.0615 15.8232 14.4424 14.4424C15.8232 13.0615 16.5137 11.4141 16.5137 9.5C16.5137 7.58594 15.8232 5.93848 14.4424 4.55762C13.0615 3.17676 11.4141 2.48633 9.5 2.48633C7.58594 2.48633 5.93848 3.17676 4.55762 4.55762C3.17676 5.93848 2.48633 7.58594 2.48633 9.5C2.48633 11.4141 3.17676 13.0615 4.55762 14.4424C5.93848 15.8232 7.58594 16.5137 9.5 16.5137ZM9.5 0.763672C11.9062 0.763672 13.9639 1.61816 15.6729 3.32715C17.3818 5.03613 18.2363 7.09375 18.2363 9.5C18.2363 11.9062 17.3818 13.9639 15.6729 15.6729C13.9639 17.3818 11.9062 18.2363 9.5 18.2363C7.09375 18.2363 5.03613 17.3818 3.32715 15.6729C1.61816 13.9639 0.763672 11.9062 0.763672 9.5C0.763672 7.09375 1.61816 5.03613 3.32715 3.32715C5.03613 1.61816 7.09375 0.763672 9.5 0.763672Z\" fill=\"#F76D00\"\/><\/svg><\/div><div class=\"ouverture\">Vom 3. April 2026 bis zum 2. November 2026<\/div>\n<\/span><\/div><iframe src=\"https:\/\/www.google.com\/maps\/embed?pb=!1m18!1m12!1m3!1d2802.3882826893155!2d-1.1600380841824003!3d45.38133774698914!2m3!1f0!2f0!3f0!3m2!1i1024!2i768!4f13.1!3m3!1m2!1s0x4801894ef08ac57d%3A0xa42891c2820da2e6!2sCamping%20Le%20Soleil%20d'Or!5e0!3m2!1sfr!2sfr!4v1678096424252!5m2!1sfr!2sfr\" width=\"100%\" height=\"380\" style=\"border:0;\" allowfullscreen=\"\" loading=\"lazy\" referrerpolicy=\"no-referrer-when-downgrade\"><\/iframe><\/div><\/div>","protected":false},"excerpt":{"rendered":"","protected":false},"author":1,"featured_media":7364,"parent":0,"menu_order":0,"comment_status":"closed","ping_status":"closed","template":"","meta":{"_acf_changed":false,"footnotes":""},"class_list":["post-7363","page","type-page","status-publish","has-post-thumbnail","hentry"],"acf":[],"yoast_head":"<!-- This site is optimized with the Yoast SEO plugin v27.5 - https:\/\/yoast.com\/product\/yoast-seo-wordpress\/ -->\n<title>Mobilheimvermietung in Montalivet - Camping Soleil d\u2019Or<\/title>\n<meta name=\"description\" content=\"Mieten Sie ein Mobilheim auf unserem Campingplatz Soleil d&#039;Or in Vendays-Montalivet, einem Campingplatz, der die ganze Familie in den Ferien willkommen hei\u00dft!\" \/>\n<meta name=\"robots\" content=\"index, follow, max-snippet:-1, max-image-preview:large, max-video-preview:-1\" \/>\n<link rel=\"canonical\" href=\"https:\/\/www.campinglesoleildor.com\/de\/vermietung-mobilheim-montalivet\/\" \/>\n<meta property=\"og:locale\" content=\"de_DE\" \/>\n<meta property=\"og:type\" content=\"article\" \/>\n<meta property=\"og:title\" content=\"Mobilheimvermietung in Montalivet - Camping Soleil d\u2019Or\" \/>\n<meta property=\"og:description\" content=\"Mieten Sie ein Mobilheim auf unserem Campingplatz Soleil d&#039;Or in Vendays-Montalivet, einem Campingplatz, der die ganze Familie in den Ferien willkommen hei\u00dft!\" \/>\n<meta property=\"og:url\" content=\"https:\/\/www.campinglesoleildor.com\/de\/vermietung-mobilheim-montalivet\/\" \/>\n<meta property=\"og:site_name\" content=\"Camping le soleil d&#039;or\" \/>\n<meta property=\"article:modified_time\" content=\"2024-07-03T07:13:40+00:00\" \/>\n<meta property=\"og:image\" content=\"https:\/\/www.campinglesoleildor.com\/wp-content\/uploads\/2022\/11\/RESERVATION-MH-1-scaled.jpg\" \/>\n\t<meta property=\"og:image:width\" content=\"2560\" \/>\n\t<meta property=\"og:image:height\" content=\"1493\" \/>\n\t<meta property=\"og:image:type\" content=\"image\/jpeg\" \/>\n<meta name=\"twitter:card\" content=\"summary_large_image\" \/>\n<meta name=\"twitter:label1\" content=\"Gesch\u00e4tzte Lesezeit\" \/>\n\t<meta name=\"twitter:data1\" content=\"1\u00a0Minute\" \/>\n<script type=\"application\/ld+json\" class=\"yoast-schema-graph\">{\"@context\":\"https:\\\/\\\/schema.org\",\"@graph\":[{\"@type\":\"WebPage\",\"@id\":\"https:\\\/\\\/www.campinglesoleildor.com\\\/de\\\/vermietung-mobilheim-montalivet\\\/\",\"url\":\"https:\\\/\\\/www.campinglesoleildor.com\\\/de\\\/vermietung-mobilheim-montalivet\\\/\",\"name\":\"Mobilheimvermietung in Montalivet - Camping Soleil d\u2019Or\",\"isPartOf\":{\"@id\":\"https:\\\/\\\/www.campinglesoleildor.com\\\/de\\\/#website\"},\"primaryImageOfPage\":{\"@id\":\"https:\\\/\\\/www.campinglesoleildor.com\\\/de\\\/vermietung-mobilheim-montalivet\\\/#primaryimage\"},\"image\":{\"@id\":\"https:\\\/\\\/www.campinglesoleildor.com\\\/de\\\/vermietung-mobilheim-montalivet\\\/#primaryimage\"},\"thumbnailUrl\":\"https:\\\/\\\/www.campinglesoleildor.com\\\/wp-content\\\/uploads\\\/2022\\\/11\\\/RESERVATION-MH-1-scaled.jpg\",\"datePublished\":\"2021-11-29T15:50:10+00:00\",\"dateModified\":\"2024-07-03T07:13:40+00:00\",\"description\":\"Mieten Sie ein Mobilheim auf unserem Campingplatz Soleil d'Or in Vendays-Montalivet, einem Campingplatz, der die ganze Familie in den Ferien willkommen hei\u00dft!\",\"breadcrumb\":{\"@id\":\"https:\\\/\\\/www.campinglesoleildor.com\\\/de\\\/vermietung-mobilheim-montalivet\\\/#breadcrumb\"},\"inLanguage\":\"de\",\"potentialAction\":[{\"@type\":\"ReadAction\",\"target\":[\"https:\\\/\\\/www.campinglesoleildor.com\\\/de\\\/vermietung-mobilheim-montalivet\\\/\"]}]},{\"@type\":\"ImageObject\",\"inLanguage\":\"de\",\"@id\":\"https:\\\/\\\/www.campinglesoleildor.com\\\/de\\\/vermietung-mobilheim-montalivet\\\/#primaryimage\",\"url\":\"https:\\\/\\\/www.campinglesoleildor.com\\\/wp-content\\\/uploads\\\/2022\\\/11\\\/RESERVATION-MH-1-scaled.jpg\",\"contentUrl\":\"https:\\\/\\\/www.campinglesoleildor.com\\\/wp-content\\\/uploads\\\/2022\\\/11\\\/RESERVATION-MH-1-scaled.jpg\",\"width\":2560,\"height\":1493},{\"@type\":\"BreadcrumbList\",\"@id\":\"https:\\\/\\\/www.campinglesoleildor.com\\\/de\\\/vermietung-mobilheim-montalivet\\\/#breadcrumb\",\"itemListElement\":[{\"@type\":\"ListItem\",\"position\":1,\"name\":\"Camping Montalivet\",\"item\":\"https:\\\/\\\/www.campinglesoleildor.com\\\/de\\\/\"},{\"@type\":\"ListItem\",\"position\":2,\"name\":\"Vermietung von Mobilheimen in Montalivet\"}]},{\"@type\":\"WebSite\",\"@id\":\"https:\\\/\\\/www.campinglesoleildor.com\\\/de\\\/#website\",\"url\":\"https:\\\/\\\/www.campinglesoleildor.com\\\/de\\\/\",\"name\":\"Camping le soleil d&#039;or\",\"description\":\"\",\"potentialAction\":[{\"@type\":\"SearchAction\",\"target\":{\"@type\":\"EntryPoint\",\"urlTemplate\":\"https:\\\/\\\/www.campinglesoleildor.com\\\/de\\\/?s={search_term_string}\"},\"query-input\":{\"@type\":\"PropertyValueSpecification\",\"valueRequired\":true,\"valueName\":\"search_term_string\"}}],\"inLanguage\":\"de\"}]}<\/script>\n<!-- \/ Yoast SEO plugin. -->","yoast_head_json":{"title":"Mobilheimvermietung in Montalivet - Camping Soleil d\u2019Or","description":"Mieten Sie ein Mobilheim auf unserem Campingplatz Soleil d'Or in Vendays-Montalivet, einem Campingplatz, der die ganze Familie in den Ferien willkommen hei\u00dft!","robots":{"index":"index","follow":"follow","max-snippet":"max-snippet:-1","max-image-preview":"max-image-preview:large","max-video-preview":"max-video-preview:-1"},"canonical":"https:\/\/www.campinglesoleildor.com\/de\/vermietung-mobilheim-montalivet\/","og_locale":"de_DE","og_type":"article","og_title":"Mobilheimvermietung in Montalivet - Camping Soleil d\u2019Or","og_description":"Mieten Sie ein Mobilheim auf unserem Campingplatz Soleil d'Or in Vendays-Montalivet, einem Campingplatz, der die ganze Familie in den Ferien willkommen hei\u00dft!","og_url":"https:\/\/www.campinglesoleildor.com\/de\/vermietung-mobilheim-montalivet\/","og_site_name":"Camping le soleil d&#039;or","article_modified_time":"2024-07-03T07:13:40+00:00","og_image":[{"width":2560,"height":1493,"url":"https:\/\/www.campinglesoleildor.com\/wp-content\/uploads\/2022\/11\/RESERVATION-MH-1-scaled.jpg","type":"image\/jpeg"}],"twitter_card":"summary_large_image","twitter_misc":{"Gesch\u00e4tzte Lesezeit":"1\u00a0Minute"},"schema":{"@context":"https:\/\/schema.org","@graph":[{"@type":"WebPage","@id":"https:\/\/www.campinglesoleildor.com\/de\/vermietung-mobilheim-montalivet\/","url":"https:\/\/www.campinglesoleildor.com\/de\/vermietung-mobilheim-montalivet\/","name":"Mobilheimvermietung in Montalivet - Camping Soleil d\u2019Or","isPartOf":{"@id":"https:\/\/www.campinglesoleildor.com\/de\/#website"},"primaryImageOfPage":{"@id":"https:\/\/www.campinglesoleildor.com\/de\/vermietung-mobilheim-montalivet\/#primaryimage"},"image":{"@id":"https:\/\/www.campinglesoleildor.com\/de\/vermietung-mobilheim-montalivet\/#primaryimage"},"thumbnailUrl":"https:\/\/www.campinglesoleildor.com\/wp-content\/uploads\/2022\/11\/RESERVATION-MH-1-scaled.jpg","datePublished":"2021-11-29T15:50:10+00:00","dateModified":"2024-07-03T07:13:40+00:00","description":"Mieten Sie ein Mobilheim auf unserem Campingplatz Soleil d'Or in Vendays-Montalivet, einem Campingplatz, der die ganze Familie in den Ferien willkommen hei\u00dft!","breadcrumb":{"@id":"https:\/\/www.campinglesoleildor.com\/de\/vermietung-mobilheim-montalivet\/#breadcrumb"},"inLanguage":"de","potentialAction":[{"@type":"ReadAction","target":["https:\/\/www.campinglesoleildor.com\/de\/vermietung-mobilheim-montalivet\/"]}]},{"@type":"ImageObject","inLanguage":"de","@id":"https:\/\/www.campinglesoleildor.com\/de\/vermietung-mobilheim-montalivet\/#primaryimage","url":"https:\/\/www.campinglesoleildor.com\/wp-content\/uploads\/2022\/11\/RESERVATION-MH-1-scaled.jpg","contentUrl":"https:\/\/www.campinglesoleildor.com\/wp-content\/uploads\/2022\/11\/RESERVATION-MH-1-scaled.jpg","width":2560,"height":1493},{"@type":"BreadcrumbList","@id":"https:\/\/www.campinglesoleildor.com\/de\/vermietung-mobilheim-montalivet\/#breadcrumb","itemListElement":[{"@type":"ListItem","position":1,"name":"Camping Montalivet","item":"https:\/\/www.campinglesoleildor.com\/de\/"},{"@type":"ListItem","position":2,"name":"Vermietung von Mobilheimen in Montalivet"}]},{"@type":"WebSite","@id":"https:\/\/www.campinglesoleildor.com\/de\/#website","url":"https:\/\/www.campinglesoleildor.com\/de\/","name":"Camping le soleil d&#039;or","description":"","potentialAction":[{"@type":"SearchAction","target":{"@type":"EntryPoint","urlTemplate":"https:\/\/www.campinglesoleildor.com\/de\/?s={search_term_string}"},"query-input":{"@type":"PropertyValueSpecification","valueRequired":true,"valueName":"search_term_string"}}],"inLanguage":"de"}]}},"_links":{"self":[{"href":"https:\/\/www.campinglesoleildor.com\/de\/wp-json\/wp\/v2\/pages\/7363","targetHints":{"allow":["GET"]}}],"collection":[{"href":"https:\/\/www.campinglesoleildor.com\/de\/wp-json\/wp\/v2\/pages"}],"about":[{"href":"https:\/\/www.campinglesoleildor.com\/de\/wp-json\/wp\/v2\/types\/page"}],"author":[{"embeddable":true,"href":"https:\/\/www.campinglesoleildor.com\/de\/wp-json\/wp\/v2\/users\/1"}],"replies":[{"embeddable":true,"href":"https:\/\/www.campinglesoleildor.com\/de\/wp-json\/wp\/v2\/comments?post=7363"}],"version-history":[{"count":5,"href":"https:\/\/www.campinglesoleildor.com\/de\/wp-json\/wp\/v2\/pages\/7363\/revisions"}],"predecessor-version":[{"id":9857,"href":"https:\/\/www.campinglesoleildor.com\/de\/wp-json\/wp\/v2\/pages\/7363\/revisions\/9857"}],"wp:featuredmedia":[{"embeddable":true,"href":"https:\/\/www.campinglesoleildor.com\/de\/wp-json\/wp\/v2\/media\/7364"}],"wp:attachment":[{"href":"https:\/\/www.campinglesoleildor.com\/de\/wp-json\/wp\/v2\/media?parent=7363"}],"curies":[{"name":"wp","href":"https:\/\/api.w.org\/{rel}","templated":true}]}}